{"id":14881,"date":"2014-05-23T09:33:31","date_gmt":"2014-05-23T09:33:31","guid":{"rendered":"http:\/\/demo.qodeinteractive.com\/bridge8\/?page_id=14881"},"modified":"2022-07-03T14:12:09","modified_gmt":"2022-07-03T14:12:09","slug":"home","status":"publish","type":"page","link":"https:\/\/asociacionderechoymoda.com\/pt\/","title":{"rendered":"Home"},"content":{"rendered":"<div      class=\"vc_row wpb_row section vc_row-fluid\" style='background-color:#ffc600; text-align:left;'><div class=\"full_section_inner clearfix\"><div class=\"element_from_left\"><div style='transition-delay:2ms; -webkit-animation-delay:2ms; animation-delay:2ms;'><div class=\"wpb_column vc_column_container vc_col-sm-12\"><div class=\"vc_column-inner\"><div class=\"wpb_wrapper\"><div      class=\"vc_row wpb_row section vc_row-fluid vc_inner  grid_section\" style=' text-align:left;'><div class=\"section_inner clearfix\"><div class='section_inner_margin clearfix'><div class=\"wpb_column vc_column_container vc_col-sm-12\"><div class=\"vc_column-inner\"><div class=\"wpb_wrapper\">\t<div class=\"vc_empty_space\"  style=\"height: 80px\" ><span\n\t\t\tclass=\"vc_empty_space_inner\">\n\t\t\t<span class=\"empty_space_image\"  ><\/span>\n\t\t<\/span><\/div>\n\n\n\t<div class=\"wpb_text_column wpb_content_element\">\n\t\t<div class=\"wpb_wrapper\">\n\t\t\t<h3 class=\"custom_font_holder\">ASOCIACI\u00d3N DE DERECHO DE LA MODA \u2013 ASSOCIA\u00c7\u00c3O DIREITO DA MODA<\/h3>\n\n\t\t<\/div> \n\t<\/div> <h2 class=\"tte_wrapper\" data-effect=\"typing\" data-delay=\"2000\" data-speed=\"slow\" char-color=\"#b7b7b7\" style=\"color: #dd3333; font-size: 25px; text-align: left\"><span class=\"tte_before\">Industria de la Moda de<\/span><span class=\"tte_mid\" data-text=\"Espa\u00f1a,Portugal,Andorra,Peru,Chile\" style=\"opacity: 0; ;color: #dd3333; \">Espa\u00f1a<\/span><span class=\"tte_after\"><\/span><\/h2>\t<div class=\"vc_empty_space\"  style=\"height: 80px\" ><span\n\t\t\tclass=\"vc_empty_space_inner\">\n\t\t\t<span class=\"empty_space_image\"  ><\/span>\n\t\t<\/span><\/div>\n\n<\/div><\/div><\/div><\/div><\/div><\/div><\/div><\/div><\/div><\/div><\/div><\/div><\/div><div      class=\"vc_row wpb_row section vc_row-fluid  grid_section\" style='background-color:#f8f8f8; padding-top:71px; padding-bottom:70px; text-align:left;'><div class=\"section_inner clearfix\"><div class='section_inner_margin clearfix'><div class=\"element_from_left\"><div style='transition-delay:2ms; -webkit-animation-delay:2ms; animation-delay:2ms;'><div class=\"wpb_column vc_column_container vc_col-sm-12\"><div class=\"vc_column-inner\"><div class=\"wpb_wrapper\">\n\t<div class=\"wpb_text_column wpb_content_element\">\n\t\t<div class=\"wpb_wrapper\">\n\t\t\t<h2 style=\"text-align: center;\">\u00bfQU\u00c9 ES LA AEDM?<\/h2>\n\n\t\t<\/div> \n\t<\/div> <div class=\"separator  small center\" style=\"margin-top: 24px;margin-bottom: 61px;\"><\/div>\n<div      class=\"vc_row wpb_row section vc_row-fluid vc_inner  grid_section\" style=' text-align:center;'><div class=\"section_inner clearfix\"><div class='section_inner_margin clearfix'><div class=\"wpb_column vc_column_container vc_col-sm-12\"><div class=\"vc_column-inner\"><div class=\"wpb_wrapper\">\n\t<div class=\"wpb_text_column wpb_content_element\">\n\t\t<div class=\"wpb_wrapper\">\n\t\t\t<p><strong>La moda y el sector de la belleza son sectores econ\u00f3micos que mueven millones de euros a nivel mundial<\/strong>, que\u00a0enfrentan\u00a0desaf\u00edos que van m\u00e1s all\u00e1 de la protecci\u00f3n de sus dise\u00f1os y la marca, por\u00a0ese\u00a0motivo y\u00a0cada vez m\u00e1s, exigen a\u00a0profesionales altamente\u00a0especializados\u00a0que conozcan los sectores, los actores y\u00a0el funcionamiento del negocio y de la cadena, desde su origen hasta el punto de venta.<\/p>\n<p>&nbsp;<\/p>\n<p><b>Con este objetivo nace la Asociaci\u00f3n de Expertos en Derecho de la Moda (en siglas AEDM) apoyada por la industria de la Moda de Espa\u00f1a, Chile,\u00a0 Per\u00fa y de Portugal.<\/b><\/p>\n\n\t\t<\/div> \n\t<\/div> \t<div class=\"vc_empty_space\"  style=\"height: 30px\" ><span\n\t\t\tclass=\"vc_empty_space_inner\">\n\t\t\t<span class=\"empty_space_image\"  ><\/span>\n\t\t<\/span><\/div>\n\n<\/div><\/div><\/div><\/div><\/div><\/div><\/div><\/div><\/div><\/div><\/div><\/div><\/div><\/div><section      data-speed=\"1\" class=\"parallax_section_holder\" style = \" height:469px; background-image:url('https:\/\/asociacionderechoymoda.com\/wp-content\/uploads\/2014\/05\/parallax_02.jpg');\"><div class=\"parallax_content left\"><div class='parallax_section_inner_margin clearfix'><div class=\"wpb_column vc_column_container vc_col-sm-12\"><div class=\"vc_column-inner\"><div class=\"wpb_wrapper\"><div class=\"separator  transparent\" style=\"margin-top: 110px;margin-bottom: 0px;\"><\/div>\n<div      class=\"vc_row wpb_row section vc_row-fluid vc_inner\" style=' text-align:left;'><div class=\"full_section_inner clearfix\"><div class=\"element_from_right\"><div style='transition-delay:2ms; -webkit-animation-delay:2ms; animation-delay:2ms;'><div class=\"wpb_column vc_column_container vc_col-sm-6\"><div class=\"vc_column-inner\"><div class=\"wpb_wrapper\"><\/div><\/div><\/div><div class=\"wpb_column vc_column_container vc_col-sm-6\"><div class=\"vc_column-inner\"><div class=\"wpb_wrapper\">\n\t<div class=\"wpb_text_column wpb_content_element\">\n\t\t<div class=\"wpb_wrapper\">\n\t\t\t<h2 style=\"text-align: left;\"><span style=\"color: #ffffff;\">ASOCIACI\u00d3N ESPA\u00d1OLA DE DERECHO &amp; MODA <\/span><\/h2>\n\n\t\t<\/div> \n\t<\/div> <div class=\"separator  small left\" style=\"margin-top: 19px;margin-bottom: 30px;background-color: #ffffff;\"><\/div>\n\n\t<div class=\"wpb_text_column wpb_content_element\">\n\t\t<div class=\"wpb_wrapper\">\n\t\t\t<p style=\"text-align: justify;\"><span style=\"color: #ffffff;\">Es una Asociaci\u00f3n abierta a las propuestas que realicen sus miembros y que sirve de enlace entre los profesionales jur\u00eddicos y econ\u00f3micos y la industria de la moda de Espa\u00f1a y Portugal.<\/span><\/p>\n\n\t\t<\/div> \n\t<\/div> <div class=\"separator  transparent\" style=\"margin-top: 22px;margin-bottom: 0px;\"><\/div>\n<a  itemprop=\"url\" href=\"https:\/\/asociacionderechoymoda.com\/pt\/conocenos\/\" target=\"_self\"  class=\"qbutton  default\" style=\"\">VER M\u00c1S<\/a><div class=\"separator  transparent\" style=\"margin-top: 80px;margin-bottom: 0px;\"><\/div>\n<\/div><\/div><\/div><\/div><\/div><\/div><\/div><div class=\"separator  transparent\" style=\"margin-top: 110px;margin-bottom: 0px;\"><\/div>\n<\/div><\/div><\/div><\/div><\/div><\/section><div      class=\"vc_row wpb_row section vc_row-fluid\" style='background-color:#f8f8f8; text-align:left;'><div class=\"full_section_inner clearfix\"><div class=\"wpb_column vc_column_container vc_col-sm-12\"><div class=\"vc_column-inner\"><div class=\"wpb_wrapper\"><div      class=\"vc_row wpb_row section vc_row-fluid vc_inner  vc_custom_1559822890814\" style=' text-align:left;'><div class=\"full_section_inner clearfix\"><div class=\"element_from_left\"><div style='transition-delay:2ms; -webkit-animation-delay:2ms; animation-delay:2ms;'><div class=\"wpb_column vc_column_container vc_col-sm-6\"><div class=\"vc_column-inner\"><div class=\"wpb_wrapper\">\t<div class=\"vc_empty_space\"  style=\"height: 90px\" ><span\n\t\t\tclass=\"vc_empty_space_inner\">\n\t\t\t<span class=\"empty_space_image\"  ><\/span>\n\t\t<\/span><\/div>\n\n\n\t<div class=\"wpb_text_column wpb_content_element\">\n\t\t<div class=\"wpb_wrapper\">\n\t\t\t<h3 style=\"text-align: justify;\">La Asociaci\u00f3n de Expertos en Derecho de la Moda (AEDM), representa en Espa\u00f1a, Portugal, Andorra y Per\u00fa la promoci\u00f3n del conocimiento en las \u00e1reas ligadas a Negocios y Derecho de la Moda, entendida en sentido amplio (Fashion &amp; Healthcare) y de la Moda de Lujo\u2013disciplina conocida <em>como Fashion Law<\/em>\u2013 ofreciendo \u2013sin \u00e1nimo de lucro- formaci\u00f3n, contactos y capacitaci\u00f3n de profesionales para actuaci\u00f3n en los diversos frentes para la industria de la moda, la belleza y sus diferentes actores.<\/h3>\n\n\t\t<\/div> \n\t<\/div> \t<div class=\"vc_empty_space\"  style=\"height: 30px\" ><span\n\t\t\tclass=\"vc_empty_space_inner\">\n\t\t\t<span class=\"empty_space_image\"  ><\/span>\n\t\t<\/span><\/div>\n\n<\/div><\/div><\/div><div class=\"wpb_column vc_column_container vc_col-sm-6\"><div class=\"vc_column-inner vc_custom_1559821685854\"><div class=\"wpb_wrapper\">\n\t<div class=\"wpb_single_image wpb_content_element vc_align_left\">\n\t\t<div class=\"wpb_wrapper\">\n\t\t\t\n\t\t\t<div class=\"vc_single_image-wrapper   vc_box_border_grey\"><img loading=\"lazy\" decoding=\"async\" width=\"1024\" height=\"576\" src=\"https:\/\/asociacionderechoymoda.com\/wp-content\/uploads\/2019\/06\/parrallax-4-1024x576.jpg\" class=\"vc_single_image-img attachment-large\" alt=\"\" srcset=\"https:\/\/asociacionderechoymoda.com\/wp-content\/uploads\/2019\/06\/parrallax-4-1024x576.jpg 1024w, https:\/\/asociacionderechoymoda.com\/wp-content\/uploads\/2019\/06\/parrallax-4-600x338.jpg 600w, https:\/\/asociacionderechoymoda.com\/wp-content\/uploads\/2019\/06\/parrallax-4-300x169.jpg 300w, https:\/\/asociacionderechoymoda.com\/wp-content\/uploads\/2019\/06\/parrallax-4-768x432.jpg 768w, https:\/\/asociacionderechoymoda.com\/wp-content\/uploads\/2019\/06\/parrallax-4-700x394.jpg 700w, https:\/\/asociacionderechoymoda.com\/wp-content\/uploads\/2019\/06\/parrallax-4-539x303.jpg 539w, https:\/\/asociacionderechoymoda.com\/wp-content\/uploads\/2019\/06\/parrallax-4.jpg 1920w\" sizes=\"auto, (max-width: 1024px) 100vw, 1024px\" \/><\/div>\n\t\t<\/div>\n\t<\/div>\n<\/div><\/div><\/div><\/div><\/div><\/div><\/div><\/div><\/div><\/div><\/div><\/div><div      class=\"vc_row wpb_row section vc_row-fluid\" style='background-color:#000000; text-align:left;'><div class=\"full_section_inner clearfix\"><div class=\"wpb_column vc_column_container vc_col-sm-12\"><div class=\"vc_column-inner\"><div class=\"wpb_wrapper\"><div      class=\"vc_row wpb_row section vc_row-fluid vc_inner\" style=' text-align:left;'><div class=\"full_section_inner clearfix\"><div class=\"element_from_right\"><div style='transition-delay:2ms; -webkit-animation-delay:2ms; animation-delay:2ms;'><div class=\"wpb_column vc_column_container vc_col-sm-6\"><div class=\"vc_column-inner vc_custom_1559821693272\"><div class=\"wpb_wrapper\">\n\t<div class=\"wpb_single_image wpb_content_element vc_align_left\">\n\t\t<div class=\"wpb_wrapper\">\n\t\t\t\n\t\t\t<div class=\"vc_single_image-wrapper   vc_box_border_grey\"><img loading=\"lazy\" decoding=\"async\" width=\"1024\" height=\"576\" src=\"https:\/\/asociacionderechoymoda.com\/wp-content\/uploads\/2019\/06\/aedp-1-1024x576.jpg\" class=\"vc_single_image-img attachment-large\" alt=\"\" srcset=\"https:\/\/asociacionderechoymoda.com\/wp-content\/uploads\/2019\/06\/aedp-1-1024x576.jpg 1024w, https:\/\/asociacionderechoymoda.com\/wp-content\/uploads\/2019\/06\/aedp-1-600x338.jpg 600w, https:\/\/asociacionderechoymoda.com\/wp-content\/uploads\/2019\/06\/aedp-1-300x169.jpg 300w, https:\/\/asociacionderechoymoda.com\/wp-content\/uploads\/2019\/06\/aedp-1-768x432.jpg 768w, https:\/\/asociacionderechoymoda.com\/wp-content\/uploads\/2019\/06\/aedp-1-700x394.jpg 700w, https:\/\/asociacionderechoymoda.com\/wp-content\/uploads\/2019\/06\/aedp-1-539x303.jpg 539w, https:\/\/asociacionderechoymoda.com\/wp-content\/uploads\/2019\/06\/aedp-1.jpg 1920w\" sizes=\"auto, (max-width: 1024px) 100vw, 1024px\" \/><\/div>\n\t\t<\/div>\n\t<\/div>\n<\/div><\/div><\/div><div class=\"wpb_column vc_column_container vc_col-sm-6\"><div class=\"vc_column-inner\"><div class=\"wpb_wrapper\">\t<div class=\"vc_empty_space\"  style=\"height: 90px\" ><span\n\t\t\tclass=\"vc_empty_space_inner\">\n\t\t\t<span class=\"empty_space_image\"  ><\/span>\n\t\t<\/span><\/div>\n\n\n\t<div class=\"wpb_text_column wpb_content_element\">\n\t\t<div class=\"wpb_wrapper\">\n\t\t\t<h3 style=\"text-align: justify;\"><span style=\"color: #ffffff;\">La Asociaci\u00f3n integra un equipo de excelentes profesionales jur\u00eddicos y econ\u00f3micos de distintas nacionalidades y \u00e1reas de experiencia de reconocido prestigio que ya act\u00faan y conocen el mercado de la moda y del lujo y cuya experiencia y conocimiento sobre negocios y directo aplicado a la moda responden por la credibilidad y modelo de referencia para la industria ya que est\u00e1 reconocida por las principales Asociaciones y empresas del Sector.<\/span><\/h3>\n\n\t\t<\/div> \n\t<\/div> \t<div class=\"vc_empty_space\"  style=\"height: 30px\" ><span\n\t\t\tclass=\"vc_empty_space_inner\">\n\t\t\t<span class=\"empty_space_image\"  ><\/span>\n\t\t<\/span><\/div>\n\n<\/div><\/div><\/div><\/div><\/div><\/div><\/div><\/div><\/div><\/div><\/div><\/div><div      class=\"vc_row wpb_row section vc_row-fluid\" style='background-color:#f8f8f8; text-align:left;'><div class=\"full_section_inner clearfix\"><div class=\"wpb_column vc_column_container vc_col-sm-12\"><div class=\"vc_column-inner\"><div class=\"wpb_wrapper\"><div      class=\"vc_row wpb_row section vc_row-fluid vc_inner  vc_custom_1559822907400\" style=' text-align:left;'><div class=\"full_section_inner clearfix\"><div class=\"element_from_left\"><div style='transition-delay:2ms; -webkit-animation-delay:2ms; animation-delay:2ms;'><div class=\"wpb_column vc_column_container vc_col-sm-6\"><div class=\"vc_column-inner\"><div class=\"wpb_wrapper\">\t<div class=\"vc_empty_space\"  style=\"height: 90px\" ><span\n\t\t\tclass=\"vc_empty_space_inner\">\n\t\t\t<span class=\"empty_space_image\"  ><\/span>\n\t\t<\/span><\/div>\n\n\n\t<div class=\"wpb_text_column wpb_content_element\">\n\t\t<div class=\"wpb_wrapper\">\n\t\t\t<h3 style=\"text-align: justify;\">La Asociaci\u00f3n est\u00e1 conectada y mantiene colaboraci\u00f3n con instituciones sectoriales, marcas, creadores y profesionales vinculados directa o indirectamente al sector de moda y forma parte de MODAESPA\u00d1A.<\/h3>\n\n\t\t<\/div> \n\t<\/div> \n\t<div class=\"wpb_single_image wpb_content_element vc_align_left\">\n\t\t<div class=\"wpb_wrapper\">\n\t\t\t\n\t\t\t<div class=\"vc_single_image-wrapper   vc_box_border_grey\"><img loading=\"lazy\" decoding=\"async\" width=\"150\" height=\"150\" src=\"https:\/\/asociacionderechoymoda.com\/wp-content\/uploads\/2019\/04\/MODAESPA\u00d1A-150x150.png\" class=\"vc_single_image-img attachment-thumbnail\" alt=\"\" srcset=\"https:\/\/asociacionderechoymoda.com\/wp-content\/uploads\/2019\/04\/MODAESPA\u00d1A-150x150.png 150w, https:\/\/asociacionderechoymoda.com\/wp-content\/uploads\/2019\/04\/MODAESPA\u00d1A-300x300.png 300w, https:\/\/asociacionderechoymoda.com\/wp-content\/uploads\/2019\/04\/MODAESPA\u00d1A-100x100.png 100w, https:\/\/asociacionderechoymoda.com\/wp-content\/uploads\/2019\/04\/MODAESPA\u00d1A.png 400w\" sizes=\"auto, (max-width: 150px) 100vw, 150px\" \/><\/div>\n\t\t<\/div>\n\t<\/div>\n\t<div class=\"vc_empty_space\"  style=\"height: 30px\" ><span\n\t\t\tclass=\"vc_empty_space_inner\">\n\t\t\t<span class=\"empty_space_image\"  ><\/span>\n\t\t<\/span><\/div>\n\n<\/div><\/div><\/div><div class=\"wpb_column vc_column_container vc_col-sm-6\"><div class=\"vc_column-inner vc_custom_1559821703352\"><div class=\"wpb_wrapper\">\n\t<div class=\"wpb_single_image wpb_content_element vc_align_left\">\n\t\t<div class=\"wpb_wrapper\">\n\t\t\t\n\t\t\t<div class=\"vc_single_image-wrapper   vc_box_border_grey\"><img loading=\"lazy\" decoding=\"async\" width=\"1024\" height=\"576\" src=\"https:\/\/asociacionderechoymoda.com\/wp-content\/uploads\/2019\/06\/aedp-2-1024x576.jpg\" class=\"vc_single_image-img attachment-large\" alt=\"\" srcset=\"https:\/\/asociacionderechoymoda.com\/wp-content\/uploads\/2019\/06\/aedp-2-1024x576.jpg 1024w, https:\/\/asociacionderechoymoda.com\/wp-content\/uploads\/2019\/06\/aedp-2-600x338.jpg 600w, https:\/\/asociacionderechoymoda.com\/wp-content\/uploads\/2019\/06\/aedp-2-300x169.jpg 300w, https:\/\/asociacionderechoymoda.com\/wp-content\/uploads\/2019\/06\/aedp-2-768x432.jpg 768w, https:\/\/asociacionderechoymoda.com\/wp-content\/uploads\/2019\/06\/aedp-2-700x394.jpg 700w, https:\/\/asociacionderechoymoda.com\/wp-content\/uploads\/2019\/06\/aedp-2-539x303.jpg 539w, https:\/\/asociacionderechoymoda.com\/wp-content\/uploads\/2019\/06\/aedp-2.jpg 1920w\" sizes=\"auto, (max-width: 1024px) 100vw, 1024px\" \/><\/div>\n\t\t<\/div>\n\t<\/div>\n<\/div><\/div><\/div><\/div><\/div><\/div><\/div><\/div><\/div><\/div><\/div><\/div><div      class=\"vc_row wpb_row section vc_row-fluid\" style='background-color:#000000; text-align:left;'><div class=\"full_section_inner clearfix\"><div class=\"wpb_column vc_column_container vc_col-sm-12\"><div class=\"vc_column-inner\"><div class=\"wpb_wrapper\"><div      class=\"vc_row wpb_row section vc_row-fluid vc_inner\" style=' text-align:left;'><div class=\"full_section_inner clearfix\"><div class=\"element_from_right\"><div style='transition-delay:2ms; -webkit-animation-delay:2ms; animation-delay:2ms;'><div class=\"wpb_column vc_column_container vc_col-sm-6\"><div class=\"vc_column-inner vc_custom_1559821710839\"><div class=\"wpb_wrapper\">\n\t<div class=\"wpb_single_image wpb_content_element vc_align_left\">\n\t\t<div class=\"wpb_wrapper\">\n\t\t\t\n\t\t\t<div class=\"vc_single_image-wrapper   vc_box_border_grey\"><img loading=\"lazy\" decoding=\"async\" width=\"1024\" height=\"576\" src=\"https:\/\/asociacionderechoymoda.com\/wp-content\/uploads\/2019\/06\/aedp-3-1024x576.jpg\" class=\"vc_single_image-img attachment-large\" alt=\"\" srcset=\"https:\/\/asociacionderechoymoda.com\/wp-content\/uploads\/2019\/06\/aedp-3-1024x576.jpg 1024w, https:\/\/asociacionderechoymoda.com\/wp-content\/uploads\/2019\/06\/aedp-3-600x338.jpg 600w, https:\/\/asociacionderechoymoda.com\/wp-content\/uploads\/2019\/06\/aedp-3-300x169.jpg 300w, https:\/\/asociacionderechoymoda.com\/wp-content\/uploads\/2019\/06\/aedp-3-768x432.jpg 768w, https:\/\/asociacionderechoymoda.com\/wp-content\/uploads\/2019\/06\/aedp-3-700x394.jpg 700w, https:\/\/asociacionderechoymoda.com\/wp-content\/uploads\/2019\/06\/aedp-3-539x303.jpg 539w, https:\/\/asociacionderechoymoda.com\/wp-content\/uploads\/2019\/06\/aedp-3.jpg 1920w\" sizes=\"auto, (max-width: 1024px) 100vw, 1024px\" \/><\/div>\n\t\t<\/div>\n\t<\/div>\n<\/div><\/div><\/div><div class=\"wpb_column vc_column_container vc_col-sm-6\"><div class=\"vc_column-inner\"><div class=\"wpb_wrapper\">\t<div class=\"vc_empty_space\"  style=\"height: 90px\" ><span\n\t\t\tclass=\"vc_empty_space_inner\">\n\t\t\t<span class=\"empty_space_image\"  ><\/span>\n\t\t<\/span><\/div>\n\n\n\t<div class=\"wpb_text_column wpb_content_element\">\n\t\t<div class=\"wpb_wrapper\">\n\t\t\t<h3 style=\"text-align: justify;\"><span style=\"color: #ffffff;\">La Asociaci\u00f3n de Expertos en Derecho de la Moda est\u00e1 reconocida tanto nacional como internacionalmente por las interprofesionales del sector de la moda.<\/span><\/h3>\n\n\t\t<\/div> \n\t<\/div> \t<div class=\"vc_empty_space\"  style=\"height: 30px\" ><span\n\t\t\tclass=\"vc_empty_space_inner\">\n\t\t\t<span class=\"empty_space_image\"  ><\/span>\n\t\t<\/span><\/div>\n\n<a  itemprop=\"url\" href=\"https:\/\/asociacionderechoymoda.com\/pt\/como-asociarse\/\" target=\"_self\"  class=\"qbutton  big_large center default  qode-button-shadow\" style=\"\">Como Asociarte?<\/a>\t<div class=\"vc_empty_space\"  style=\"height: 30px\" ><span\n\t\t\tclass=\"vc_empty_space_inner\">\n\t\t\t<span class=\"empty_space_image\"  ><\/span>\n\t\t<\/span><\/div>\n\n<\/div><\/div><\/div><\/div><\/div><\/div><\/div><\/div><\/div><\/div><\/div><\/div><div      class=\"vc_row wpb_row section vc_row-fluid  video_section\" style=' text-align:left;'><div class=\"mobile-video-image\" style=\"background-image: url()\"><\/div><div class=\"video-overlay\"><\/div><div class=\"video-wrap\">\n\t\t\t\t\t\t\t\t\t\n\t\t\t\t\t\t\t\t\t<video class=\"video\" width=\"1920\" height=\"800\" poster=\"\" controls=\"controls\" preload=\"auto\" loop autoplay muted><source type=\"video\/webm\" src=\"http:\/\/asociacionderechoymoda.com\/wp-content\/uploads\/2019\/03\/smiling-fashion-designers-working-in-office.mp4\"><source type=\"video\/mp4\" src=\"http:\/\/asociacionderechoymoda.com\/wp-content\/uploads\/2019\/03\/smiling-fashion-designers-working-in-office.mp4\"><source type=\"video\/ogg\" src=\"http:\/\/asociacionderechoymoda.com\/wp-content\/uploads\/2019\/03\/smiling-fashion-designers-working-in-office.mp4\"><object width=\"320\" height=\"240\" type=\"application\/x-shockwave-flash\" data=\"https:\/\/asociacionderechoymoda.com\/wp-content\/themes\/bridge\/js\/flashmediaelement.swf\">\n\t\t\t\t\t\t\t\t\t\t\t\t\t<param name=\"movie\" value=\"https:\/\/asociacionderechoymoda.com\/wp-content\/themes\/bridge\/js\/flashmediaelement.swf\" \/>\n\t\t\t\t\t\t\t\t\t\t\t\t\t<param name=\"flashvars\" value=\"controls=true&file=http:\/\/asociacionderechoymoda.com\/wp-content\/uploads\/2019\/03\/smiling-fashion-designers-working-in-office.mp4\" \/>\n\t\t\t\t\t\t\t\t\t\t\t\t\t<img loading=\"lazy\" decoding=\"async\" itemprop=\"image\" src=\"\" width=\"1920\" height=\"800\" title=\"No video playback capabilities\" alt=\"Video thumb\" \/>\n\t\t\t\t\t\t\t\t\t\t\t<\/object>\n\t\t\t\t\t\t\t\t\t<\/video>\t\t\n\t\t\t\t\t\t\t<\/div><div class=\"full_section_inner clearfix\"><div class=\"wpb_column vc_column_container vc_col-sm-12\"><div class=\"vc_column-inner\"><div class=\"wpb_wrapper\"><div      class=\"vc_row wpb_row section vc_row-fluid vc_inner\" style=' text-align:left;'><div class=\"full_section_inner clearfix\"><div class=\"wpb_column vc_column_container vc_col-sm-12\"><div class=\"vc_column-inner\"><div class=\"wpb_wrapper\">\t<div class=\"vc_empty_space\"  style=\"height: 600px\" ><span\n\t\t\tclass=\"vc_empty_space_inner\">\n\t\t\t<span class=\"empty_space_image\"  ><\/span>\n\t\t<\/span><\/div>\n\n<\/div><\/div><\/div><\/div><\/div><\/div><\/div><\/div><\/div><\/div><div      class=\"vc_row wpb_row section vc_row-fluid\" style='background-color:#f8f8f8; padding-top:89px; padding-bottom:121px; text-align:left;'><div class=\"full_section_inner clearfix\"><div class=\"wpb_column vc_column_container vc_col-sm-12\"><div class=\"vc_column-inner\"><div class=\"wpb_wrapper\"><div      class=\"vc_row wpb_row section vc_row-fluid vc_inner  grid_section\" style=' text-align:center;'><div class=\"section_inner clearfix\"><div class='section_inner_margin clearfix'><div class=\"wpb_column vc_column_container vc_col-sm-12\"><div class=\"vc_column-inner\"><div class=\"wpb_wrapper\">\n\t<div class=\"wpb_text_column wpb_content_element\">\n\t\t<div class=\"wpb_wrapper\">\n\t\t\t<h2 style=\"text-align: center;\">Asesoramiento, colaboraci\u00f3n &amp; cobertura<\/h2>\n\n\t\t<\/div> \n\t<\/div> <div class=\"separator  small center\" style=\"margin-top: 24px;margin-bottom: 61px;\"><\/div>\n<div class='qode_carousels_holder clearfix'><div class='qode_carousels' data-number-of-visible-items='5'><ul class='slides'><li class='item'><div class=\"carousel_item_holder\"><a itemprop='url' href='#' target='_blank'><span class='first_image_holder'><img decoding=\"async\" itemprop=\"image\" src=\"https:\/\/asociacionderechoymoda.com\/wp-content\/uploads\/2019\/03\/fedecon.png\" alt=\"carousel image\" \/><\/span><\/a><\/div><\/li><li class='item'><div class=\"carousel_item_holder\"><a itemprop='url' href='#' target='_blank'><span class='first_image_holder'><img decoding=\"async\" itemprop=\"image\" src=\"https:\/\/asociacionderechoymoda.com\/wp-content\/uploads\/2019\/03\/sfa.png\" alt=\"carousel image\" \/><\/span><\/a><\/div><\/li><li class='item'><div class=\"carousel_item_holder\"><a itemprop='url' href='#' target='_blank'><span class='first_image_holder'><img decoding=\"async\" itemprop=\"image\" src=\"https:\/\/asociacionderechoymoda.com\/wp-content\/uploads\/2019\/03\/asefma.png\" alt=\"carousel image\" \/><\/span><\/a><\/div><\/li><li class='item'><div class=\"carousel_item_holder\"><a itemprop='url' href='#' target='_blank'><span class='first_image_holder'><img decoding=\"async\" itemprop=\"image\" src=\"https:\/\/asociacionderechoymoda.com\/wp-content\/uploads\/2019\/03\/fama.png\" alt=\"carousel image\" \/><\/span><\/a><\/div><\/li><li class='item'><div class=\"carousel_item_holder\"><a itemprop='url' href='#' target='_blank'><span class='first_image_holder'><img decoding=\"async\" itemprop=\"image\" src=\"https:\/\/asociacionderechoymoda.com\/wp-content\/uploads\/2019\/03\/aeg-1.png\" alt=\"carousel image\" \/><\/span><\/a><\/div><\/li><li class='item'><div class=\"carousel_item_holder\"><a itemprop='url' href='#' target='_blank'><span class='first_image_holder'><img decoding=\"async\" itemprop=\"image\" src=\"https:\/\/asociacionderechoymoda.com\/wp-content\/uploads\/2019\/03\/acme.png\" alt=\"carousel image\" \/><\/span><\/a><\/div><\/li><li class='item'><div class=\"carousel_item_holder\"><a itemprop='url' href='#' target='_blank'><span class='first_image_holder'><img decoding=\"async\" itemprop=\"image\" src=\"https:\/\/asociacionderechoymoda.com\/wp-content\/uploads\/2019\/03\/acotex.png\" alt=\"carousel image\" \/><\/span><\/a><\/div><\/li><li class='item'><div class=\"carousel_item_holder\"><a itemprop=\"url\" href=\"http:\/\/www.asirtex.org\/\" target=\"_blank\" rel=\"noopener\"><span class='first_image_holder'><img decoding=\"async\" itemprop=\"image\" src=\"https:\/\/asociacionderechoymoda.com\/wp-content\/uploads\/2019\/04\/ASIRTEX.png\" alt=\"carousel image\" \/><\/span><\/a><\/div><\/li><\/ul><\/div><\/div><\/div><\/div><\/div><\/div><\/div><\/div><\/div><\/div><\/div><\/div><\/div><div      class=\"vc_row wpb_row section vc_row-fluid\" style=' text-align:left;'><div class=\"full_section_inner clearfix\"><div class=\"wpb_column vc_column_container vc_col-sm-12\"><div class=\"vc_column-inner\"><div class=\"wpb_wrapper\"><div      class=\"vc_row wpb_row section vc_row-fluid vc_inner\" style=' text-align:left;'><div class=\"full_section_inner clearfix\"><div class=\"wpb_column vc_column_container vc_col-sm-12\"><div class=\"vc_column-inner\"><div class=\"wpb_wrapper\"><\/div><\/div><\/div><\/div><\/div><\/div><\/div><\/div><\/div><\/div>","protected":false},"excerpt":{"rendered":"","protected":false},"author":4,"featured_media":15992,"parent":0,"menu_order":0,"comment_status":"open","ping_status":"closed","template":"full_width.php","meta":{"_mc_calendar":[],"footnotes":""},"class_list":["post-14881","page","type-page","status-publish","has-post-thumbnail","hentry"],"_links":{"self":[{"href":"https:\/\/asociacionderechoymoda.com\/pt\/wp-json\/wp\/v2\/pages\/14881","targetHints":{"allow":["GET"]}}],"collection":[{"href":"https:\/\/asociacionderechoymoda.com\/pt\/wp-json\/wp\/v2\/pages"}],"about":[{"href":"https:\/\/asociacionderechoymoda.com\/pt\/wp-json\/wp\/v2\/types\/page"}],"author":[{"embeddable":true,"href":"https:\/\/asociacionderechoymoda.com\/pt\/wp-json\/wp\/v2\/users\/4"}],"replies":[{"embeddable":true,"href":"https:\/\/asociacionderechoymoda.com\/pt\/wp-json\/wp\/v2\/comments?post=14881"}],"version-history":[{"count":6,"href":"https:\/\/asociacionderechoymoda.com\/pt\/wp-json\/wp\/v2\/pages\/14881\/revisions"}],"predecessor-version":[{"id":17544,"href":"https:\/\/asociacionderechoymoda.com\/pt\/wp-json\/wp\/v2\/pages\/14881\/revisions\/17544"}],"wp:featuredmedia":[{"embeddable":true,"href":"https:\/\/asociacionderechoymoda.com\/pt\/wp-json\/wp\/v2\/media\/15992"}],"wp:attachment":[{"href":"https:\/\/asociacionderechoymoda.com\/pt\/wp-json\/wp\/v2\/media?parent=14881"}],"curies":[{"name":"wp","href":"https:\/\/api.w.org\/{rel}","templated":true}]}}