{"id":15429,"date":"2019-03-12T18:49:22","date_gmt":"2019-03-12T18:49:22","guid":{"rendered":"http:\/\/asociacionderechoymoda.es\/?page_id=15429"},"modified":"2022-07-03T14:33:59","modified_gmt":"2022-07-03T14:33:59","slug":"la-aedm-como-miembro-de-moda-espana","status":"publish","type":"page","link":"https:\/\/asociacionderechoymoda.com\/pt\/la-aedm-como-miembro-de-moda-espana\/","title":{"rendered":"LA AEDM COMO MIEMBRO DE MODA ESPA\u00d1A"},"content":{"rendered":"<div      class=\"vc_row wpb_row section vc_row-fluid\" style=' text-align:left;'><div class=\"full_section_inner clearfix\"><div class=\"element_from_left\"><div style='transition-delay:2ms; -webkit-animation-delay:2ms; animation-delay:2ms;'><div class=\"wpb_column vc_column_container vc_col-sm-6 vc_col-has-fill\"><div class=\"vc_column-inner vc_custom_1552477304517\"><div class=\"wpb_wrapper\">\t<div class=\"vc_empty_space\"  style=\"height: 30px\" ><span\n\t\t\tclass=\"vc_empty_space_inner\">\n\t\t\t<span class=\"empty_space_image\"  ><\/span>\n\t\t<\/span><\/div>\n\n<\/div><\/div><\/div><div class=\"wpb_column vc_column_container vc_col-sm-6\"><div class=\"vc_column-inner\"><div class=\"wpb_wrapper\"><\/div><\/div><\/div><\/div><\/div><\/div><\/div><div      class=\"vc_row wpb_row section vc_row-fluid\" style=' text-align:left;'><div class=\"full_section_inner clearfix\"><div class=\"element_from_left\"><div style='transition-delay:2ms; -webkit-animation-delay:2ms; animation-delay:2ms;'><div class=\"wpb_column vc_column_container vc_col-sm-4 vc_col-has-fill\"><div class=\"vc_column-inner vc_custom_1552477403237\"><div class=\"wpb_wrapper\">\t<div class=\"vc_empty_space\"  style=\"height: 30px\" ><span\n\t\t\tclass=\"vc_empty_space_inner\">\n\t\t\t<span class=\"empty_space_image\"  ><\/span>\n\t\t<\/span><\/div>\n\n<\/div><\/div><\/div><div class=\"wpb_column vc_column_container vc_col-sm-4\"><div class=\"vc_column-inner\"><div class=\"wpb_wrapper\"><\/div><\/div><\/div><div class=\"wpb_column vc_column_container vc_col-sm-4\"><div class=\"vc_column-inner\"><div class=\"wpb_wrapper\"><\/div><\/div><\/div><\/div><\/div><\/div><\/div><div      class=\"vc_row wpb_row section vc_row-fluid\" style=' text-align:left;'><div class=\"full_section_inner clearfix\"><div class=\"wpb_column vc_column_container vc_col-sm-12\"><div class=\"vc_column-inner\"><div class=\"wpb_wrapper\">\t<div class=\"vc_empty_space\"  style=\"height: 60px\" ><span\n\t\t\tclass=\"vc_empty_space_inner\">\n\t\t\t<span class=\"empty_space_image\"  ><\/span>\n\t\t<\/span><\/div>\n\n<div      class=\"vc_row wpb_row section vc_row-fluid vc_inner  grid_section\" style=' text-align:left;'><div class=\"section_inner clearfix\"><div class='section_inner_margin clearfix'><div class=\"element_from_left\"><div style='transition-delay:2ms; -webkit-animation-delay:2ms; animation-delay:2ms;'><div class=\"wpb_column vc_column_container vc_col-sm-3\"><div class=\"vc_column-inner\"><div class=\"wpb_wrapper\">\n\t<div class=\"wpb_single_image wpb_content_element vc_align_right\">\n\t\t<div class=\"wpb_wrapper\">\n\t\t\t\n\t\t\t<a href=\"http:\/\/www.modaespana.org\/\" target=\"_blank\" rel=\"noopener\"><div class=\"vc_single_image-wrapper   vc_box_border_grey\"><img loading=\"lazy\" decoding=\"async\" width=\"300\" height=\"189\" src=\"https:\/\/asociacionderechoymoda.com\/wp-content\/uploads\/2019\/03\/logo_entero-300x189.png\" class=\"vc_single_image-img attachment-medium\" alt=\"\" srcset=\"https:\/\/asociacionderechoymoda.com\/wp-content\/uploads\/2019\/03\/logo_entero-300x189.png 300w, https:\/\/asociacionderechoymoda.com\/wp-content\/uploads\/2019\/03\/logo_entero-600x378.png 600w, https:\/\/asociacionderechoymoda.com\/wp-content\/uploads\/2019\/03\/logo_entero-768x484.png 768w, https:\/\/asociacionderechoymoda.com\/wp-content\/uploads\/2019\/03\/logo_entero-1024x646.png 1024w, https:\/\/asociacionderechoymoda.com\/wp-content\/uploads\/2019\/03\/logo_entero-700x441.png 700w, https:\/\/asociacionderechoymoda.com\/wp-content\/uploads\/2019\/03\/logo_entero.png 1088w\" sizes=\"auto, (max-width: 300px) 100vw, 300px\" \/><\/div><\/a>\n\t\t<\/div>\n\t<\/div>\n<\/div><\/div><\/div><div class=\"wpb_column vc_column_container vc_col-sm-9\"><div class=\"vc_column-inner\"><div class=\"wpb_wrapper\">\t<div class=\"vc_empty_space\"  style=\"height: 60px\" ><span\n\t\t\tclass=\"vc_empty_space_inner\">\n\t\t\t<span class=\"empty_space_image\"  ><\/span>\n\t\t<\/span><\/div>\n\n<div class=\"separator  normal\" style=\"background-color: #eeee22;\"><\/div>\n<\/div><\/div><\/div><\/div><\/div><\/div><\/div><\/div><div      class=\"vc_row wpb_row section vc_row-fluid vc_inner  grid_section\" style=' text-align:left;'><div class=\"section_inner clearfix\"><div class='section_inner_margin clearfix'><div class=\"element_from_left\"><div style='transition-delay:2ms; -webkit-animation-delay:2ms; animation-delay:2ms;'><div class=\"wpb_column vc_column_container vc_col-sm-12\"><div class=\"vc_column-inner\"><div class=\"wpb_wrapper\">\t<div class=\"vc_empty_space\"  style=\"height: 30px\" ><span\n\t\t\tclass=\"vc_empty_space_inner\">\n\t\t\t<span class=\"empty_space_image\"  ><\/span>\n\t\t<\/span><\/div>\n\n\n\t<div class=\"wpb_text_column wpb_content_element\">\n\t\t<div class=\"wpb_wrapper\">\n\t\t\t<p style=\"text-align: justify;\">Moda Espa\u00f1a (Confederaci\u00f3n de empresas de la Moda de Espa\u00f1a) creada en 2013 y presidida por Angel Asensio, tiene como objetivo aglutinar toda la cadena de valor de la moda de nuestro pa\u00eds.<\/p>\n<p style=\"text-align: justify;\">Moda Espa\u00f1a tiene entre otras finalidades agrupar y distinguir en el mercado aquellos productos de la moda espa\u00f1ola, permitiendo a los consumidores identificar el origen de dichos productos de forma precisa.<\/p>\n<p style=\"text-align: justify;\">Moda Espa\u00f1a (Confederaci\u00f3n de empresas de la Moda de Espa\u00f1a) creada en 2013 y presidida por Angel Asensio, tiene como objetivo aglutinar toda la cadena de valor de la moda de nuestro pa\u00eds.<\/p>\n<p style=\"text-align: justify;\">En ella participan las entidades m\u00e1s representativas del sector: La Federaci\u00f3n Espa\u00f1ola de Empresas de la Confecci\u00f3n (<strong>FEDECON<\/strong>), la Agrupaci\u00f3n Espa\u00f1ola del G\u00e9nero de Punto (<strong>AEGP<\/strong>), la Asociaci\u00f3n Espa\u00f1ola de Fabricantes de Marroquiner\u00eda (<strong>ASEFMA<\/strong>), junto con la Asociaci\u00f3n de Creadores de Moda de Espa\u00f1a (<strong>ACME<\/strong>), la Asociaci\u00f3n Empresarial del Comercio Textil, Complementos y Piel (<strong>ACOTEX<\/strong>), la Asociaci\u00f3n Espa\u00f1ola de la Peleter\u00eda (<strong>SFA<\/strong>), la Asociaci\u00f3n Empresarial de Fabricantes y Comerciantes Mayoristas de Art\u00edculos de Regalo (<strong>REGALO FAMA<\/strong>), Asociaci\u00f3n Ib\u00e9rica del Reciclaje Textil<b> <\/b>(ASIRTEX) y, naturalmente la Asociaci\u00f3n de Expertos en Derecho de la Moda (<b>AEDM<\/b>) y cuenta con el apoyo de otras Asociaciones regionales y Federaciones nacionales.<\/p>\n\n\t\t<\/div> \n\t<\/div> \t<div class=\"vc_empty_space\"  style=\"height: 30px\" ><span\n\t\t\tclass=\"vc_empty_space_inner\">\n\t\t\t<span class=\"empty_space_image\"  ><\/span>\n\t\t<\/span><\/div>\n\n<\/div><\/div><\/div><\/div><\/div><\/div><\/div><\/div><\/div><\/div><\/div><\/div><\/div><div      class=\"vc_row wpb_row section vc_row-fluid\" style='background-color:#f2f2f2; text-align:left;'><div class=\"full_section_inner clearfix\"><div class=\"wpb_column vc_column_container vc_col-sm-12\"><div class=\"vc_column-inner\"><div class=\"wpb_wrapper\"><div      class=\"vc_row wpb_row section vc_row-fluid vc_inner  grid_section\" style=' text-align:left;'><div class=\"section_inner clearfix\"><div class='section_inner_margin clearfix'><div class=\"element_from_right\"><div style='transition-delay:2ms; -webkit-animation-delay:2ms; animation-delay:2ms;'><div class=\"wpb_column vc_column_container vc_col-sm-12\"><div class=\"vc_column-inner\"><div class=\"wpb_wrapper\">\t<div class=\"vc_empty_space\"  style=\"height: 50px\" ><span\n\t\t\tclass=\"vc_empty_space_inner\">\n\t\t\t<span class=\"empty_space_image\"  ><\/span>\n\t\t<\/span><\/div>\n\n<div class='qode_carousels_holder clearfix'><div class='qode_carousels' data-number-of-visible-items='4'><ul class='slides'><li class='item'><div class=\"carousel_item_holder\"><a itemprop='url' href='#' target='_blank'><span class='first_image_holder'><img decoding=\"async\" itemprop=\"image\" src=\"https:\/\/asociacionderechoymoda.com\/wp-content\/uploads\/2019\/03\/fedecon.png\" alt=\"carousel image\" \/><\/span><\/a><\/div><\/li><li class='item'><div class=\"carousel_item_holder\"><a itemprop='url' href='#' target='_blank'><span class='first_image_holder'><img decoding=\"async\" itemprop=\"image\" src=\"https:\/\/asociacionderechoymoda.com\/wp-content\/uploads\/2019\/03\/aeg-1.png\" alt=\"carousel image\" \/><\/span><\/a><\/div><\/li><li class='item'><div class=\"carousel_item_holder\"><a itemprop='url' href='#' target='_blank'><span class='first_image_holder'><img decoding=\"async\" itemprop=\"image\" src=\"https:\/\/asociacionderechoymoda.com\/wp-content\/uploads\/2019\/03\/sfa.png\" alt=\"carousel image\" \/><\/span><\/a><\/div><\/li><li class='item'><div class=\"carousel_item_holder\"><a itemprop='url' href='#' target='_blank'><span class='first_image_holder'><img decoding=\"async\" itemprop=\"image\" src=\"https:\/\/asociacionderechoymoda.com\/wp-content\/uploads\/2019\/03\/asefma.png\" alt=\"carousel image\" \/><\/span><\/a><\/div><\/li><li class='item'><div class=\"carousel_item_holder\"><a itemprop='url' href='#' target='_blank'><span class='first_image_holder'><img decoding=\"async\" itemprop=\"image\" src=\"https:\/\/asociacionderechoymoda.com\/wp-content\/uploads\/2019\/03\/acme.png\" alt=\"carousel image\" \/><\/span><\/a><\/div><\/li><li class='item'><div class=\"carousel_item_holder\"><a itemprop='url' href='#' target='_blank'><span class='first_image_holder'><img decoding=\"async\" itemprop=\"image\" src=\"https:\/\/asociacionderechoymoda.com\/wp-content\/uploads\/2019\/03\/acotex.png\" alt=\"carousel image\" \/><\/span><\/a><\/div><\/li><li class='item'><div class=\"carousel_item_holder\"><a itemprop=\"url\" href=\"http:\/\/www.asirtex.org\/\" target=\"_blank\" rel=\"noopener\"><span class='first_image_holder'><img decoding=\"async\" itemprop=\"image\" src=\"https:\/\/asociacionderechoymoda.com\/wp-content\/uploads\/2019\/04\/ASIRTEX.png\" alt=\"carousel image\" \/><\/span><\/a><\/div><\/li><li class='item'><div class=\"carousel_item_holder\"><a itemprop='url' href='#' target='_blank'><span class='first_image_holder'><img decoding=\"async\" itemprop=\"image\" src=\"https:\/\/asociacionderechoymoda.com\/wp-content\/uploads\/2019\/03\/fama.png\" alt=\"carousel image\" \/><\/span><\/a><\/div><\/li><\/ul><\/div><\/div>\t<div class=\"vc_empty_space\"  style=\"height: 50px\" ><span\n\t\t\tclass=\"vc_empty_space_inner\">\n\t\t\t<span class=\"empty_space_image\"  ><\/span>\n\t\t<\/span><\/div>\n\n<\/div><\/div><\/div><\/div><\/div><\/div><\/div><\/div><\/div><\/div><\/div><\/div><\/div><div      class=\"vc_row wpb_row section vc_row-fluid  grid_section\" style=' text-align:left;'><div class=\"section_inner clearfix\"><div class='section_inner_margin clearfix'><div class=\"element_from_left\"><div style='transition-delay:2ms; -webkit-animation-delay:2ms; animation-delay:2ms;'><div class=\"wpb_column vc_column_container vc_col-sm-12\"><div class=\"vc_column-inner\"><div class=\"wpb_wrapper\">\t<div class=\"vc_empty_space\"  style=\"height: 30px\" ><span\n\t\t\tclass=\"vc_empty_space_inner\">\n\t\t\t<span class=\"empty_space_image\"  ><\/span>\n\t\t<\/span><\/div>\n\n\n\t<div class=\"wpb_text_column wpb_content_element\">\n\t\t<div class=\"wpb_wrapper\">\n\t\t\t<p style=\"text-align: justify;\">La\u00a0 Asociaci\u00f3n de Expertos en Derecho de la Moda <strong>(AEDM)<\/strong>\u00a0aprob\u00f3 por unanimidad en Junta Directiva de 27 de febrero de 2019 su incorporaci\u00f3n a\u00a0<strong>MODA ESPA\u00d1A<\/strong>\u00a0la cual fue solicitada a trav\u00e9s de su <strong>Secretario General, D. Enrique Ortega Burgos, el 4 de marzo de 2019 y concedida el d\u00eda 18 de marzo de 2019.<\/strong><\/p>\n<p style=\"text-align: justify;\">La Confederaci\u00f3n Moda Espa\u00f1a es una gran plataforma institucional creada y apoyada por distintas instituciones del sector de la moda en Espa\u00f1a; que van desde el dise\u00f1o, la confecci\u00f3n y la fabricaci\u00f3n, hasta la distribuci\u00f3n y venta.<\/p>\n<p style=\"text-align: justify;\">La moda como una forma de comunicaci\u00f3n m\u00e1s es una definici\u00f3n de como afrontamos la vida. La moda es un juego, diversi\u00f3n, seguridad, profesi\u00f3n, arte\u2026 Para cada persona existe una definici\u00f3n en funci\u00f3n de la perspectiva que desee darle. En Espa\u00f1a, en la moda espa\u00f1ola, su definici\u00f3n es Duende, es Expresi\u00f3n, Capacidad y Diversidad. Uno de los escaparates m\u00e1s observados si miramos a nuestro pa\u00eds desde el prisma internacional, el prisma del que la Confederaci\u00f3n Moda Espa\u00f1a es la lupa que aumenta y proyecta las miradas ampliando horizontes desde y para la moda espa\u00f1ola.<\/p>\n<p style=\"text-align: justify;\">La marca Moda Espa\u00f1a, es una marca registrada a nivel nacional e internacional que solo las asociaciones empresariales miembros de la Confederaci\u00f3n, as\u00ed como a las empresas adheridas, previa autorizaci\u00f3n de la Confederaci\u00f3n, podr\u00e1n usar seg\u00fan las normas establecidas.<\/p>\n\n\t\t<\/div> \n\t<\/div> \t<div class=\"vc_empty_space\"  style=\"height: 30px\" ><span\n\t\t\tclass=\"vc_empty_space_inner\">\n\t\t\t<span class=\"empty_space_image\"  ><\/span>\n\t\t<\/span><\/div>\n\n<\/div><\/div><\/div><\/div><\/div><\/div><\/div><\/div><div      class=\"vc_row wpb_row section vc_row-fluid  video_section\" style=' text-align:left;'><div class=\"mobile-video-image\" style=\"background-image: url()\"><\/div><div class=\"video-overlay\"><\/div><div class=\"video-wrap\">\n\t\t\t\t\t\t\t\t\t\n\t\t\t\t\t\t\t\t\t<video class=\"video\" width=\"1920\" height=\"800\" poster=\"\" controls=\"controls\" preload=\"auto\" loop autoplay muted><source type=\"video\/webm\" src=\"http:\/\/asociacionderechoymoda.com\/wp-content\/uploads\/2019\/03\/smiling-fashion-designers-working-in-office.mp4\"><source type=\"video\/mp4\" src=\"http:\/\/asociacionderechoymoda.com\/wp-content\/uploads\/2019\/03\/smiling-fashion-designers-working-in-office.mp4\"><source type=\"video\/ogg\" src=\"http:\/\/asociacionderechoymoda.com\/wp-content\/uploads\/2019\/03\/smiling-fashion-designers-working-in-office.mp4\"><object width=\"320\" height=\"240\" type=\"application\/x-shockwave-flash\" data=\"https:\/\/asociacionderechoymoda.com\/wp-content\/themes\/bridge\/js\/flashmediaelement.swf\">\n\t\t\t\t\t\t\t\t\t\t\t\t\t<param name=\"movie\" value=\"https:\/\/asociacionderechoymoda.com\/wp-content\/themes\/bridge\/js\/flashmediaelement.swf\" \/>\n\t\t\t\t\t\t\t\t\t\t\t\t\t<param name=\"flashvars\" value=\"controls=true&file=http:\/\/asociacionderechoymoda.com\/wp-content\/uploads\/2019\/03\/smiling-fashion-designers-working-in-office.mp4\" \/>\n\t\t\t\t\t\t\t\t\t\t\t\t\t<img loading=\"lazy\" decoding=\"async\" itemprop=\"image\" src=\"\" width=\"1920\" height=\"800\" title=\"No video playback capabilities\" alt=\"Video thumb\" \/>\n\t\t\t\t\t\t\t\t\t\t\t<\/object>\n\t\t\t\t\t\t\t\t\t<\/video>\t\t\n\t\t\t\t\t\t\t<\/div><div class=\"full_section_inner clearfix\"><div class=\"wpb_column vc_column_container vc_col-sm-12\"><div class=\"vc_column-inner\"><div class=\"wpb_wrapper\"><div      class=\"vc_row wpb_row section vc_row-fluid vc_inner\" style=' text-align:left;'><div class=\"full_section_inner clearfix\"><div class=\"element_from_left\"><div style='transition-delay:2ms; -webkit-animation-delay:2ms; animation-delay:2ms;'><div class=\"wpb_column vc_column_container vc_col-sm-12\"><div class=\"vc_column-inner\"><div class=\"wpb_wrapper\">\t<div class=\"vc_empty_space\"  style=\"height: 100px\" ><span\n\t\t\tclass=\"vc_empty_space_inner\">\n\t\t\t<span class=\"empty_space_image\"  ><\/span>\n\t\t<\/span><\/div>\n\n\t<div class=\"vc_empty_space\"  style=\"height: 200px\" ><span\n\t\t\tclass=\"vc_empty_space_inner\">\n\t\t\t<span class=\"empty_space_image\"  ><\/span>\n\t\t<\/span><\/div>\n\n<div class=\"custom_font_holder\" style=\"font-family: Dosis; font-size: 70px; line-height: 26px; font-style: normal; font-weight: 800; color: #ffffff; text-decoration: none; text-shadow: 1px 1px 2px rgba(0, 0, 0, 0.4); text-align: center;\">ASOCIACI\u00d3N DERECHO Y MODA<\/div>\t<div class=\"vc_empty_space\"  style=\"height: 100px\" ><span\n\t\t\tclass=\"vc_empty_space_inner\">\n\t\t\t<span class=\"empty_space_image\"  ><\/span>\n\t\t<\/span><\/div>\n\n<\/div><\/div><\/div><\/div><\/div><\/div><\/div><\/div><\/div><\/div><\/div><\/div>","protected":false},"excerpt":{"rendered":"","protected":false},"author":4,"featured_media":0,"parent":0,"menu_order":0,"comment_status":"closed","ping_status":"closed","template":"full_width.php","meta":{"_mc_calendar":[],"footnotes":""},"class_list":["post-15429","page","type-page","status-publish","hentry"],"_links":{"self":[{"href":"https:\/\/asociacionderechoymoda.com\/pt\/wp-json\/wp\/v2\/pages\/15429","targetHints":{"allow":["GET"]}}],"collection":[{"href":"https:\/\/asociacionderechoymoda.com\/pt\/wp-json\/wp\/v2\/pages"}],"about":[{"href":"https:\/\/asociacionderechoymoda.com\/pt\/wp-json\/wp\/v2\/types\/page"}],"author":[{"embeddable":true,"href":"https:\/\/asociacionderechoymoda.com\/pt\/wp-json\/wp\/v2\/users\/4"}],"replies":[{"embeddable":true,"href":"https:\/\/asociacionderechoymoda.com\/pt\/wp-json\/wp\/v2\/comments?post=15429"}],"version-history":[{"count":2,"href":"https:\/\/asociacionderechoymoda.com\/pt\/wp-json\/wp\/v2\/pages\/15429\/revisions"}],"predecessor-version":[{"id":17553,"href":"https:\/\/asociacionderechoymoda.com\/pt\/wp-json\/wp\/v2\/pages\/15429\/revisions\/17553"}],"wp:attachment":[{"href":"https:\/\/asociacionderechoymoda.com\/pt\/wp-json\/wp\/v2\/media?parent=15429"}],"curies":[{"name":"wp","href":"https:\/\/api.w.org\/{rel}","templated":true}]}}