{"id":15436,"date":"2019-03-12T18:50:10","date_gmt":"2019-03-12T18:50:10","guid":{"rendered":"http:\/\/asociacionderechoymoda.es\/?page_id=15436"},"modified":"2021-10-14T12:29:12","modified_gmt":"2021-10-14T12:29:12","slug":"donde-estamos","status":"publish","type":"page","link":"https:\/\/asociacionderechoymoda.com\/pt\/donde-estamos\/","title":{"rendered":"D\u00d3NDE ESTAMOS"},"content":{"rendered":"<div      class=\"vc_row wpb_row section vc_row-fluid\" style=' text-align:left;'><div class=\"full_section_inner clearfix\"><div class=\"element_from_left\"><div style='transition-delay:2ms; -webkit-animation-delay:2ms; animation-delay:2ms;'><div class=\"wpb_column vc_column_container vc_col-sm-8 vc_col-has-fill\"><div class=\"vc_column-inner vc_custom_1552477304517\"><div class=\"wpb_wrapper\">\t<div class=\"vc_empty_space\"  style=\"height: 140px\" ><span\n\t\t\tclass=\"vc_empty_space_inner\">\n\t\t\t<span class=\"empty_space_image\"  ><\/span>\n\t\t<\/span><\/div>\n\n<\/div><\/div><\/div><div class=\"wpb_column vc_column_container vc_col-sm-4\"><div class=\"vc_column-inner vc_custom_1552480445543\"><div class=\"wpb_wrapper\">\n\t<div class=\"wpb_single_image wpb_content_element vc_align_left\">\n\t\t<div class=\"wpb_wrapper\">\n\t\t\t\n\t\t\t<div class=\"vc_single_image-wrapper   vc_box_border_grey\"><img loading=\"lazy\" decoding=\"async\" width=\"120\" height=\"120\" src=\"https:\/\/asociacionderechoymoda.com\/wp-content\/uploads\/2019\/03\/flag-for-spain_1f1ea-1f1f8.png\" class=\"vc_single_image-img attachment-thumbnail\" alt=\"\" srcset=\"https:\/\/asociacionderechoymoda.com\/wp-content\/uploads\/2019\/03\/flag-for-spain_1f1ea-1f1f8.png 120w, https:\/\/asociacionderechoymoda.com\/wp-content\/uploads\/2019\/03\/flag-for-spain_1f1ea-1f1f8-100x100.png 100w\" sizes=\"auto, (max-width: 120px) 100vw, 120px\" \/><\/div>\n\t\t<\/div>\n\t<\/div>\n\n\t<div class=\"wpb_text_column wpb_content_element\">\n\t\t<div class=\"wpb_wrapper\">\n\t\t\t<h1>\u00a0Espa\u00f1a<\/h1>\n\n\t\t<\/div> \n\t<\/div> \t<div class=\"vc_empty_space\"  style=\"height: 10px\" ><span\n\t\t\tclass=\"vc_empty_space_inner\">\n\t\t\t<span class=\"empty_space_image\"  ><\/span>\n\t\t<\/span><\/div>\n\n<\/div><\/div><\/div><\/div><\/div><\/div><\/div><div      class=\"vc_row wpb_row section vc_row-fluid\" style=' text-align:left;'><div class=\"full_section_inner clearfix\"><div class=\"element_from_left\"><div style='transition-delay:2ms; -webkit-animation-delay:2ms; animation-delay:2ms;'><div class=\"wpb_column vc_column_container vc_col-sm-6 vc_col-has-fill\"><div class=\"vc_column-inner vc_custom_1552477403237\"><div class=\"wpb_wrapper\">\t<div class=\"vc_empty_space\"  style=\"height: 50px\" ><span\n\t\t\tclass=\"vc_empty_space_inner\">\n\t\t\t<span class=\"empty_space_image\"  ><\/span>\n\t\t<\/span><\/div>\n\n<\/div><\/div><\/div><div class=\"wpb_column vc_column_container vc_col-sm-6\"><div class=\"vc_column-inner vc_custom_1552480453633\"><div class=\"wpb_wrapper\">\t<div class=\"vc_empty_space\"  style=\"height: 30px\" ><span\n\t\t\tclass=\"vc_empty_space_inner\">\n\t\t\t<span class=\"empty_space_image\"  ><\/span>\n\t\t<\/span><\/div>\n\n\n\t<div class=\"wpb_text_column wpb_content_element\">\n\t\t<div class=\"wpb_wrapper\">\n\t\t\t<h3 style=\"text-align: left;\">\u00a0 \u00a0 \u00a0 \u00a0 \u00a0 Calle \u00c1lvarez de Baena n\u00ba 7 Madrid 28006<\/h3>\n\n\t\t<\/div> \n\t<\/div> <\/div><\/div><\/div><\/div><\/div><\/div><\/div><div      class=\"vc_row wpb_row section vc_row-fluid\" style=' text-align:left;'><div class=\"full_section_inner clearfix\"><div class=\"wpb_column vc_column_container vc_col-sm-12\"><div class=\"vc_column-inner\"><div class=\"wpb_wrapper\"><div      class=\"vc_row wpb_row section vc_row-fluid vc_inner\" style='background-color:#eeee22; text-align:left;'><div class=\"full_section_inner clearfix\"><div class=\"element_from_right\"><div style='transition-delay:2ms; -webkit-animation-delay:2ms; animation-delay:2ms;'><div class=\"wpb_column vc_column_container vc_col-sm-8\"><div class=\"vc_column-inner vc_custom_1553449042897\"><div class=\"wpb_wrapper\"><div class=\"wpb_gmaps_widget wpb_content_element\"><div class=\"wpb_wrapper\"><div class=\"wpb_map_wraper\"><iframe loading=\"lazy\" src=\"https:\/\/www.google.com\/maps\/embed?pb=!1m18!1m12!1m3!1d3036.651304761298!2d-3.6915729846033987!3d40.43871947936251!2m3!1f0!2f0!3f0!3m2!1i1024!2i768!4f13.1!3m3!1m2!1s0xd4228ec274d48ff%3A0x6f9f738b2ae94bb2!2sCalle+%C3%81lvarez+de+Baena%2C+7%2C+28006+Madrid!5e0!3m2!1ses!2ses!4v1552479912009\" width=\"100%\" height=\"450\" frameborder=\"0\" style=\"border:0\" allowfullscreen><\/iframe><\/div><\/div><\/div><\/div><\/div><\/div><div class=\"wpb_column vc_column_container vc_col-sm-4\"><div class=\"vc_column-inner vc_custom_1553449016609\"><div class=\"wpb_wrapper\">\n\t<div class=\"wpb_single_image wpb_content_element vc_align_left\">\n\t\t<div class=\"wpb_wrapper\">\n\t\t\t\n\t\t\t<div class=\"vc_single_image-wrapper   vc_box_border_grey\"><img loading=\"lazy\" decoding=\"async\" width=\"1640\" height=\"823\" src=\"https:\/\/asociacionderechoymoda.com\/wp-content\/uploads\/2019\/03\/edificio-madrid.jpg\" class=\"vc_single_image-img attachment-full\" alt=\"\" srcset=\"https:\/\/asociacionderechoymoda.com\/wp-content\/uploads\/2019\/03\/edificio-madrid.jpg 1640w, https:\/\/asociacionderechoymoda.com\/wp-content\/uploads\/2019\/03\/edificio-madrid-600x301.jpg 600w, https:\/\/asociacionderechoymoda.com\/wp-content\/uploads\/2019\/03\/edificio-madrid-300x151.jpg 300w, https:\/\/asociacionderechoymoda.com\/wp-content\/uploads\/2019\/03\/edificio-madrid-768x385.jpg 768w, https:\/\/asociacionderechoymoda.com\/wp-content\/uploads\/2019\/03\/edificio-madrid-1024x514.jpg 1024w, https:\/\/asociacionderechoymoda.com\/wp-content\/uploads\/2019\/03\/edificio-madrid-700x351.jpg 700w\" sizes=\"auto, (max-width: 1640px) 100vw, 1640px\" \/><\/div>\n\t\t<\/div>\n\t<\/div>\n<\/div><\/div><\/div><\/div><\/div><\/div><\/div><\/div><\/div><\/div><\/div><\/div><div      class=\"vc_row wpb_row section vc_row-fluid\" style=' text-align:left;'><div class=\"full_section_inner clearfix\"><div class=\"element_from_left\"><div style='transition-delay:2ms; -webkit-animation-delay:2ms; animation-delay:2ms;'><div class=\"wpb_column vc_column_container vc_col-sm-8 vc_col-has-fill\"><div class=\"vc_column-inner vc_custom_1552477403237\"><div class=\"wpb_wrapper\">\t<div class=\"vc_empty_space\"  style=\"height: 140px\" ><span\n\t\t\tclass=\"vc_empty_space_inner\">\n\t\t\t<span class=\"empty_space_image\"  ><\/span>\n\t\t<\/span><\/div>\n\n<\/div><\/div><\/div><div class=\"wpb_column vc_column_container vc_col-sm-4\"><div class=\"vc_column-inner\"><div class=\"wpb_wrapper\">\n\t<div class=\"wpb_single_image wpb_content_element vc_align_left\">\n\t\t<div class=\"wpb_wrapper\">\n\t\t\t\n\t\t\t<div class=\"vc_single_image-wrapper   vc_box_border_grey\"><img loading=\"lazy\" decoding=\"async\" width=\"120\" height=\"120\" src=\"https:\/\/asociacionderechoymoda.com\/wp-content\/uploads\/2019\/03\/flag-for-portugal_1f1f5-1f1f9.png\" class=\"vc_single_image-img attachment-thumbnail\" alt=\"\" srcset=\"https:\/\/asociacionderechoymoda.com\/wp-content\/uploads\/2019\/03\/flag-for-portugal_1f1f5-1f1f9.png 120w, https:\/\/asociacionderechoymoda.com\/wp-content\/uploads\/2019\/03\/flag-for-portugal_1f1f5-1f1f9-100x100.png 100w\" sizes=\"auto, (max-width: 120px) 100vw, 120px\" \/><\/div>\n\t\t<\/div>\n\t<\/div>\n\n\t<div class=\"wpb_text_column wpb_content_element\">\n\t\t<div class=\"wpb_wrapper\">\n\t\t\t<h1 style=\"text-align: left;\">Portugal<\/h1>\n\n\t\t<\/div> \n\t<\/div> <\/div><\/div><\/div><\/div><\/div><\/div><\/div><div      class=\"vc_row wpb_row section vc_row-fluid\" style=' text-align:left;'><div class=\"full_section_inner clearfix\"><div class=\"element_from_left\"><div style='transition-delay:2ms; -webkit-animation-delay:2ms; animation-delay:2ms;'><div class=\"wpb_column vc_column_container vc_col-sm-6 vc_col-has-fill\"><div class=\"vc_column-inner vc_custom_1552477304517\"><div class=\"wpb_wrapper\">\t<div class=\"vc_empty_space\"  style=\"height: 50px\" ><span\n\t\t\tclass=\"vc_empty_space_inner\">\n\t\t\t<span class=\"empty_space_image\"  ><\/span>\n\t\t<\/span><\/div>\n\n<\/div><\/div><\/div><div class=\"wpb_column vc_column_container vc_col-sm-6\"><div class=\"vc_column-inner\"><div class=\"wpb_wrapper\">\t<div class=\"vc_empty_space\"  style=\"height: 30px\" ><span\n\t\t\tclass=\"vc_empty_space_inner\">\n\t\t\t<span class=\"empty_space_image\"  ><\/span>\n\t\t<\/span><\/div>\n\n\n\t<div class=\"wpb_text_column wpb_content_element\">\n\t\t<div class=\"wpb_wrapper\">\n\t\t\t<h3 style=\"text-align: left;\">Rua Arquitecto Cassiano Barbosa, 44 \u2013 S 6\/7 4100-009 Porto<\/h3>\n\n\t\t<\/div> \n\t<\/div> <\/div><\/div><\/div><\/div><\/div><\/div><\/div><div      class=\"vc_row wpb_row section vc_row-fluid\" style='background-color:#eeee22; text-align:left;'><div class=\"full_section_inner clearfix\"><div class=\"wpb_column vc_column_container vc_col-sm-12\"><div class=\"vc_column-inner\"><div class=\"wpb_wrapper\"><div      class=\"vc_row wpb_row section vc_row-fluid vc_inner\" style=' text-align:left;'><div class=\"full_section_inner clearfix\"><div class=\"element_from_right\"><div style='transition-delay:2ms; -webkit-animation-delay:2ms; animation-delay:2ms;'><div class=\"wpb_column vc_column_container vc_col-sm-3\"><div class=\"vc_column-inner vc_custom_1553449956195\"><div class=\"wpb_wrapper\">\n\t<div class=\"wpb_single_image wpb_content_element vc_align_left\">\n\t\t<div class=\"wpb_wrapper\">\n\t\t\t\n\t\t\t<div class=\"vc_single_image-wrapper   vc_box_border_grey\"><img loading=\"lazy\" decoding=\"async\" width=\"1424\" height=\"952\" src=\"https:\/\/asociacionderechoymoda.com\/wp-content\/uploads\/2019\/03\/portugal.jpg\" class=\"vc_single_image-img attachment-full\" alt=\"\" srcset=\"https:\/\/asociacionderechoymoda.com\/wp-content\/uploads\/2019\/03\/portugal.jpg 1424w, https:\/\/asociacionderechoymoda.com\/wp-content\/uploads\/2019\/03\/portugal-600x401.jpg 600w, https:\/\/asociacionderechoymoda.com\/wp-content\/uploads\/2019\/03\/portugal-300x201.jpg 300w, https:\/\/asociacionderechoymoda.com\/wp-content\/uploads\/2019\/03\/portugal-768x513.jpg 768w, https:\/\/asociacionderechoymoda.com\/wp-content\/uploads\/2019\/03\/portugal-1024x685.jpg 1024w, https:\/\/asociacionderechoymoda.com\/wp-content\/uploads\/2019\/03\/portugal-700x468.jpg 700w\" sizes=\"auto, (max-width: 1424px) 100vw, 1424px\" \/><\/div>\n\t\t<\/div>\n\t<\/div>\n<\/div><\/div><\/div><div class=\"wpb_column vc_column_container vc_col-sm-9\"><div class=\"vc_column-inner vc_custom_1553449966483\"><div class=\"wpb_wrapper\"><div class=\"wpb_gmaps_widget wpb_content_element\"><div class=\"wpb_wrapper\"><div class=\"wpb_map_wraper\"><iframe loading=\"lazy\" src=\"https:\/\/www.google.com\/maps\/embed?pb=!1m18!1m12!1m3!1d3003.5564187960417!2d-8.651462884264294!3d41.16602961765068!2m3!1f0!2f0!3f0!3m2!1i1024!2i768!4f13.1!3m3!1m2!1s0xd246585547006f3%3A0xcc700f8ee883282f!2sR.+Arquitecto+Cassiano+Barbosa+44+7%2C+4100-009+Porto%2C+Portugal!5e0!3m2!1ses!2ses!4v1552480736615\" width=\"100%\" height=\"450\" frameborder=\"0\" style=\"border:0\" allowfullscreen><\/iframe><\/div><\/div><\/div><\/div><\/div><\/div><\/div><\/div><\/div><\/div><\/div><\/div><\/div><\/div><\/div><div      class=\"vc_row wpb_row section vc_row-fluid\" style=' text-align:left;'><div class=\"full_section_inner clearfix\"><div class=\"element_from_left\"><div style='transition-delay:2ms; -webkit-animation-delay:2ms; animation-delay:2ms;'><div class=\"wpb_column vc_column_container vc_col-sm-8 vc_col-has-fill\"><div class=\"vc_column-inner vc_custom_1552477304517\"><div class=\"wpb_wrapper\">\t<div class=\"vc_empty_space\"  style=\"height: 140px\" ><span\n\t\t\tclass=\"vc_empty_space_inner\">\n\t\t\t<span class=\"empty_space_image\"  ><\/span>\n\t\t<\/span><\/div>\n\n<\/div><\/div><\/div><div class=\"wpb_column vc_column_container vc_col-sm-4\"><div class=\"vc_column-inner vc_custom_1552480445543\"><div class=\"wpb_wrapper\">\n\t<div class=\"wpb_single_image wpb_content_element vc_align_left\">\n\t\t<div class=\"wpb_wrapper\">\n\t\t\t\n\t\t\t<div class=\"vc_single_image-wrapper   vc_box_border_grey\"><img loading=\"lazy\" decoding=\"async\" class=\"vc_single_image-img\" src=\"https:\/\/asociacionderechoymoda.com\/wp-content\/uploads\/2019\/03\/flag-for-peru_1f1f5-1f1ea-120x100.png\" width=\"120\" height=\"100\" alt=\"flag-for-peru_1f1f5-1f1ea\" title=\"flag-for-peru_1f1f5-1f1ea\" \/><\/div>\n\t\t<\/div>\n\t<\/div>\n\n\t<div class=\"wpb_text_column wpb_content_element\">\n\t\t<div class=\"wpb_wrapper\">\n\t\t\t<h1>\u00a0Peru<\/h1>\n\n\t\t<\/div> \n\t<\/div> \t<div class=\"vc_empty_space\"  style=\"height: 10px\" ><span\n\t\t\tclass=\"vc_empty_space_inner\">\n\t\t\t<span class=\"empty_space_image\"  ><\/span>\n\t\t<\/span><\/div>\n\n<\/div><\/div><\/div><\/div><\/div><\/div><\/div><div      class=\"vc_row wpb_row section vc_row-fluid\" style=' text-align:left;'><div class=\"full_section_inner clearfix\"><div class=\"element_from_left\"><div style='transition-delay:2ms; -webkit-animation-delay:2ms; animation-delay:2ms;'><div class=\"wpb_column vc_column_container vc_col-sm-6 vc_col-has-fill\"><div class=\"vc_column-inner vc_custom_1552477403237\"><div class=\"wpb_wrapper\">\t<div class=\"vc_empty_space\"  style=\"height: 50px\" ><span\n\t\t\tclass=\"vc_empty_space_inner\">\n\t\t\t<span class=\"empty_space_image\"  ><\/span>\n\t\t<\/span><\/div>\n\n<\/div><\/div><\/div><div class=\"wpb_column vc_column_container vc_col-sm-6\"><div class=\"vc_column-inner vc_custom_1552480453633\"><div class=\"wpb_wrapper\">\t<div class=\"vc_empty_space\"  style=\"height: 30px\" ><span\n\t\t\tclass=\"vc_empty_space_inner\">\n\t\t\t<span class=\"empty_space_image\"  ><\/span>\n\t\t<\/span><\/div>\n\n\n\t<div class=\"wpb_text_column wpb_content_element\">\n\t\t<div class=\"wpb_wrapper\">\n\t\t\t<h3 style=\"text-align: left;\">Avenida Las Begonias No. 475, piso 6, San Isidro, Lima 27, Per\u00fa<\/h3>\n\n\t\t<\/div> \n\t<\/div> <\/div><\/div><\/div><\/div><\/div><\/div><\/div><div      class=\"vc_row wpb_row section vc_row-fluid\" style=' text-align:left;'><div class=\"full_section_inner clearfix\"><div class=\"wpb_column vc_column_container vc_col-sm-12\"><div class=\"vc_column-inner\"><div class=\"wpb_wrapper\"><div      class=\"vc_row wpb_row section vc_row-fluid vc_inner\" style='background-color:#eeee22; text-align:left;'><div class=\"full_section_inner clearfix\"><div class=\"element_from_right\"><div style='transition-delay:2ms; -webkit-animation-delay:2ms; animation-delay:2ms;'><div class=\"wpb_column vc_column_container vc_col-sm-8\"><div class=\"vc_column-inner vc_custom_1553449042897\"><div class=\"wpb_wrapper\"><div class=\"wpb_gmaps_widget wpb_content_element\"><div class=\"wpb_wrapper\"><div class=\"wpb_map_wraper\"><iframe loading=\"lazy\" src=\"https:\/\/www.google.com\/maps\/embed?pb=!1m18!1m12!1m3!1d3901.273348026102!2d-77.02661528456179!3d-12.093429946064497!2m3!1f0!2f0!3f0!3m2!1i1024!2i768!4f13.1!3m3!1m2!1s0x9105c864fe7f9805%3A0xb5f0a1e5524ef87c!2sCalle+Las+Begonias+475%2C+Cercado+de+Lima+15046%2C+Per%C3%BA!5e0!3m2!1ses!2ses!4v1554889670922!5m2!1ses!2ses\" width=\"100%\" height=\"450\" frameborder=\"0\" style=\"border:0\" allowfullscreen><\/iframe><\/div><\/div><\/div><\/div><\/div><\/div><div class=\"wpb_column vc_column_container vc_col-sm-4\"><div class=\"vc_column-inner vc_custom_1553449016609\"><div class=\"wpb_wrapper\">\n\t<div class=\"wpb_single_image wpb_content_element vc_align_left\">\n\t\t<div class=\"wpb_wrapper\">\n\t\t\t\n\t\t\t<div class=\"vc_single_image-wrapper   vc_box_border_grey\"><img loading=\"lazy\" decoding=\"async\" width=\"1640\" height=\"823\" src=\"https:\/\/asociacionderechoymoda.com\/wp-content\/uploads\/2019\/04\/peru.jpg\" class=\"vc_single_image-img attachment-full\" alt=\"\" srcset=\"https:\/\/asociacionderechoymoda.com\/wp-content\/uploads\/2019\/04\/peru.jpg 1640w, https:\/\/asociacionderechoymoda.com\/wp-content\/uploads\/2019\/04\/peru-600x301.jpg 600w, https:\/\/asociacionderechoymoda.com\/wp-content\/uploads\/2019\/04\/peru-300x151.jpg 300w, https:\/\/asociacionderechoymoda.com\/wp-content\/uploads\/2019\/04\/peru-768x385.jpg 768w, https:\/\/asociacionderechoymoda.com\/wp-content\/uploads\/2019\/04\/peru-1024x514.jpg 1024w, https:\/\/asociacionderechoymoda.com\/wp-content\/uploads\/2019\/04\/peru-700x351.jpg 700w\" sizes=\"auto, (max-width: 1640px) 100vw, 1640px\" \/><\/div>\n\t\t<\/div>\n\t<\/div>\n<\/div><\/div><\/div><\/div><\/div><\/div><\/div><\/div><\/div><\/div><\/div><\/div><div      class=\"vc_row wpb_row section vc_row-fluid\" style=' text-align:left;'><div class=\"full_section_inner clearfix\"><div class=\"element_from_left\"><div style='transition-delay:2ms; -webkit-animation-delay:2ms; animation-delay:2ms;'><div class=\"wpb_column vc_column_container vc_col-sm-8 vc_col-has-fill\"><div class=\"vc_column-inner vc_custom_1552477403237\"><div class=\"wpb_wrapper\">\t<div class=\"vc_empty_space\"  style=\"height: 140px\" ><span\n\t\t\tclass=\"vc_empty_space_inner\">\n\t\t\t<span class=\"empty_space_image\"  ><\/span>\n\t\t<\/span><\/div>\n\n<\/div><\/div><\/div><div class=\"wpb_column vc_column_container vc_col-sm-4\"><div class=\"vc_column-inner\"><div class=\"wpb_wrapper\">\n\t<div class=\"wpb_single_image wpb_content_element vc_align_left\">\n\t\t<div class=\"wpb_wrapper\">\n\t\t\t\n\t\t\t<div class=\"vc_single_image-wrapper   vc_box_border_grey\"><img loading=\"lazy\" decoding=\"async\" width=\"120\" height=\"120\" src=\"https:\/\/asociacionderechoymoda.com\/wp-content\/uploads\/2019\/03\/flag-for-andorra_1f1e6-1f1e9.png\" class=\"vc_single_image-img attachment-thumbnail\" alt=\"\" srcset=\"https:\/\/asociacionderechoymoda.com\/wp-content\/uploads\/2019\/03\/flag-for-andorra_1f1e6-1f1e9.png 120w, https:\/\/asociacionderechoymoda.com\/wp-content\/uploads\/2019\/03\/flag-for-andorra_1f1e6-1f1e9-100x100.png 100w\" sizes=\"auto, (max-width: 120px) 100vw, 120px\" \/><\/div>\n\t\t<\/div>\n\t<\/div>\n\n\t<div class=\"wpb_text_column wpb_content_element\">\n\t\t<div class=\"wpb_wrapper\">\n\t\t\t<h1 style=\"text-align: left;\">Andorra<\/h1>\n\n\t\t<\/div> \n\t<\/div> <\/div><\/div><\/div><\/div><\/div><\/div><\/div><div      class=\"vc_row wpb_row section vc_row-fluid\" style=' text-align:left;'><div class=\"full_section_inner clearfix\"><div class=\"element_from_left\"><div style='transition-delay:2ms; -webkit-animation-delay:2ms; animation-delay:2ms;'><div class=\"wpb_column vc_column_container vc_col-sm-6 vc_col-has-fill\"><div class=\"vc_column-inner vc_custom_1552477304517\"><div class=\"wpb_wrapper\">\t<div class=\"vc_empty_space\"  style=\"height: 50px\" ><span\n\t\t\tclass=\"vc_empty_space_inner\">\n\t\t\t<span class=\"empty_space_image\"  ><\/span>\n\t\t<\/span><\/div>\n\n<\/div><\/div><\/div><div class=\"wpb_column vc_column_container vc_col-sm-6\"><div class=\"vc_column-inner\"><div class=\"wpb_wrapper\">\t<div class=\"vc_empty_space\"  style=\"height: 30px\" ><span\n\t\t\tclass=\"vc_empty_space_inner\">\n\t\t\t<span class=\"empty_space_image\"  ><\/span>\n\t\t<\/span><\/div>\n\n\n\t<div class=\"wpb_text_column wpb_content_element\">\n\t\t<div class=\"wpb_wrapper\">\n\t\t\t<h3 style=\"text-align: left;\">Avinguda Carlemany 67, 6-1 CP AD700 Escaldes- Engordany. Principado de Andorra.<\/h3>\n\n\t\t<\/div> \n\t<\/div> <\/div><\/div><\/div><\/div><\/div><\/div><\/div><div      class=\"vc_row wpb_row section vc_row-fluid\" style='background-color:#eeee22; text-align:left;'><div class=\"full_section_inner clearfix\"><div class=\"wpb_column vc_column_container vc_col-sm-12\"><div class=\"vc_column-inner\"><div class=\"wpb_wrapper\"><div      class=\"vc_row wpb_row section vc_row-fluid vc_inner\" style=' text-align:left;'><div class=\"full_section_inner clearfix\"><div class=\"element_from_right\"><div style='transition-delay:2ms; -webkit-animation-delay:2ms; animation-delay:2ms;'><div class=\"wpb_column vc_column_container vc_col-sm-3\"><div class=\"vc_column-inner vc_custom_1553449956195\"><div class=\"wpb_wrapper\">\n\t<div class=\"wpb_single_image wpb_content_element vc_align_left\">\n\t\t<div class=\"wpb_wrapper\">\n\t\t\t\n\t\t\t<div class=\"vc_single_image-wrapper   vc_box_border_grey\"><img loading=\"lazy\" decoding=\"async\" width=\"1140\" height=\"852\" src=\"https:\/\/asociacionderechoymoda.com\/wp-content\/uploads\/2019\/05\/FireShot-Capture-096-67-Av.-Carlemany-Google-Maps-www.google.es_.png\" class=\"vc_single_image-img attachment-full\" alt=\"\" srcset=\"https:\/\/asociacionderechoymoda.com\/wp-content\/uploads\/2019\/05\/FireShot-Capture-096-67-Av.-Carlemany-Google-Maps-www.google.es_.png 1140w, https:\/\/asociacionderechoymoda.com\/wp-content\/uploads\/2019\/05\/FireShot-Capture-096-67-Av.-Carlemany-Google-Maps-www.google.es_-600x448.png 600w, https:\/\/asociacionderechoymoda.com\/wp-content\/uploads\/2019\/05\/FireShot-Capture-096-67-Av.-Carlemany-Google-Maps-www.google.es_-300x224.png 300w, https:\/\/asociacionderechoymoda.com\/wp-content\/uploads\/2019\/05\/FireShot-Capture-096-67-Av.-Carlemany-Google-Maps-www.google.es_-768x574.png 768w, https:\/\/asociacionderechoymoda.com\/wp-content\/uploads\/2019\/05\/FireShot-Capture-096-67-Av.-Carlemany-Google-Maps-www.google.es_-1024x765.png 1024w, https:\/\/asociacionderechoymoda.com\/wp-content\/uploads\/2019\/05\/FireShot-Capture-096-67-Av.-Carlemany-Google-Maps-www.google.es_-700x523.png 700w\" sizes=\"auto, (max-width: 1140px) 100vw, 1140px\" \/><\/div>\n\t\t<\/div>\n\t<\/div>\n<\/div><\/div><\/div><div class=\"wpb_column vc_column_container vc_col-sm-9\"><div class=\"vc_column-inner vc_custom_1553449966483\"><div class=\"wpb_wrapper\"><div class=\"wpb_gmaps_widget wpb_content_element\"><div class=\"wpb_wrapper\"><div class=\"wpb_map_wraper\"><iframe loading=\"lazy\" src=\"https:\/\/www.google.com\/maps\/embed?pb=!1m18!1m12!1m3!1d2941.196394317718!2d1.5369765157615685!3d42.50863423369776!2m3!1f0!2f0!3f0!3m2!1i1024!2i768!4f13.1!3m3!1m2!1s0x12a58add9f007899%3A0xb0bb690bc2ba87b6!2sAv.+Carlemany%2C+67%2C+AD700+Escaldes-Engordany%2C+Andorra!5e0!3m2!1ses!2ses!4v1559294263948!5m2!1ses!2ses\" width=\"100%\" height=\"450\" frameborder=\"0\" style=\"border:0\" allowfullscreen><\/iframe><\/div><\/div><\/div><\/div><\/div><\/div><\/div><\/div><\/div><\/div><\/div><\/div><\/div><\/div><\/div><div      class=\"vc_row wpb_row section vc_row-fluid\" style=' text-align:left;'><div class=\"full_section_inner clearfix\"><div class=\"element_from_left\"><div style='transition-delay:2ms; -webkit-animation-delay:2ms; animation-delay:2ms;'><div class=\"wpb_column vc_column_container vc_col-sm-8 vc_col-has-fill\"><div class=\"vc_column-inner vc_custom_1552477304517\"><div class=\"wpb_wrapper\">\t<div class=\"vc_empty_space\"  style=\"height: 140px\" ><span\n\t\t\tclass=\"vc_empty_space_inner\">\n\t\t\t<span class=\"empty_space_image\"  ><\/span>\n\t\t<\/span><\/div>\n\n<\/div><\/div><\/div><div class=\"wpb_column vc_column_container vc_col-sm-4\"><div class=\"vc_column-inner vc_custom_1552480445543\"><div class=\"wpb_wrapper\">\n\t<div class=\"wpb_single_image wpb_content_element vc_align_left\">\n\t\t<div class=\"wpb_wrapper\">\n\t\t\t\n\t\t\t<div class=\"vc_single_image-wrapper   vc_box_border_grey\"><img loading=\"lazy\" decoding=\"async\" width=\"120\" height=\"120\" src=\"https:\/\/asociacionderechoymoda.com\/wp-content\/uploads\/2019\/04\/flag-for-chile_1f1e8-1f1f1.png\" class=\"vc_single_image-img attachment-thumbnail\" alt=\"\" srcset=\"https:\/\/asociacionderechoymoda.com\/wp-content\/uploads\/2019\/04\/flag-for-chile_1f1e8-1f1f1.png 120w, https:\/\/asociacionderechoymoda.com\/wp-content\/uploads\/2019\/04\/flag-for-chile_1f1e8-1f1f1-100x100.png 100w\" sizes=\"auto, (max-width: 120px) 100vw, 120px\" \/><\/div>\n\t\t<\/div>\n\t<\/div>\n\n\t<div class=\"wpb_text_column wpb_content_element\">\n\t\t<div class=\"wpb_wrapper\">\n\t\t\t<h1>\u00a0Chile<\/h1>\n\n\t\t<\/div> \n\t<\/div> \t<div class=\"vc_empty_space\"  style=\"height: 10px\" ><span\n\t\t\tclass=\"vc_empty_space_inner\">\n\t\t\t<span class=\"empty_space_image\"  ><\/span>\n\t\t<\/span><\/div>\n\n<\/div><\/div><\/div><\/div><\/div><\/div><\/div><div      class=\"vc_row wpb_row section vc_row-fluid\" style=' text-align:left;'><div class=\"full_section_inner clearfix\"><div class=\"element_from_left\"><div style='transition-delay:2ms; -webkit-animation-delay:2ms; animation-delay:2ms;'><div class=\"wpb_column vc_column_container vc_col-sm-6 vc_col-has-fill\"><div class=\"vc_column-inner vc_custom_1552477403237\"><div class=\"wpb_wrapper\">\t<div class=\"vc_empty_space\"  style=\"height: 80px\" ><span\n\t\t\tclass=\"vc_empty_space_inner\">\n\t\t\t<span class=\"empty_space_image\"  ><\/span>\n\t\t<\/span><\/div>\n\n<\/div><\/div><\/div><div class=\"wpb_column vc_column_container vc_col-sm-6\"><div class=\"vc_column-inner vc_custom_1552480453633\"><div class=\"wpb_wrapper\">\t<div class=\"vc_empty_space\"  style=\"height: 30px\" ><span\n\t\t\tclass=\"vc_empty_space_inner\">\n\t\t\t<span class=\"empty_space_image\"  ><\/span>\n\t\t<\/span><\/div>\n\n\n\t<div class=\"wpb_text_column wpb_content_element\">\n\t\t<div class=\"wpb_wrapper\">\n\t\t\t<h3 style=\"text-align: left;\">Calle Siete Norte 645, oficina 605, comuna de Vi\u00f1a del Mar, Provincia y Regi\u00f3n de Valpara\u00edso, Rep\u00fablica de Chile.<\/h3>\n\n\t\t<\/div> \n\t<\/div> <\/div><\/div><\/div><\/div><\/div><\/div><\/div><div      class=\"vc_row wpb_row section vc_row-fluid\" style=' text-align:left;'><div class=\"full_section_inner clearfix\"><div class=\"wpb_column vc_column_container vc_col-sm-12\"><div class=\"vc_column-inner\"><div class=\"wpb_wrapper\"><div      class=\"vc_row wpb_row section vc_row-fluid vc_inner\" style='background-color:#eeee22; text-align:left;'><div class=\"full_section_inner clearfix\"><div class=\"element_from_right\"><div style='transition-delay:2ms; -webkit-animation-delay:2ms; animation-delay:2ms;'><div class=\"wpb_column vc_column_container vc_col-sm-8\"><div class=\"vc_column-inner vc_custom_1553449042897\"><div class=\"wpb_wrapper\"><div class=\"wpb_gmaps_widget wpb_content_element\"><div class=\"wpb_wrapper\"><div class=\"wpb_map_wraper\"><iframe src=\"https:\/\/www.google.com\/maps\/embed?pb=!1m18!1m12!1m3!1d3345.53241569629!2d-71.5533249848119!3d-33.01610098090044!2m3!1f0!2f0!3f0!3m2!1i1024!2i768!4f13.1!3m3!1m2!1s0x9689dd6ff6773ddd%3A0xb5f90b5166415a77!2sMontoya%20%26%20Viera!5e0!3m2!1ses-419!2scl!4v1631695503557!5m2!1ses-419!2scl\" width=\"100%\" height=\"450\" style=\"border:0;\" allowfullscreen=\"\" loading=\"lazy\"><\/iframe><\/div><\/div><\/div><\/div><\/div><\/div><div class=\"wpb_column vc_column_container vc_col-sm-4\"><div class=\"vc_column-inner vc_custom_1553449016609\"><div class=\"wpb_wrapper\">\n\t<div class=\"wpb_single_image wpb_content_element vc_align_left\">\n\t\t<div class=\"wpb_wrapper\">\n\t\t\t\n\t\t\t<div class=\"vc_single_image-wrapper   vc_box_border_grey\"><img loading=\"lazy\" decoding=\"async\" width=\"1640\" height=\"823\" src=\"https:\/\/asociacionderechoymoda.com\/wp-content\/uploads\/2019\/03\/edificio-madrid.jpg\" class=\"vc_single_image-img attachment-full\" alt=\"\" srcset=\"https:\/\/asociacionderechoymoda.com\/wp-content\/uploads\/2019\/03\/edificio-madrid.jpg 1640w, https:\/\/asociacionderechoymoda.com\/wp-content\/uploads\/2019\/03\/edificio-madrid-600x301.jpg 600w, https:\/\/asociacionderechoymoda.com\/wp-content\/uploads\/2019\/03\/edificio-madrid-300x151.jpg 300w, https:\/\/asociacionderechoymoda.com\/wp-content\/uploads\/2019\/03\/edificio-madrid-768x385.jpg 768w, https:\/\/asociacionderechoymoda.com\/wp-content\/uploads\/2019\/03\/edificio-madrid-1024x514.jpg 1024w, https:\/\/asociacionderechoymoda.com\/wp-content\/uploads\/2019\/03\/edificio-madrid-700x351.jpg 700w\" sizes=\"auto, (max-width: 1640px) 100vw, 1640px\" \/><\/div>\n\t\t<\/div>\n\t<\/div>\n<\/div><\/div><\/div><\/div><\/div><\/div><\/div><\/div><\/div><\/div><\/div><\/div><div      class=\"vc_row wpb_row section vc_row-fluid\" style=' text-align:left;'><div class=\"full_section_inner clearfix\"><div class=\"element_from_left\"><div style='transition-delay:2ms; -webkit-animation-delay:2ms; animation-delay:2ms;'><div class=\"wpb_column vc_column_container vc_col-sm-8 vc_col-has-fill\"><div class=\"vc_column-inner vc_custom_1552477403237\"><div class=\"wpb_wrapper\">\t<div class=\"vc_empty_space\"  style=\"height: 140px\" ><span\n\t\t\tclass=\"vc_empty_space_inner\">\n\t\t\t<span class=\"empty_space_image\"  ><\/span>\n\t\t<\/span><\/div>\n\n<\/div><\/div><\/div><div class=\"wpb_column vc_column_container vc_col-sm-4\"><div class=\"vc_column-inner\"><div class=\"wpb_wrapper\">\n\t<div class=\"wpb_single_image wpb_content_element vc_align_left\">\n\t\t<div class=\"wpb_wrapper\">\n\t\t\t\n\t\t\t<div class=\"vc_single_image-wrapper   vc_box_border_grey\"><img loading=\"lazy\" decoding=\"async\" width=\"150\" height=\"150\" src=\"https:\/\/asociacionderechoymoda.com\/wp-content\/uploads\/2021\/10\/1024px-Flag_of_Argentina.svg_-150x150.png\" class=\"vc_single_image-img attachment-thumbnail\" alt=\"\" srcset=\"https:\/\/asociacionderechoymoda.com\/wp-content\/uploads\/2021\/10\/1024px-Flag_of_Argentina.svg_-150x150.png 150w, https:\/\/asociacionderechoymoda.com\/wp-content\/uploads\/2021\/10\/1024px-Flag_of_Argentina.svg_-300x300.png 300w, https:\/\/asociacionderechoymoda.com\/wp-content\/uploads\/2021\/10\/1024px-Flag_of_Argentina.svg_-100x100.png 100w, https:\/\/asociacionderechoymoda.com\/wp-content\/uploads\/2021\/10\/1024px-Flag_of_Argentina.svg_-570x570.png 570w, https:\/\/asociacionderechoymoda.com\/wp-content\/uploads\/2021\/10\/1024px-Flag_of_Argentina.svg_-500x500.png 500w\" sizes=\"auto, (max-width: 150px) 100vw, 150px\" \/><\/div>\n\t\t<\/div>\n\t<\/div>\n\n\t<div class=\"wpb_text_column wpb_content_element\">\n\t\t<div class=\"wpb_wrapper\">\n\t\t\t<h1 style=\"text-align: left;\">Argentina<\/h1>\n\n\t\t<\/div> \n\t<\/div> <\/div><\/div><\/div><\/div><\/div><\/div><\/div><div      class=\"vc_row wpb_row section vc_row-fluid\" style=' text-align:left;'><div class=\"full_section_inner clearfix\"><div class=\"element_from_left\"><div style='transition-delay:2ms; -webkit-animation-delay:2ms; animation-delay:2ms;'><div class=\"wpb_column vc_column_container vc_col-sm-6 vc_col-has-fill\"><div class=\"vc_column-inner vc_custom_1552477304517\"><div class=\"wpb_wrapper\">\t<div class=\"vc_empty_space\"  style=\"height: 50px\" ><span\n\t\t\tclass=\"vc_empty_space_inner\">\n\t\t\t<span class=\"empty_space_image\"  ><\/span>\n\t\t<\/span><\/div>\n\n<\/div><\/div><\/div><div class=\"wpb_column vc_column_container vc_col-sm-6\"><div class=\"vc_column-inner\"><div class=\"wpb_wrapper\">\t<div class=\"vc_empty_space\"  style=\"height: 30px\" ><span\n\t\t\tclass=\"vc_empty_space_inner\">\n\t\t\t<span class=\"empty_space_image\"  ><\/span>\n\t\t<\/span><\/div>\n\n\n\t<div class=\"wpb_text_column wpb_content_element\">\n\t\t<div class=\"wpb_wrapper\">\n\t\t\t<h3 style=\"text-align: left;\">Teniente General Per\u00f3n 1671 piso 14 \u201cJ\u201d, Ciudad de Buenos Aires. C\u00f3digo Postal 1037, Rep\u00fablica Argentina.<\/h3>\n\n\t\t<\/div> \n\t<\/div> <\/div><\/div><\/div><\/div><\/div><\/div><\/div><div      class=\"vc_row wpb_row section vc_row-fluid\" style='background-color:#eeee22; text-align:left;'><div class=\"full_section_inner clearfix\"><div class=\"wpb_column vc_column_container vc_col-sm-12\"><div class=\"vc_column-inner\"><div class=\"wpb_wrapper\"><div      class=\"vc_row wpb_row section vc_row-fluid vc_inner\" style=' text-align:left;'><div class=\"full_section_inner clearfix\"><div class=\"element_from_right\"><div style='transition-delay:2ms; -webkit-animation-delay:2ms; animation-delay:2ms;'><div class=\"wpb_column vc_column_container vc_col-sm-3 vc_hidden-lg vc_hidden-md vc_hidden-sm vc_hidden-xs\"><div class=\"vc_column-inner vc_custom_1634213592958\"><div class=\"wpb_wrapper\">\n\t<div class=\"wpb_single_image wpb_content_element vc_align_left\">\n\t\t<div class=\"wpb_wrapper\">\n\t\t\t\n\t\t\t<div class=\"vc_single_image-wrapper   vc_box_border_grey\"><img loading=\"lazy\" decoding=\"async\" width=\"1140\" height=\"852\" src=\"https:\/\/asociacionderechoymoda.com\/wp-content\/uploads\/2019\/05\/FireShot-Capture-096-67-Av.-Carlemany-Google-Maps-www.google.es_.png\" class=\"vc_single_image-img attachment-full\" alt=\"\" srcset=\"https:\/\/asociacionderechoymoda.com\/wp-content\/uploads\/2019\/05\/FireShot-Capture-096-67-Av.-Carlemany-Google-Maps-www.google.es_.png 1140w, https:\/\/asociacionderechoymoda.com\/wp-content\/uploads\/2019\/05\/FireShot-Capture-096-67-Av.-Carlemany-Google-Maps-www.google.es_-600x448.png 600w, https:\/\/asociacionderechoymoda.com\/wp-content\/uploads\/2019\/05\/FireShot-Capture-096-67-Av.-Carlemany-Google-Maps-www.google.es_-300x224.png 300w, https:\/\/asociacionderechoymoda.com\/wp-content\/uploads\/2019\/05\/FireShot-Capture-096-67-Av.-Carlemany-Google-Maps-www.google.es_-768x574.png 768w, https:\/\/asociacionderechoymoda.com\/wp-content\/uploads\/2019\/05\/FireShot-Capture-096-67-Av.-Carlemany-Google-Maps-www.google.es_-1024x765.png 1024w, https:\/\/asociacionderechoymoda.com\/wp-content\/uploads\/2019\/05\/FireShot-Capture-096-67-Av.-Carlemany-Google-Maps-www.google.es_-700x523.png 700w\" sizes=\"auto, (max-width: 1140px) 100vw, 1140px\" \/><\/div>\n\t\t<\/div>\n\t<\/div>\n<\/div><\/div><\/div><div class=\"wpb_column vc_column_container vc_col-sm-9\"><div class=\"vc_column-inner vc_custom_1553449966483\"><div class=\"wpb_wrapper\"><div class=\"wpb_gmaps_widget wpb_content_element\"><div class=\"wpb_wrapper\"><div class=\"wpb_map_wraper\"><iframe src=\"https:\/\/www.google.com\/maps\/embed?pb=!1m18!1m12!1m3!1d3283.904683908684!2d-58.392556384770145!3d-34.606571680458764!2m3!1f0!2f0!3f0!3m2!1i1024!2i768!4f13.1!3m3!1m2!1s0x95bccac3b94b425d%3A0xc1e89114321b242e!2spiso%2014!5e0!3m2!1ses!2ses!4v1634213442865!5m2!1ses!2ses\" width=\"100%\" height=\"450\" style=\"border:0;\" allowfullscreen=\"\" loading=\"lazy\"><\/iframe><\/div><\/div><\/div><\/div><\/div><\/div><\/div><\/div><\/div><\/div><\/div><\/div><\/div><\/div><\/div><div      class=\"vc_row wpb_row section vc_row-fluid\" style='background-image:url(https:\/\/asociacionderechoymoda.com\/wp-content\/uploads\/2014\/03\/013.jpg); text-align:left;'><div class=\"full_section_inner clearfix\"><div class=\"wpb_column vc_column_container vc_col-sm-12\"><div class=\"vc_column-inner\"><div class=\"wpb_wrapper\"><div      class=\"vc_row wpb_row section vc_row-fluid vc_inner  grid_section\" style=' text-align:left;'><div class=\"section_inner clearfix\"><div class='section_inner_margin clearfix'><div class=\"element_from_bottom\"><div style='transition-delay:2ms; -webkit-animation-delay:2ms; animation-delay:2ms;'><div class=\"wpb_column vc_column_container vc_col-sm-12\"><div class=\"vc_column-inner\"><div class=\"wpb_wrapper\">\t<div class=\"vc_empty_space\"  style=\"height: 250px\" ><span\n\t\t\tclass=\"vc_empty_space_inner\">\n\t\t\t<span class=\"empty_space_image\"  ><\/span>\n\t\t<\/span><\/div>\n\n<div class=\"custom_font_holder\" style=\"font-family: Dosis; font-size: 60px; line-height: 26px; font-style: normal; font-weight: 400; color: #ffffff; text-decoration: none; text-shadow: 1px 1px 2px rgba(0, 0, 0, 0.4); text-align: center;\">ASOCIATE!!<\/div>\t<div class=\"vc_empty_space\"  style=\"height: 50px\" ><span\n\t\t\tclass=\"vc_empty_space_inner\">\n\t\t\t<span class=\"empty_space_image\"  ><\/span>\n\t\t<\/span><\/div>\n\n<div class=\"custom_font_holder\" style=\"font-family: Dosis; font-size: 70px; line-height: 26px; font-style: normal; font-weight: 800; color: #ffffff; text-decoration: none; text-shadow: 1px 1px 2px rgba(0, 0, 0, 0.4); text-align: center;\">ASOCIACI\u00d3N DERECHO Y MODA<\/div>\t<div class=\"vc_empty_space\"  style=\"height: 250px\" ><span\n\t\t\tclass=\"vc_empty_space_inner\">\n\t\t\t<span class=\"empty_space_image\"  ><\/span>\n\t\t<\/span><\/div>\n\n<\/div><\/div><\/div><\/div><\/div><\/div><\/div><\/div><\/div><\/div><\/div><\/div><\/div>","protected":false},"excerpt":{"rendered":"\u00a0Espa\u00f1a \u00a0 \u00a0 \u00a0 \u00a0 \u00a0 Calle \u00c1lvarez de Baena n\u00ba 7 Madrid 28006 Portugal Rua Arquitecto Cassiano Barbosa, 44 \u2013 S 6\/7 4100-009 Porto \u00a0Peru Avenida Las Begonias No. 475, piso 6, San Isidro, Lima 27, Per\u00fa Andorra Avinguda Carlemany 67, 6-1 CP AD700...","protected":false},"author":4,"featured_media":0,"parent":0,"menu_order":0,"comment_status":"closed","ping_status":"closed","template":"full_width.php","meta":{"_mc_calendar":[],"footnotes":""},"class_list":["post-15436","page","type-page","status-publish","hentry"],"_links":{"self":[{"href":"https:\/\/asociacionderechoymoda.com\/pt\/wp-json\/wp\/v2\/pages\/15436","targetHints":{"allow":["GET"]}}],"collection":[{"href":"https:\/\/asociacionderechoymoda.com\/pt\/wp-json\/wp\/v2\/pages"}],"about":[{"href":"https:\/\/asociacionderechoymoda.com\/pt\/wp-json\/wp\/v2\/types\/page"}],"author":[{"embeddable":true,"href":"https:\/\/asociacionderechoymoda.com\/pt\/wp-json\/wp\/v2\/users\/4"}],"replies":[{"embeddable":true,"href":"https:\/\/asociacionderechoymoda.com\/pt\/wp-json\/wp\/v2\/comments?post=15436"}],"version-history":[{"count":6,"href":"https:\/\/asociacionderechoymoda.com\/pt\/wp-json\/wp\/v2\/pages\/15436\/revisions"}],"predecessor-version":[{"id":17272,"href":"https:\/\/asociacionderechoymoda.com\/pt\/wp-json\/wp\/v2\/pages\/15436\/revisions\/17272"}],"wp:attachment":[{"href":"https:\/\/asociacionderechoymoda.com\/pt\/wp-json\/wp\/v2\/media?parent=15436"}],"curies":[{"name":"wp","href":"https:\/\/api.w.org\/{rel}","templated":true}]}}