{"id":15450,"date":"2019-03-12T18:52:26","date_gmt":"2019-03-12T18:52:26","guid":{"rendered":"http:\/\/asociacionderechoymoda.es\/?page_id=15450"},"modified":"2021-01-06T11:01:36","modified_gmt":"2021-01-06T11:01:36","slug":"politica-de-privacidad","status":"publish","type":"page","link":"https:\/\/asociacionderechoymoda.com\/pt\/politica-de-privacidad\/","title":{"rendered":"POL\u00cdTICA DE PRIVACIDAD"},"content":{"rendered":"<p><strong><u>POL\u00cdTICA DE PRIVACIDAD.<\/u><\/strong><\/p>\n<p>&nbsp;<\/p>\n<p>La presente Pol\u00edtica de Privacidad establece los t\u00e9rminos en que\u00a0<strong>AEDM<\/strong>\u00a0usa y protege la informaci\u00f3n que es proporcionada por sus usuarios al momento de utilizar su sitio web. Esta compa\u00f1\u00eda est\u00e1 comprometida con la seguridad de los datos de sus usuarios. Cuando le pedimos llenar los campos de informaci\u00f3n personal con la cual usted pueda ser identificado, lo hacemos asegurando que s\u00f3lo se emplear\u00e1 de acuerdo con los t\u00e9rminos de este documento. Sin embargo, esta Pol\u00edtica de Privacidad puede cambiar con el tiempo o ser actualizada por lo que le recomendamos y enfatizamos revisar continuamente esta p\u00e1gina para asegurarse que est\u00e1 de acuerdo con dichos cambios.<\/p>\n<p><strong>Consentimiento<\/strong><\/p>\n<p><strong>\u00a0<\/strong><\/p>\n<p>Al utilizar el presente sitio Web, usted est\u00e1 dando su consentimiento tanto a AEDM como a la Asociaci\u00f3n de Expertos en Derecho de la Moda para el env\u00edo de comunicaciones. Los datos personales de los usuarios ser\u00e1n tratados leg\u00edtimamente con el fin de atender las consultas que nos plantee a trav\u00e9s del mismo. El responsable del tratamiento de los datos personales facilitados en el formulario de contacto ser\u00e1 AEDM, en la persona de\u00a0<strong>Asociaci\u00f3n de Expertos en Derecho de la Moda.<\/strong>\u00a0Informarle de su derecho a oponerse, acceder, cancelar o modificar sus datos. Si no desea seguir recibiendo nuestros correos electr\u00f3nicos, s\u00f3lo tiene que enviar un correo a esta direcci\u00f3n\u00a0info@asociacionderechoymoda.com especificando en el asunto CANCELAR y a\u00f1adiendo en el cuerpo del mensaje la direcci\u00f3n de e-mail en la que recibe nuestros comunicados.<\/p>\n<p><strong>Uso de la informaci\u00f3n recogida<\/strong><\/p>\n<p>&nbsp;<\/p>\n<p>Nuestro sitio web emplea la informaci\u00f3n con el fin de proporcionar el mejor servicio posible, particularmente para mantener un registro de usuarios, de pedidos en caso que aplique, y mejorar nuestros productos y servicios. \u00a0Es posible que sean enviados correos electr\u00f3nicos peri\u00f3dicamente a trav\u00e9s de nuestro sitio con ofertas especiales, nuevos productos y otra informaci\u00f3n publicitaria que consideremos relevante para usted o que pueda brindarle alg\u00fan beneficio, estos correos electr\u00f3nicos ser\u00e1n enviados a la direcci\u00f3n que usted proporcione y podr\u00e1n ser cancelados en cualquier momento.<\/p>\n<p><strong>Informaci\u00f3n que es recogida<\/strong><\/p>\n<p>&nbsp;<\/p>\n<p>Nuestro sitio web podr\u00e1 recoger informaci\u00f3n personal, por ejemplo: Nombre, informaci\u00f3n del contacto, como su direcci\u00f3n de correo electr\u00f3nica e informaci\u00f3n demogr\u00e1fica. As\u00ed mismo cuando sea necesario, podr\u00e1 ser requerida informaci\u00f3n espec\u00edfica para procesar alg\u00fan pedido o realizar una entrega o facturaci\u00f3n.<\/p>\n<p><strong>Informaci\u00f3n del tratamiento de sus datos personales.<\/strong><\/p>\n<p>&nbsp;<\/p>\n<p>De acuerdo con lo dispuesto en el Reglamento (UE) 2016\/679, del Parlamento Europeo y del Consejo, de 27 de abril de 2016, relativo a las personas f\u00edsicas en lo que respecta al tratamiento de datos personales y a la libre circulaci\u00f3n de estos datos (RGPD) y normativa espa\u00f1ola vigente, y respecto a los datos que me identifican como cliente doy mi consentimiento para que sean tratados para\u00a0el env\u00edo de comunicaciones, incluidas las comerciales e incluso por medios electr\u00f3nicos.<\/p>\n<p>&nbsp;<\/p>\n<p>Al utilizar el presente sitio Web, y\/ o al comunicarse electr\u00f3nicamente con AEDM o con Asociaci\u00f3n de Expertos en Derecho de la Moda, sus datos ser\u00e1n recogidos y tratados mediante la presente Pol\u00edtica de Privacidad, en todos los t\u00e9rminos que constan escritos en la misma.<\/p>\n<p>&nbsp;<\/p>\n<p>Sus\u00a0datos ser\u00e1n incorporados al Sistema de Protecci\u00f3n de Datos de\u00a0<strong>AEDM<\/strong>, marca comercial, titularidad atribuida a D. Asociaci\u00f3n de Expertos en Derecho de la Moda, como aut\u00f3nomo; y domicilio en Calle \u00c1lvarez de Baena 7, 28006 MADRID. Ser\u00e1n conservados durante el tiempo que dure el consentimiento, o en su caso, el tiempo legal establecido para cada una de las obligaciones legales que deriven de los tratamientos para los que se ha consentido.<\/p>\n<p>&nbsp;<\/p>\n<p>Los datos personales de los Usuarios se recoger\u00e1n y tratar\u00e1n con la finalidad de gestionar la relaci\u00f3n con AEDM, para utilizar su informaci\u00f3n como punto de contacto del despacho y para el env\u00edo recurrente de informaci\u00f3n jur\u00eddica o de eventos de divulgaci\u00f3n. Del mismo modo, sus datos personales se recoger\u00e1n y tratar\u00e1n para responder a las consultas o cuestiones que pueda remitir a trav\u00e9s del sitio Web o Aplicaciones.<\/p>\n<p>&nbsp;<\/p>\n<p>Esta entidad ha nombrado\u00a0<strong>Delegada de Protecci\u00f3n de Datos<\/strong>\u00a0a la\u00a0<strong>Asociaci\u00f3n de Expertos en Derecho de la Moda<\/strong>, tal y como dispone el RGPD. Su contacto es\u00a0<strong>Calle \u00c1lvarez de Baena 7, 28006 MADRID<\/strong>, o\u00a0info@asociacionderechoymoda.com<\/p>\n<p>&nbsp;<\/p>\n<p>La legitimaci\u00f3n para el tratamiento es el inter\u00e9s leg\u00edtimo de AEDM y Asociaci\u00f3n de Expertos en Derecho de la Moda en mantener la relaci\u00f3n existente con el cliente y\/o, en su caso, su consentimiento. Por tanto, Enrique Ortega recoger\u00e1 y tratar\u00e1 sus datos mientras la relaci\u00f3n contin\u00fae vigente.<\/p>\n<p>Este consentimiento es libre, inequ\u00edvoco y espec\u00edfico para los tratamientos donde se haya manifestado afirmativamente. Por otro lado, se le informa de la posibilidad de retirar su\u00a0consentimiento en cualquier momento. Si bien, esta retirada no afectar\u00e1 a los tratamientos anteriores a la misma. Para esta revocaci\u00f3n del consentimiento, o cualquier otra consulta, deber\u00e1 comunicarlo por escrito, adjuntando fotocopia del DNI, a\u00a0<strong>AEDM\u00a0al siguiente correo electr\u00f3nico<\/strong>\u00a0info@asociacionderechoymoda.com<\/p>\n<p>&nbsp;<\/p>\n<p>En el caso de que los Usuarios proporcionen datos de car\u00e1cter personal de terceras personas, el cliente nos garantiza que se les ha informado previamente a su inclusi\u00f3n, respondiendo personalmente frente a AEDM Y Asociaci\u00f3n de Expertos en Derecho de la Moda de cuantos da\u00f1os y perjuicios puedan derivarse en caso de contravenci\u00f3n.<\/p>\n<p>&nbsp;<\/p>\n<p>AEDM o Asociaci\u00f3n de Expertos en Derecho de la Moda no comunicar\u00e1 dichos datos a terceros, salvo cuando sea estrictamente necesario para la gesti\u00f3n y mantenimiento de la relaci\u00f3n con AEDM, o previa autorizaci\u00f3n por su parte. M\u00e1s concretamente, tendr\u00e1n acceso a los mismos aquellas empresas o entidades a los que\u00a0AEDM o Asociaci\u00f3n de Expertos en Derecho de la Moda haya recomendado los servicios de\u00a0<em>mailing<\/em>\u00a0y de soporte t\u00e9cnico e inform\u00e1tico.<em>\u00a0<\/em><\/p>\n<p>&nbsp;<\/p>\n<p>Cualquier p\u00e9rdida o da\u00f1o causado a la p\u00e1gina Web, aplicaciones, a AEDM s o a cualquier tercero mediante la comunicaci\u00f3n de informaci\u00f3n err\u00f3nea, inexacta o incompleta, ser\u00e1 responsabilidad \u00fanica y exclusiva del Usuario.<\/p>\n<p>Asimismo, declaramos\u00a0que ha sido informado de su derecho a presentar reclamaci\u00f3n ante la Autoridad de Control, Agencia Espa\u00f1ola de Protecci\u00f3n de Datos.<\/p>\n<p>&nbsp;<\/p>\n<p><strong>AEDM\u00a0<\/strong>est\u00e1 altamente comprometido para cumplir con el compromiso de mantener su informaci\u00f3n segura. Usamos los sistemas m\u00e1s avanzados y los actualizamos constantemente para asegurarnos que no exista ning\u00fan acceso no autorizado.<\/p>\n<p>&nbsp;<\/p>\n<p>&nbsp;<\/p>","protected":false},"excerpt":{"rendered":"<p>POL\u00cdTICA DE PRIVACIDAD. &nbsp; La presente Pol\u00edtica de Privacidad establece los t\u00e9rminos en que\u00a0AEDM\u00a0usa y protege la informaci\u00f3n que es proporcionada por sus usuarios al momento de utilizar su sitio web. Esta compa\u00f1\u00eda est\u00e1 comprometida con la seguridad de los datos de sus usuarios. Cuando&#8230;<\/p>","protected":false},"author":4,"featured_media":0,"parent":0,"menu_order":0,"comment_status":"closed","ping_status":"closed","template":"","meta":{"_mc_calendar":[],"footnotes":""},"class_list":["post-15450","page","type-page","status-publish","hentry"],"_links":{"self":[{"href":"https:\/\/asociacionderechoymoda.com\/pt\/wp-json\/wp\/v2\/pages\/15450","targetHints":{"allow":["GET"]}}],"collection":[{"href":"https:\/\/asociacionderechoymoda.com\/pt\/wp-json\/wp\/v2\/pages"}],"about":[{"href":"https:\/\/asociacionderechoymoda.com\/pt\/wp-json\/wp\/v2\/types\/page"}],"author":[{"embeddable":true,"href":"https:\/\/asociacionderechoymoda.com\/pt\/wp-json\/wp\/v2\/users\/4"}],"replies":[{"embeddable":true,"href":"https:\/\/asociacionderechoymoda.com\/pt\/wp-json\/wp\/v2\/comments?post=15450"}],"version-history":[{"count":2,"href":"https:\/\/asociacionderechoymoda.com\/pt\/wp-json\/wp\/v2\/pages\/15450\/revisions"}],"predecessor-version":[{"id":16871,"href":"https:\/\/asociacionderechoymoda.com\/pt\/wp-json\/wp\/v2\/pages\/15450\/revisions\/16871"}],"wp:attachment":[{"href":"https:\/\/asociacionderechoymoda.com\/pt\/wp-json\/wp\/v2\/media?parent=15450"}],"curies":[{"name":"wp","href":"https:\/\/api.w.org\/{rel}","templated":true}]}}