{"id":16323,"date":"2019-04-04T13:54:50","date_gmt":"2019-04-04T13:54:50","guid":{"rendered":"https:\/\/asociacionderechoymoda.com\/?page_id=16323"},"modified":"2019-04-04T13:55:51","modified_gmt":"2019-04-04T13:55:51","slug":"acotex","status":"publish","type":"page","link":"https:\/\/asociacionderechoymoda.com\/pt\/reconocimientos\/acotex\/","title":{"rendered":"ACOTEX"},"content":{"rendered":"<div      class=\"vc_row wpb_row section vc_row-fluid\" style='background-color:#000000; text-align:left;'><div class=\"full_section_inner clearfix\"><div class=\"wpb_column vc_column_container vc_col-sm-12\"><div class=\"vc_column-inner\"><div class=\"wpb_wrapper\"><div      class=\"vc_row wpb_row section vc_row-fluid vc_inner\" style=' text-align:left;'><div class=\"full_section_inner clearfix\"><div class=\"element_from_left\"><div style='transition-delay:2ms; -webkit-animation-delay:2ms; animation-delay:2ms;'><div class=\"wpb_column vc_column_container vc_col-sm-4 vc_col-has-fill\"><div class=\"vc_column-inner vc_custom_1554386119419\"><div class=\"wpb_wrapper\">\n\t<div class=\"wpb_single_image wpb_content_element vc_align_left  qode_image_hover_zoom_in\">\n\t\t<div class=\"wpb_wrapper\">\n\t\t\t\n\t\t\t<div class=\"vc_single_image-wrapper vc_box_rounded  vc_box_border_grey\"><img loading=\"lazy\" decoding=\"async\" width=\"400\" height=\"400\" src=\"https:\/\/asociacionderechoymoda.com\/wp-content\/uploads\/2019\/03\/acotex.png\" class=\"vc_single_image-img attachment-large\" alt=\"\" srcset=\"https:\/\/asociacionderechoymoda.com\/wp-content\/uploads\/2019\/03\/acotex.png 400w, https:\/\/asociacionderechoymoda.com\/wp-content\/uploads\/2019\/03\/acotex-300x300.png 300w, https:\/\/asociacionderechoymoda.com\/wp-content\/uploads\/2019\/03\/acotex-100x100.png 100w, https:\/\/asociacionderechoymoda.com\/wp-content\/uploads\/2019\/03\/acotex-150x150.png 150w\" sizes=\"auto, (max-width: 400px) 100vw, 400px\" \/><\/div>\n\t\t<\/div>\n\t<\/div>\n\t<div class=\"vc_empty_space\"  style=\"height: 100px\" ><span\n\t\t\tclass=\"vc_empty_space_inner\">\n\t\t\t<span class=\"empty_space_image\"  ><\/span>\n\t\t<\/span><\/div>\n\n<\/div><\/div><\/div><div class=\"wpb_column vc_column_container vc_col-sm-8\"><div class=\"vc_column-inner\"><div class=\"wpb_wrapper\">\t<div class=\"vc_empty_space\"  style=\"height: 32px\" ><span\n\t\t\tclass=\"vc_empty_space_inner\">\n\t\t\t<span class=\"empty_space_image\"  ><\/span>\n\t\t<\/span><\/div>\n\n\n\t<div class=\"wpb_text_column wpb_content_element\">\n\t\t<div class=\"wpb_wrapper\">\n\t\t\t<h1 class=\"q_team_name\"><span style=\"color: #eeee22;\">ACOTEX<\/span><\/h1>\n\n\t\t<\/div> \n\t<\/div> \t<div class=\"vc_empty_space\"  style=\"height: 32px\" ><span\n\t\t\tclass=\"vc_empty_space_inner\">\n\t\t\t<span class=\"empty_space_image\"  ><\/span>\n\t\t<\/span><\/div>\n\n<div class=\"separator  normal\" style=\"background-color: #ffffff;\"><\/div>\n\t<div class=\"vc_empty_space\"  style=\"height: 32px\" ><span\n\t\t\tclass=\"vc_empty_space_inner\">\n\t\t\t<span class=\"empty_space_image\"  ><\/span>\n\t\t<\/span><\/div>\n\n\n\t<div class=\"wpb_text_column wpb_content_element\">\n\t\t<div class=\"wpb_wrapper\">\n\t\t\t<p><span style=\"color: #ffffff;\">Acotex, Asociaci\u00f3n Nacional del Comercio Textil, Complementos y Piel, es la organizaci\u00f3n m\u00e1s representativa del sector Moda y Retail en Espa\u00f1a. Fundada en 1977, en la actualidad es el espacio com\u00fan de m\u00e1s de 800 empresas, cerca de 15.000 puntos de venta y m\u00e1s 80.000 trabajadores en el territorio nacional. <\/span><\/p>\n<p><span style=\"color: #ffffff;\">Negocia el Convenio Colectivo del Comercio Textil en la Comunidad de Madrid, en representaci\u00f3n de las empresas del Sector Textil y Moda. Acotex tiene como objetivo ayudar a sus empresas asociados para ser m\u00e1s fuertes, competitivas y experimentadas. Desarrollando iniciativas que generan oportunidades de venta.<\/span><\/p>\n<h4><\/h4>\n\n\t\t<\/div> \n\t<\/div> \t<div class=\"vc_empty_space\"  style=\"height: 32px\" ><span\n\t\t\tclass=\"vc_empty_space_inner\">\n\t\t\t<span class=\"empty_space_image\"  ><\/span>\n\t\t<\/span><\/div>\n\n\n\t<div class=\"wpb_text_column wpb_content_element\">\n\t\t<div class=\"wpb_wrapper\">\n\t\t\t<h4><strong><span style=\"color: #ffffff;\">Sitio web<\/span><\/strong><\/h4>\n\n\t\t<\/div> \n\t<\/div> <div class=\"separator  small left\" style=\"background-color: #ffffff;\"><\/div>\n\t<div class=\"vc_empty_space\"  style=\"height: 10px\" ><span\n\t\t\tclass=\"vc_empty_space_inner\">\n\t\t\t<span class=\"empty_space_image\"  ><\/span>\n\t\t<\/span><\/div>\n\n<span class='q_social_icon_holder normal_social' data-color=\"#ffffff\" data-hover-color=\"#dd9933\"><a itemprop=\"url\" href=\"http:\/\/www.asirtex.org\/\" target=\"_blank\" rel=\"noopener\"><i class=\"qode_icon_font_awesome fa fa-wordpress fa-2x simple_social\" style=\"color: #ffffff;\" ><\/i><\/a><\/span>\t<div class=\"vc_empty_space\"  style=\"height: 32px\" ><span\n\t\t\tclass=\"vc_empty_space_inner\">\n\t\t\t<span class=\"empty_space_image\"  ><\/span>\n\t\t<\/span><\/div>\n\n<\/div><\/div><\/div><\/div><\/div><\/div><\/div><\/div><\/div><\/div><\/div><\/div>","protected":false},"excerpt":{"rendered":"ACOTEX Acotex, Asociaci\u00f3n Nacional del Comercio Textil, Complementos y Piel, es la organizaci\u00f3n m\u00e1s representativa del sector Moda y Retail en Espa\u00f1a. Fundada en 1977, en la actualidad es el espacio com\u00fan de m\u00e1s de 800 empresas, cerca de 15.000 puntos de venta y m\u00e1s...","protected":false},"author":4,"featured_media":0,"parent":15438,"menu_order":0,"comment_status":"closed","ping_status":"closed","template":"full_width.php","meta":{"_mc_calendar":[],"footnotes":""},"class_list":["post-16323","page","type-page","status-publish","hentry"],"_links":{"self":[{"href":"https:\/\/asociacionderechoymoda.com\/pt\/wp-json\/wp\/v2\/pages\/16323","targetHints":{"allow":["GET"]}}],"collection":[{"href":"https:\/\/asociacionderechoymoda.com\/pt\/wp-json\/wp\/v2\/pages"}],"about":[{"href":"https:\/\/asociacionderechoymoda.com\/pt\/wp-json\/wp\/v2\/types\/page"}],"author":[{"embeddable":true,"href":"https:\/\/asociacionderechoymoda.com\/pt\/wp-json\/wp\/v2\/users\/4"}],"replies":[{"embeddable":true,"href":"https:\/\/asociacionderechoymoda.com\/pt\/wp-json\/wp\/v2\/comments?post=16323"}],"version-history":[{"count":0,"href":"https:\/\/asociacionderechoymoda.com\/pt\/wp-json\/wp\/v2\/pages\/16323\/revisions"}],"up":[{"embeddable":true,"href":"https:\/\/asociacionderechoymoda.com\/pt\/wp-json\/wp\/v2\/pages\/15438"}],"wp:attachment":[{"href":"https:\/\/asociacionderechoymoda.com\/pt\/wp-json\/wp\/v2\/media?parent=16323"}],"curies":[{"name":"wp","href":"https:\/\/api.w.org\/{rel}","templated":true}]}}