{"id":17054,"date":"2021-05-17T10:20:29","date_gmt":"2021-05-17T10:20:29","guid":{"rendered":"https:\/\/asociacionderechoymoda.com\/?page_id=17054"},"modified":"2022-07-03T14:26:41","modified_gmt":"2022-07-03T14:26:41","slug":"asociacion-de-expertos-en-derecho-de-la-moda-chile","status":"publish","type":"page","link":"https:\/\/asociacionderechoymoda.com\/pt\/asociacion-de-expertos-en-derecho-de-la-moda-chile\/","title":{"rendered":"Asociaci\u00f3n de expertos en derecho de la moda Chile"},"content":{"rendered":"<div      class=\"vc_row wpb_row section vc_row-fluid\" style=' text-align:left;'><div class=\"full_section_inner clearfix\"><div class=\"element_from_left\"><div style='transition-delay:2ms; -webkit-animation-delay:2ms; animation-delay:2ms;'><div class=\"wpb_column vc_column_container vc_col-sm-6 vc_col-has-fill\"><div class=\"vc_column-inner vc_custom_1552477304517\"><div class=\"wpb_wrapper\">\t<div class=\"vc_empty_space\"  style=\"height: 30px\" ><span\n\t\t\tclass=\"vc_empty_space_inner\">\n\t\t\t<span class=\"empty_space_image\"  ><\/span>\n\t\t<\/span><\/div>\n\n<\/div><\/div><\/div><div class=\"wpb_column vc_column_container vc_col-sm-6\"><div class=\"vc_column-inner\"><div class=\"wpb_wrapper\"><\/div><\/div><\/div><\/div><\/div><\/div><\/div><div      class=\"vc_row wpb_row section vc_row-fluid\" style=' text-align:left;'><div class=\"full_section_inner clearfix\"><div class=\"element_from_left\"><div style='transition-delay:2ms; -webkit-animation-delay:2ms; animation-delay:2ms;'><div class=\"wpb_column vc_column_container vc_col-sm-4 vc_col-has-fill\"><div class=\"vc_column-inner vc_custom_1552477403237\"><div class=\"wpb_wrapper\">\t<div class=\"vc_empty_space\"  style=\"height: 30px\" ><span\n\t\t\tclass=\"vc_empty_space_inner\">\n\t\t\t<span class=\"empty_space_image\"  ><\/span>\n\t\t<\/span><\/div>\n\n<\/div><\/div><\/div><div class=\"wpb_column vc_column_container vc_col-sm-4\"><div class=\"vc_column-inner\"><div class=\"wpb_wrapper\"><\/div><\/div><\/div><div class=\"wpb_column vc_column_container vc_col-sm-4\"><div class=\"vc_column-inner\"><div class=\"wpb_wrapper\"><\/div><\/div><\/div><\/div><\/div><\/div><\/div><div      class=\"vc_row wpb_row section vc_row-fluid\" style=' text-align:left;'><div class=\"full_section_inner clearfix\"><div class=\"wpb_column vc_column_container vc_col-sm-12\"><div class=\"vc_column-inner\"><div class=\"wpb_wrapper\">\t<div class=\"vc_empty_space\"  style=\"height: 30px\" ><span\n\t\t\tclass=\"vc_empty_space_inner\">\n\t\t\t<span class=\"empty_space_image\"  ><\/span>\n\t\t<\/span><\/div>\n\n<div      class=\"vc_row wpb_row section vc_row-fluid vc_inner  grid_section\" style=' text-align:left;'><div class=\"section_inner clearfix\"><div class='section_inner_margin clearfix'><div class=\"element_from_left\"><div style='transition-delay:2ms; -webkit-animation-delay:2ms; animation-delay:2ms;'><div class=\"wpb_column vc_column_container vc_col-sm-12\"><div class=\"vc_column-inner\"><div class=\"wpb_wrapper\">\n\t<div class=\"wpb_text_column wpb_content_element\">\n\t\t<div class=\"wpb_wrapper\">\n\t\t\t<h2>ASOCIACI\u00d3N DE EXPERTOS EN DERECHO DE LA MODA CHILE<\/h2>\n\n\t\t<\/div> \n\t<\/div> <\/div><\/div><\/div><\/div><\/div><\/div><\/div><\/div><div      class=\"vc_row wpb_row section vc_row-fluid vc_inner  grid_section\" style=' text-align:left;'><div class=\"section_inner clearfix\"><div class='section_inner_margin clearfix'><div class=\"element_from_left\"><div style='transition-delay:2ms; -webkit-animation-delay:2ms; animation-delay:2ms;'><div class=\"wpb_column vc_column_container vc_col-sm-12\"><div class=\"vc_column-inner\"><div class=\"wpb_wrapper\">\t<div class=\"vc_empty_space\"  style=\"height: 20px\" ><span\n\t\t\tclass=\"vc_empty_space_inner\">\n\t\t\t<span class=\"empty_space_image\"  ><\/span>\n\t\t<\/span><\/div>\n\n\n\t<div class=\"wpb_text_column wpb_content_element\">\n\t\t<div class=\"wpb_wrapper\">\n\t\t\t<p style=\"text-align: justify;\"><strong>La importancia social de la industria de la moda<\/strong><\/p>\n<p style=\"text-align: justify;\">La moda es una importante \u00e1rea de la sociedad, que puede ser estudiada, analizada y trabajada desde diversos \u00e1mbitos de las ciencias sociales. Ligada a la psicolog\u00eda, sociolog\u00eda, pol\u00edtica, historia, a las artes y al dise\u00f1o, medioambiente, al trabajo, econom\u00eda y a los negocios, no puede mantenerse ajena a aquella rama de las ciencias sociales que se relaciona e involucra con todas las anteriores: <strong>el Derecho.<\/strong><\/p>\n<p style=\"text-align: justify;\">La moda es un fen\u00f3meno transversal de gran importancia a nivel mundial. Y no hablamos de moda para referirnos a esa estela de superficialidad que la rodea y que no deja de ser una imagen incompleta y prejuiciosa sobre la misma. Hablamos de la <strong>industria de la moda<\/strong> como aquella que origina oportunidades de negocios, que genera y otorga trabajos a nivel mundial; que permite dar rienda suelta a la creatividad, al dise\u00f1o y a la generaci\u00f3n de identidad de una \u00e9poca en particular; aquella vitrina impactante que es capaz de mover econom\u00edas y que no siempre es entendida en su total magnitud. No obstante lo anterior, esta misma industria de la moda carga en la actualidad con grandes estigmas: \u00a0malas \u00a0condiciones laborales de los trabajadores (hasta hoy, incluso, esclavitud), contaminaci\u00f3n y mal aprovechamiento de los recursos, consumismo exacerbado y gran cantidad de desechos, abusos y vulneraci\u00f3n a los derechos humanos, incluyendo, entre otros,\u00a0 el mal uso de los derechos de imagen de distintos actores del medio, as\u00ed como el uso indebido de los derechos de consumidores y\u00a0 de otros terceros, tales como dise\u00f1adores y trabajadores de la industria en general. Todo lo anterior genera conflictos, tanto a nivel nacional como internacional, en una industria que es global.<\/p>\n<p style=\"text-align: justify;\">Lo anterior evidencia que la industria de la moda es compleja y, por lo tanto, un interesante objeto de an\u00e1lisis y estudio para la disciplina jur\u00eddica.<\/p>\n\n\t\t<\/div> \n\t<\/div> <\/div><\/div><\/div><\/div><\/div><\/div><\/div><\/div><\/div><\/div><\/div><\/div><\/div><div      class=\"vc_row wpb_row section vc_row-fluid\" style=' text-align:left;'><div class=\"full_section_inner clearfix\"><div class=\"wpb_column vc_column_container vc_col-sm-12\"><div class=\"vc_column-inner\"><div class=\"wpb_wrapper\"><div      class=\"vc_row wpb_row section vc_row-fluid vc_inner  grid_section\" style=' text-align:left;'><div class=\"section_inner clearfix\"><div class='section_inner_margin clearfix'><div class=\"element_from_left\"><div style='transition-delay:2ms; -webkit-animation-delay:2ms; animation-delay:2ms;'><div class=\"wpb_column vc_column_container vc_col-sm-6\"><div class=\"vc_column-inner\"><div class=\"wpb_wrapper\">\t<div class=\"vc_empty_space\"  style=\"height: 30px\" ><span\n\t\t\tclass=\"vc_empty_space_inner\">\n\t\t\t<span class=\"empty_space_image\"  ><\/span>\n\t\t<\/span><\/div>\n\n\n\t<div class=\"wpb_text_column wpb_content_element\">\n\t\t<div class=\"wpb_wrapper\">\n\t\t\t<p style=\"text-align: justify;\"><strong>El Fashion Law como herramienta de fomento a la industria de la moda<\/strong><\/p>\n<p style=\"text-align: justify;\"><span style=\"color: #ffcc00;\"><em><strong>\u00bfEs el Derecho una herramienta necesaria para ayudar a potenciar la industria de la moda en Chile?<\/strong><\/em><\/span><\/p>\n<p style=\"text-align: justify;\">El Fashion Law o derecho de la moda, ha comenzado a ser reconocido como una rama del Derecho desde la d\u00e9cada del dos mil, gracias al trabajo de la abogada estadounidense Susan Scafidi, el cual comprende y regula las particularidades que tiene la industria de la moda, y que hacen necesaria una regulaci\u00f3n espec\u00edfica de los distintos temas que abarca, debido a la cantidad de conflictos de derechos y obligaciones que pueden producirse en dicho contexto.<\/p>\n<p style=\"text-align: justify;\"><strong>La AEDM Chile pretende generar las discusiones y estudios necesarios para que los distintos actores de la industria encuentren el espacio y asesor\u00eda necesaria para su adecuado fortalecimiento y desarrollo acorde a las exigencias actuales.<\/strong> En este escenario, esperamos poder generar debate frente a la generaci\u00f3n de leyes, normas del Soft Law y eventuales tratados internacionales que regulen la materia.<\/p>\n<p style=\"text-align: justify;\">Creemos que, en el debate por el futuro de la industria de la moda, en los cambios que ha tra\u00eddo consigo la pandemia del COVID19 y su impacto en la cadena de distribuci\u00f3n como en el desarrollo de imagen pa\u00eds, <em>el mundo jur\u00eddico puede ser un aporte para el desarrollo de marcas y empresas chilenas competitivas a nivel global.<\/em><\/p>\n\n\t\t<\/div> \n\t<\/div> \t<div class=\"vc_empty_space\"  style=\"height: 30px\" ><span\n\t\t\tclass=\"vc_empty_space_inner\">\n\t\t\t<span class=\"empty_space_image\"  ><\/span>\n\t\t<\/span><\/div>\n\n\t<div class=\"vc_empty_space\"  style=\"height: 15px\" ><span\n\t\t\tclass=\"vc_empty_space_inner\">\n\t\t\t<span class=\"empty_space_image\"  ><\/span>\n\t\t<\/span><\/div>\n\n<\/div><\/div><\/div><div class=\"wpb_column vc_column_container vc_col-sm-6\"><div class=\"vc_column-inner\"><div class=\"wpb_wrapper\">\t<div class=\"vc_empty_space\"  style=\"height: 30px\" ><span\n\t\t\tclass=\"vc_empty_space_inner\">\n\t\t\t<span class=\"empty_space_image\"  ><\/span>\n\t\t<\/span><\/div>\n\n\n\t<div class=\"wpb_single_image wpb_content_element vc_align_left  element_from_right qode_image_hover_zoom_in\">\n\t\t<div class=\"wpb_wrapper\">\n\t\t\t\n\t\t\t<div class=\"vc_single_image-wrapper vc_box_shadow  vc_box_border_grey\"><img loading=\"lazy\" decoding=\"async\" data-vc-zoom=\"https:\/\/asociacionderechoymoda.com\/wp-content\/uploads\/2021\/05\/fall-fashion-9LEPF4K-683x1024.jpg\" width=\"683\" height=\"1024\" src=\"https:\/\/asociacionderechoymoda.com\/wp-content\/uploads\/2021\/05\/fall-fashion-9LEPF4K-683x1024.jpg\" class=\"vc_single_image-img attachment-large\" alt=\"\" srcset=\"https:\/\/asociacionderechoymoda.com\/wp-content\/uploads\/2021\/05\/fall-fashion-9LEPF4K-683x1024.jpg 683w, https:\/\/asociacionderechoymoda.com\/wp-content\/uploads\/2021\/05\/fall-fashion-9LEPF4K-scaled-600x900.jpg 600w, https:\/\/asociacionderechoymoda.com\/wp-content\/uploads\/2021\/05\/fall-fashion-9LEPF4K-200x300.jpg 200w, https:\/\/asociacionderechoymoda.com\/wp-content\/uploads\/2021\/05\/fall-fashion-9LEPF4K-768x1152.jpg 768w, https:\/\/asociacionderechoymoda.com\/wp-content\/uploads\/2021\/05\/fall-fashion-9LEPF4K-1024x1536.jpg 1024w, https:\/\/asociacionderechoymoda.com\/wp-content\/uploads\/2021\/05\/fall-fashion-9LEPF4K-1365x2048.jpg 1365w, https:\/\/asociacionderechoymoda.com\/wp-content\/uploads\/2021\/05\/fall-fashion-9LEPF4K-8x12.jpg 8w, https:\/\/asociacionderechoymoda.com\/wp-content\/uploads\/2021\/05\/fall-fashion-9LEPF4K-700x1050.jpg 700w, https:\/\/asociacionderechoymoda.com\/wp-content\/uploads\/2021\/05\/fall-fashion-9LEPF4K-scaled.jpg 1707w\" sizes=\"auto, (max-width: 683px) 100vw, 683px\" \/><\/div>\n\t\t<\/div>\n\t<\/div>\n<\/div><\/div><\/div><\/div><\/div><\/div><\/div><\/div><div      class=\"vc_row wpb_row section vc_row-fluid vc_inner  grid_section\" style=' text-align:left;'><div class=\"section_inner clearfix\"><div class='section_inner_margin clearfix'><div class=\"element_from_left\"><div style='transition-delay:2ms; -webkit-animation-delay:2ms; animation-delay:2ms;'><div class=\"wpb_column vc_column_container vc_col-sm-12\"><div class=\"vc_column-inner\"><div class=\"wpb_wrapper\">\n\t<div class=\"wpb_text_column wpb_content_element\">\n\t\t<div class=\"wpb_wrapper\">\n\t\t\t<p style=\"text-align: justify;\"><strong>Tendencias mundiales en la industria de la moda <\/strong><\/p>\n<p style=\"text-align: justify;\">La moda es una de las industrias m\u00e1s din\u00e1micas que existen. No por nada, cada a\u00f1o va evolucionando, adapt\u00e1ndose a los cambios culturales y econ\u00f3micos que se generan en el mundo globalizado actual. Nada m\u00e1s pensando en los cambios impuestos por la crisis sanitaria mundial, podemos concluir que el cambio no es por \u201ctemporadas\u201d, sino que es un cambio pr\u00e1cticamente a diario.<\/p>\n<p style=\"text-align: justify;\">Temas como la sostenibilidad -que comenz\u00f3 siendo tendencia-, hoy ya ha generado cambios reales en la industria. Adem\u00e1s de poner la mira en las condiciones laborales de los trabajadores, en el respeto a las distintas culturas y naciones que conviven en un pa\u00eds, tambi\u00e9n ha puesto de manifiesto la relevancia de temas como el consumismo, los desechos y la trazabilidad en la cadena de producci\u00f3n. \u00bfEst\u00e1 Chile preparado para estos cambios? \u00bfPuede Chile ofrecer manufactura para las empresas mundialmente conocidas? \u00bfPodr\u00e1 la industria de la moda chilena adaptarse a las exigencias de sostenibilidad?<\/p>\n<p style=\"text-align: justify;\">Junto con las crisis, vienen los cambios y las oportunidades que nos permitir\u00e1n potenciar la industria para generar mayores oportunidades de negocios, aprovechando tambi\u00e9n las condiciones econ\u00f3micas que puedan resultar favorables en virtud de los Tratados internacionales en materia econ\u00f3mica firmados a lo largo de las \u00faltimas d\u00e9cadas.<\/p>\n<p style=\"text-align: justify;\">En todo este proceso se hace necesario estar conectados con las industrias de otros pa\u00edses de Latinoam\u00e9rica, tales como Colombia, Per\u00fa, Argentina y Brasil. Por otro lado, ser\u00e1 un desaf\u00edo poder aprender e interiorizarnos de las experiencias de actores europeos con un desarrollo considerable en la materia, como lo son Espa\u00f1a y Portugal.<\/p>\n\n\t\t<\/div> \n\t<\/div> \t<div class=\"vc_empty_space\"  style=\"height: 15px\" ><span\n\t\t\tclass=\"vc_empty_space_inner\">\n\t\t\t<span class=\"empty_space_image\"  ><\/span>\n\t\t<\/span><\/div>\n\n\t<div class=\"vc_empty_space\"  style=\"height: 30px\" ><span\n\t\t\tclass=\"vc_empty_space_inner\">\n\t\t\t<span class=\"empty_space_image\"  ><\/span>\n\t\t<\/span><\/div>\n\n<\/div><\/div><\/div><\/div><\/div><\/div><\/div><\/div><\/div><\/div><\/div><\/div><\/div><div      class=\"vc_row wpb_row section vc_row-fluid\" style='background-color:#211313; text-align:left;'><div class=\"full_section_inner clearfix\"><div class=\"wpb_column vc_column_container vc_col-sm-12\"><div class=\"vc_column-inner\"><div class=\"wpb_wrapper\">\t<div class=\"vc_empty_space\"  style=\"height: 30px\" ><span\n\t\t\tclass=\"vc_empty_space_inner\">\n\t\t\t<span class=\"empty_space_image\"  ><\/span>\n\t\t<\/span><\/div>\n\n\t<div class=\"vc_empty_space\"  style=\"height: 30px\" ><span\n\t\t\tclass=\"vc_empty_space_inner\">\n\t\t\t<span class=\"empty_space_image\"  ><\/span>\n\t\t<\/span><\/div>\n\n<div      class=\"vc_row wpb_row section vc_row-fluid vc_inner  grid_section\" style=' text-align:left;'><div class=\"section_inner clearfix\"><div class='section_inner_margin clearfix'><div class=\"element_from_left\"><div style='transition-delay:2ms; -webkit-animation-delay:2ms; animation-delay:2ms;'><div class=\"wpb_column vc_column_container vc_col-sm-12\"><div class=\"vc_column-inner\"><div class=\"wpb_wrapper\">\n\t<div class=\"wpb_text_column wpb_content_element\">\n\t\t<div class=\"wpb_wrapper\">\n\t\t\t<h2 style=\"text-align: center;\"><span style=\"color: #ffffff;\"><em>Los objetivos de la AEDM Chile<\/em><\/span><\/h2>\n\n\t\t<\/div> \n\t<\/div> \t<div class=\"vc_empty_space\"  style=\"height: 15px\" ><span\n\t\t\tclass=\"vc_empty_space_inner\">\n\t\t\t<span class=\"empty_space_image\"  ><\/span>\n\t\t<\/span><\/div>\n\n\t<div class=\"vc_empty_space\"  style=\"height: 30px\" ><span\n\t\t\tclass=\"vc_empty_space_inner\">\n\t\t\t<span class=\"empty_space_image\"  ><\/span>\n\t\t<\/span><\/div>\n\n<\/div><\/div><\/div><\/div><\/div><\/div><\/div><\/div><div      class=\"vc_row wpb_row section vc_row-fluid vc_inner  grid_section\" style=' text-align:center;'><div class=\"section_inner clearfix\"><div class='section_inner_margin clearfix'><div class=\"element_from_left\"><div style='transition-delay:2ms; -webkit-animation-delay:2ms; animation-delay:2ms;'><div class=\"wpb_column vc_column_container vc_col-sm-3\"><div class=\"vc_column-inner\"><div class=\"wpb_wrapper\">\n\t<div class=\"wpb_text_column wpb_content_element\">\n\t\t<div class=\"wpb_wrapper\">\n\t\t\t<p style=\"padding-left: 40px;\"><span style=\"color: #ffffff;\">Generar un espacio de discusi\u00f3n en el que confluyan actores tanto de la industria como del mundo acad\u00e9mico y que permita generar valor a la forma en que se desarrolla la industria de moda en Chile. Bajo ese supuesto, el aporte de abogados provenientes de distintas \u00e1reas de ejercicio de la profesi\u00f3n es fundamental.<\/span><\/p>\n\n\t\t<\/div> \n\t<\/div> <\/div><\/div><\/div><div class=\"wpb_column vc_column_container vc_col-sm-3\"><div class=\"vc_column-inner\"><div class=\"wpb_wrapper\">\n\t<div class=\"wpb_text_column wpb_content_element\">\n\t\t<div class=\"wpb_wrapper\">\n\t\t\t<p style=\"padding-left: 40px;\"><span style=\"color: #ffffff;\">Crear conciencia en la industria nacional sobre la importancia de la presencia y aporte que provee el mundo jur\u00eddico a la generaci\u00f3n, desarrollo y consolidaci\u00f3n de los negocios de moda en Chile.<\/span><\/p>\n\n\t\t<\/div> \n\t<\/div> <\/div><\/div><\/div><div class=\"wpb_column vc_column_container vc_col-sm-3\"><div class=\"vc_column-inner\"><div class=\"wpb_wrapper\">\n\t<div class=\"wpb_text_column wpb_content_element\">\n\t\t<div class=\"wpb_wrapper\">\n\t\t\t<p style=\"padding-left: 40px;\"><span style=\"color: #ffffff;\">Apoyar en el crecimiento de la industria de la moda chilena, a fin de mejorar su reputaci\u00f3n e imagen en el pa\u00eds, aportando en su desarrollo a nivel nacional e internacional.<\/span><\/p>\n\n\t\t<\/div> \n\t<\/div> <\/div><\/div><\/div><div class=\"wpb_column vc_column_container vc_col-sm-3\"><div class=\"vc_column-inner\"><div class=\"wpb_wrapper\">\n\t<div class=\"wpb_text_column wpb_content_element\">\n\t\t<div class=\"wpb_wrapper\">\n\t\t\t<p style=\"padding-left: 40px;\"><span style=\"color: #ffffff;\">Fomentar la responsabilidad social y sostenibilidad entre los distintos actores de la industria de la moda. Se hace necesario contar con la participaci\u00f3n de las sociedades civiles y ciudadan\u00eda, para contar con todas las miradas involucradas con la industria, as\u00ed como comprometer a la mayor cantidad de actores posibles.<\/span><\/p>\n\n\t\t<\/div> \n\t<\/div> <\/div><\/div><\/div><\/div><\/div><\/div><\/div><\/div>\t<div class=\"vc_empty_space\"  style=\"height: 60px\" ><span\n\t\t\tclass=\"vc_empty_space_inner\">\n\t\t\t<span class=\"empty_space_image\"  ><\/span>\n\t\t<\/span><\/div>\n\n<\/div><\/div><\/div><\/div><\/div><div      class=\"vc_row wpb_row section vc_row-fluid  grid_section\" style=' text-align:left;'><div class=\"section_inner clearfix\"><div class='section_inner_margin clearfix'><div class=\"wpb_column vc_column_container vc_col-sm-12\"><div class=\"vc_column-inner\"><div class=\"wpb_wrapper\">\t<div class=\"vc_empty_space\"  style=\"height: 30px\" ><span\n\t\t\tclass=\"vc_empty_space_inner\">\n\t\t\t<span class=\"empty_space_image\"  ><\/span>\n\t\t<\/span><\/div>\n\n<div      class=\"vc_row wpb_row section vc_row-fluid vc_inner\" style=' text-align:left;'><div class=\"full_section_inner clearfix\"><div class=\"wpb_column vc_column_container vc_col-sm-12\"><div class=\"vc_column-inner\"><div class=\"wpb_wrapper\">\n\t<div class=\"wpb_text_column wpb_content_element\">\n\t\t<div class=\"wpb_wrapper\">\n\t\t\t<p style=\"text-align: justify;\"><strong>Todos podemos participar<\/strong><\/p>\n<p style=\"text-align: justify;\"><strong>\u00a0<\/strong><\/p>\n<p style=\"text-align: justify;\">A ra\u00edz de la <em><strong>creaci\u00f3n de la AEDM<\/strong><\/em>, cuyo nacimiento tiene lugar en Espa\u00f1a, se gener\u00f3 el <strong>inter\u00e9s de abogados con experiencia en la industria de la moda de replicar el trabajo y objetivos de la matriz espa\u00f1ola en Chile.<\/strong> Si bien la gran mayor\u00eda de los miembros de nuestra AEDM Chile son abogados, la invitaci\u00f3n est\u00e1 hecha a empresarios, dise\u00f1adores, representantes de distintas marcas, sindicatos y gremios, asociaciones civiles relacionadas y con inter\u00e9s en la moda, universidades y otras instituciones educativas a sumarse a esta iniciativa, de forma de apoyar y colaborar con el progreso y consolidaci\u00f3n de una de las industrias que m\u00e1s crecimiento ha tenido en las dos \u00faltimas d\u00e9cadas y que m\u00e1s empleabilidad genera.<\/p>\n<h3 style=\"text-align: justify;\">En definitiva, todos quienes est\u00e9n dispuestos a discutir y ayudar en potenciar la relaci\u00f3n del Derecho con la industria de la moda, tanto a nivel local como global.<\/h3>\n\n\t\t<\/div> \n\t<\/div> \t<div class=\"vc_empty_space\"  style=\"height: 75px\" ><span\n\t\t\tclass=\"vc_empty_space_inner\">\n\t\t\t<span class=\"empty_space_image\"  ><\/span>\n\t\t<\/span><\/div>\n\n<\/div><\/div><\/div><\/div><\/div><\/div><\/div><\/div><\/div><\/div><\/div><div      class=\"vc_row wpb_row section vc_row-fluid\" style=' text-align:left;'><div class=\"full_section_inner clearfix\"><div class=\"element_from_left\"><div style='transition-delay:2ms; -webkit-animation-delay:2ms; animation-delay:2ms;'><div class=\"wpb_column vc_column_container vc_col-sm-6 vc_col-has-fill\"><div class=\"vc_column-inner vc_custom_1552477403237\"><div class=\"wpb_wrapper\">\t<div class=\"vc_empty_space\"  style=\"height: 30px\" ><span\n\t\t\tclass=\"vc_empty_space_inner\">\n\t\t\t<span class=\"empty_space_image\"  ><\/span>\n\t\t<\/span><\/div>\n\n<\/div><\/div><\/div><div class=\"wpb_column vc_column_container vc_col-sm-6\"><div class=\"vc_column-inner\"><div class=\"wpb_wrapper\"><\/div><\/div><\/div><\/div><\/div><\/div><\/div><div      class=\"vc_row wpb_row section vc_row-fluid\" style=' text-align:left;'><div class=\"full_section_inner clearfix\"><div class=\"element_from_left\"><div style='transition-delay:2ms; -webkit-animation-delay:2ms; animation-delay:2ms;'><div class=\"wpb_column vc_column_container vc_col-sm-4 vc_col-has-fill\"><div class=\"vc_column-inner vc_custom_1552477304517\"><div class=\"wpb_wrapper\">\t<div class=\"vc_empty_space\"  style=\"height: 30px\" ><span\n\t\t\tclass=\"vc_empty_space_inner\">\n\t\t\t<span class=\"empty_space_image\"  ><\/span>\n\t\t<\/span><\/div>\n\n<\/div><\/div><\/div><div class=\"wpb_column vc_column_container vc_col-sm-4\"><div class=\"vc_column-inner\"><div class=\"wpb_wrapper\"><\/div><\/div><\/div><div class=\"wpb_column vc_column_container vc_col-sm-4\"><div class=\"vc_column-inner\"><div class=\"wpb_wrapper\"><\/div><\/div><\/div><\/div><\/div><\/div><\/div><div      class=\"vc_row wpb_row section vc_row-fluid\" style=' text-align:left;'><div class=\"full_section_inner clearfix\"><div class=\"wpb_column vc_column_container vc_col-sm-12\"><div class=\"vc_column-inner\"><div class=\"wpb_wrapper\"><div      class=\"vc_row wpb_row section vc_row-fluid vc_inner  grid_section\" style=' text-align:left;'><div class=\"section_inner clearfix\"><div class='section_inner_margin clearfix'><div class=\"wpb_column vc_column_container vc_col-sm-12\"><div class=\"vc_column-inner\"><div class=\"wpb_wrapper\">\t<div class=\"vc_empty_space\"  style=\"height: 30px\" ><span\n\t\t\tclass=\"vc_empty_space_inner\">\n\t\t\t<span class=\"empty_space_image\"  ><\/span>\n\t\t<\/span><\/div>\n\n\n\t<div class=\"wpb_text_column wpb_content_element\">\n\t\t<div class=\"wpb_wrapper\">\n\t\t\t<h4>De acuerdo a lo conversado entre la Directiva y, con aceptaci\u00f3n por parte del Consejo Consultivo, a la fecha, la AEDM Chile est\u00e1 compuesto por:<\/h4>\n<p>&nbsp;<\/p>\n<ol>\n<li><strong> Directiva<\/strong><\/li>\n<\/ol>\n<p>&nbsp;<\/p>\n<p>Presidente \u2013 Christian Vidal<\/p>\n<p>Vicepresidenta \u2013 Jimena Rodr\u00edguez<\/p>\n<p>Director Ejecutivo \u2013 Ariel Montoya<\/p>\n<p>&nbsp;<\/p>\n<ol>\n<li><strong> Consejo Consultivo<\/strong><\/li>\n<\/ol>\n<p>&nbsp;<\/p>\n<p>Francisca Barrientos<\/p>\n<p>Mar\u00eda Jos\u00e9 Martabit<\/p>\n<p>Gabriela Huarcaya<\/p>\n<p>Alejandra Medina<\/p>\n<p>Eduardo Irribarra<\/p>\n\n\t\t<\/div> \n\t<\/div> \t<div class=\"vc_empty_space\"  style=\"height: 30px\" ><span\n\t\t\tclass=\"vc_empty_space_inner\">\n\t\t\t<span class=\"empty_space_image\"  ><\/span>\n\t\t<\/span><\/div>\n\n<\/div><\/div><\/div><\/div><\/div><\/div><\/div><\/div><\/div><\/div><\/div><div      class=\"vc_row wpb_row section vc_row-fluid\" style=' text-align:left;'><div class=\"full_section_inner clearfix\"><div class=\"element_from_left\"><div style='transition-delay:2ms; -webkit-animation-delay:2ms; animation-delay:2ms;'><div class=\"wpb_column vc_column_container vc_col-sm-6 vc_col-has-fill\"><div class=\"vc_column-inner vc_custom_1552477304517\"><div class=\"wpb_wrapper\"><div class=\"custom_font_holder\" style=\"font-family: Dosis; font-size: 40px; line-height: 26px; font-style: normal; font-weight: 300; text-decoration: none; text-align: center;\"><span style=\"vertical-align: inherit;\">Conoce nuestro equipo directivo<\/span><\/div>\t<div class=\"vc_empty_space\"  style=\"height: 30px\" ><span\n\t\t\tclass=\"vc_empty_space_inner\">\n\t\t\t<span class=\"empty_space_image\"  ><\/span>\n\t\t<\/span><\/div>\n\n<\/div><\/div><\/div><div class=\"wpb_column vc_column_container vc_col-sm-6 vc_col-has-fill\"><div class=\"vc_column-inner vc_custom_1552825417081\"><div class=\"wpb_wrapper\"><div class=\"custom_font_holder\" style=\"font-family: Dosis; font-size: 40px; line-height: 26px; font-style: normal; font-weight: 300; text-decoration: none; text-align: center;\"><span style=\"vertical-align: inherit;\">Junta Directiva<\/span><\/div>\t<div class=\"vc_empty_space\"  style=\"height: 30px\" ><span\n\t\t\tclass=\"vc_empty_space_inner\">\n\t\t\t<span class=\"empty_space_image\"  ><\/span>\n\t\t<\/span><\/div>\n\n<\/div><\/div><\/div><\/div><\/div><\/div><\/div><div      class=\"vc_row wpb_row section vc_row-fluid\" style=' text-align:left;'><div class=\"full_section_inner clearfix\"><div class=\"wpb_column vc_column_container vc_col-sm-12\"><div class=\"vc_column-inner\"><div class=\"wpb_wrapper\"><div      class=\"vc_row wpb_row section vc_row-fluid vc_inner\" style=' text-align:center;'><div class=\"full_section_inner clearfix\"><div class=\"element_from_left\"><div style='transition-delay:2ms; -webkit-animation-delay:2ms; animation-delay:2ms;'><div class=\"wpb_column vc_column_container vc_col-sm-4\"><div class=\"vc_column-inner\"><div class=\"wpb_wrapper\"><div class='q_team info_description_below_image'><div class='q_team_inner'><div class='q_team_image'><div class='q_team_image_holder'><img itemprop='image' src='https:\/\/asociacionderechoymoda.com\/wp-content\/uploads\/2021\/05\/1-blackwhite-1.jpg' alt='1-blackwhite' \/><\/div><div class='q_team_text' ><div class='q_team_text_inner'><div class='q_team_title_holder'><h3 class='q_team_name' style = ''>Christian Vidal Beros<\/h3><span style = ''>Presidente<\/span><\/div><div class='separator small center' style = ''><\/div><\/div><\/div><div class='q_team_social_holder'><\/div><\/div><\/div><\/div>\n\n\t<a href=\"https:\/\/asociacionderechoymoda.com\/pt\/junta-directiva\/christian-vidal-beros\/\" target=\"_self\"  class=\"qode-btn qode-btn-medium qode-btn-solid qode-btn-icon qode-btn-icon-rotate\"  >\n\t    <span class=\"qode-btn-text\">CONOCEME<\/span><span class=\"qode-button-v2-icon-holder\"  ><i class=\"qode_icon_font_awesome fa fa-arrow-right qode-button-v2-icon-holder-inner\" ><\/i><\/span>\t<\/a>\n\n\t<div class=\"vc_empty_space\"  style=\"height: 10px\" ><span\n\t\t\tclass=\"vc_empty_space_inner\">\n\t\t\t<span class=\"empty_space_image\"  ><\/span>\n\t\t<\/span><\/div>\n\n<\/div><\/div><\/div><div class=\"wpb_column vc_column_container vc_col-sm-4\"><div class=\"vc_column-inner\"><div class=\"wpb_wrapper\"><div class='q_team info_description_below_image'><div class='q_team_inner'><div class='q_team_image'><div class='q_team_image_holder'><img itemprop='image' src='https:\/\/asociacionderechoymoda.com\/wp-content\/uploads\/2021\/05\/2.jpg' alt='2' \/><\/div><div class='q_team_text' ><div class='q_team_text_inner'><div class='q_team_title_holder'><h3 class='q_team_name' style = ''>Jimena Rodr\u00edguez<\/h3><span style = ''>Vicepresidenta<\/span><\/div><div class='separator small center' style = ''><\/div><\/div><\/div><div class='q_team_social_holder'><\/div><\/div><\/div><\/div>\n\n\t<a href=\"https:\/\/asociacionderechoymoda.com\/pt\/junta-directiva\/jimena-rodriguez\/\" target=\"_self\"  class=\"qode-btn qode-btn-medium qode-btn-solid qode-btn-icon qode-btn-icon-rotate\"  >\n\t    <span class=\"qode-btn-text\">CONOCEME<\/span><span class=\"qode-button-v2-icon-holder\"  ><i class=\"qode_icon_font_awesome fa fa-arrow-right qode-button-v2-icon-holder-inner\" ><\/i><\/span>\t<\/a>\n\n\t<div class=\"vc_empty_space\"  style=\"height: 10px\" ><span\n\t\t\tclass=\"vc_empty_space_inner\">\n\t\t\t<span class=\"empty_space_image\"  ><\/span>\n\t\t<\/span><\/div>\n\n<\/div><\/div><\/div><div class=\"wpb_column vc_column_container vc_col-sm-4\"><div class=\"vc_column-inner\"><div class=\"wpb_wrapper\"><div class='q_team info_description_below_image'><div class='q_team_inner'><div class='q_team_image'><div class='q_team_image_holder'><img itemprop='image' src='https:\/\/asociacionderechoymoda.com\/wp-content\/uploads\/2021\/05\/3-blackwhite.jpg' alt='3-blackwhite' \/><\/div><div class='q_team_text' ><div class='q_team_text_inner'><div class='q_team_title_holder'><h3 class='q_team_name' style = ''>Ariel Montoya Inostroza<\/h3><span style = ''>Director Ejecutivo<\/span><\/div><div class='separator small center' style = ''><\/div><\/div><\/div><div class='q_team_social_holder'><\/div><\/div><\/div><\/div>\n\n\t<a href=\"https:\/\/asociacionderechoymoda.com\/pt\/junta-directiva\/ariel-montoya-inostroza\/\" target=\"_self\"  class=\"qode-btn qode-btn-medium qode-btn-solid qode-btn-icon qode-btn-icon-rotate\"  >\n\t    <span class=\"qode-btn-text\">CONOCEME<\/span><span class=\"qode-button-v2-icon-holder\"  ><i class=\"qode_icon_font_awesome fa fa-arrow-right qode-button-v2-icon-holder-inner\" ><\/i><\/span>\t<\/a>\n\n\t<div class=\"vc_empty_space\"  style=\"height: 10px\" ><span\n\t\t\tclass=\"vc_empty_space_inner\">\n\t\t\t<span class=\"empty_space_image\"  ><\/span>\n\t\t<\/span><\/div>\n\n<\/div><\/div><\/div><\/div><\/div><\/div><\/div><\/div><\/div><\/div><\/div><\/div><div      class=\"vc_row wpb_row section vc_row-fluid\" style=' text-align:left;'><div class=\"full_section_inner clearfix\"><div class=\"element_from_left\"><div style='transition-delay:2ms; -webkit-animation-delay:2ms; animation-delay:2ms;'><div class=\"wpb_column vc_column_container vc_col-sm-6 vc_col-has-fill\"><div class=\"vc_column-inner vc_custom_1552477304517\"><div class=\"wpb_wrapper\"><div class=\"custom_font_holder\" style=\"font-family: Dosis; font-size: 40px; line-height: 26px; font-style: normal; font-weight: 300; text-decoration: none; text-align: center;\"><span style=\"vertical-align: inherit;\">Conoce nuestro equipo directivo<\/span><\/div>\t<div class=\"vc_empty_space\"  style=\"height: 30px\" ><span\n\t\t\tclass=\"vc_empty_space_inner\">\n\t\t\t<span class=\"empty_space_image\"  ><\/span>\n\t\t<\/span><\/div>\n\n<\/div><\/div><\/div><div class=\"wpb_column vc_column_container vc_col-sm-6 vc_col-has-fill\"><div class=\"vc_column-inner vc_custom_1552825417081\"><div class=\"wpb_wrapper\"><div class=\"custom_font_holder\" style=\"font-family: Dosis; font-size: 40px; line-height: 26px; font-style: normal; font-weight: 300; text-decoration: none; text-align: center;\"><span style=\"vertical-align: inherit;\">Consejo Consultivo<\/span><\/div>\t<div class=\"vc_empty_space\"  style=\"height: 30px\" ><span\n\t\t\tclass=\"vc_empty_space_inner\">\n\t\t\t<span class=\"empty_space_image\"  ><\/span>\n\t\t<\/span><\/div>\n\n<\/div><\/div><\/div><\/div><\/div><\/div><\/div><div      class=\"vc_row wpb_row section vc_row-fluid\" style=' text-align:left;'><div class=\"full_section_inner clearfix\"><div class=\"wpb_column vc_column_container vc_col-sm-12\"><div class=\"vc_column-inner\"><div class=\"wpb_wrapper\"><div      class=\"vc_row wpb_row section vc_row-fluid vc_inner\" style=' text-align:center;'><div class=\"full_section_inner clearfix\"><div class=\"wpb_column vc_column_container vc_col-sm-4\"><div class=\"vc_column-inner\"><div class=\"wpb_wrapper\"><div class='q_team info_description_below_image'><div class='q_team_inner'><div class='q_team_image'><div class='q_team_image_holder'><img itemprop='image' src='https:\/\/asociacionderechoymoda.com\/wp-content\/uploads\/2021\/05\/4-blackwhite.jpg' alt='4-blackwhite' \/><\/div><div class='q_team_text' ><div class='q_team_text_inner'><div class='q_team_title_holder'><h3 class='q_team_name' style = ''>Francisca Barrientos<\/h3><\/div><div class='separator small center' style = ''><\/div><\/div><\/div><div class='q_team_social_holder'><\/div><\/div><\/div><\/div>\n\n\t<a href=\"https:\/\/asociacionderechoymoda.com\/pt\/junta-directiva\/francisca-barrientos\/\" target=\"_self\"  class=\"qode-btn qode-btn-medium qode-btn-solid qode-btn-icon qode-btn-icon-rotate\"  >\n\t    <span class=\"qode-btn-text\">CONOCEME<\/span><span class=\"qode-button-v2-icon-holder\"  ><i class=\"qode_icon_font_awesome fa fa-arrow-right qode-button-v2-icon-holder-inner\" ><\/i><\/span>\t<\/a>\n\n\t<div class=\"vc_empty_space\"  style=\"height: 10px\" ><span\n\t\t\tclass=\"vc_empty_space_inner\">\n\t\t\t<span class=\"empty_space_image\"  ><\/span>\n\t\t<\/span><\/div>\n\n<\/div><\/div><\/div><div class=\"wpb_column vc_column_container vc_col-sm-4\"><div class=\"vc_column-inner\"><div class=\"wpb_wrapper\"><div class='q_team info_description_below_image'><div class='q_team_inner'><div class='q_team_image'><div class='q_team_image_holder'><img itemprop='image' src='https:\/\/asociacionderechoymoda.com\/wp-content\/uploads\/2021\/05\/5-2.png' alt='5' \/><\/div><div class='q_team_text' ><div class='q_team_text_inner'><div class='q_team_title_holder'><h3 class='q_team_name' style = ''>Mar\u00eda Jos\u00e9 Martabit<\/h3><\/div><div class='separator small center' style = ''><\/div><\/div><\/div><div class='q_team_social_holder'><\/div><\/div><\/div><\/div>\n\n\t<a href=\"https:\/\/asociacionderechoymoda.com\/pt\/junta-directiva\/maria-jose-martabit\/\" target=\"_self\"  class=\"qode-btn qode-btn-medium qode-btn-solid qode-btn-icon qode-btn-icon-rotate\"  >\n\t    <span class=\"qode-btn-text\">CONOCEME<\/span><span class=\"qode-button-v2-icon-holder\"  ><i class=\"qode_icon_font_awesome fa fa-arrow-right qode-button-v2-icon-holder-inner\" ><\/i><\/span>\t<\/a>\n\n\t<div class=\"vc_empty_space\"  style=\"height: 10px\" ><span\n\t\t\tclass=\"vc_empty_space_inner\">\n\t\t\t<span class=\"empty_space_image\"  ><\/span>\n\t\t<\/span><\/div>\n\n<\/div><\/div><\/div><div class=\"wpb_column vc_column_container vc_col-sm-4\"><div class=\"vc_column-inner\"><div class=\"wpb_wrapper\"><div class='q_team info_description_below_image'><div class='q_team_inner'><div class='q_team_image'><div class='q_team_image_holder'><img itemprop='image' src='https:\/\/asociacionderechoymoda.com\/wp-content\/uploads\/2021\/05\/6-blackwhite-1.jpg' alt='6-blackwhite' \/><\/div><div class='q_team_text' ><div class='q_team_text_inner'><div class='q_team_title_holder'><h3 class='q_team_name' style = ''>Gabriela Victoria Huarcaya Bode<\/h3><\/div><div class='separator small center' style = ''><\/div><\/div><\/div><div class='q_team_social_holder'><\/div><\/div><\/div><\/div>\n\n\t<a href=\"https:\/\/asociacionderechoymoda.com\/pt\/junta-directiva\/gabriela-victoria-huarcaya-bode\/\" target=\"_self\"  class=\"qode-btn qode-btn-medium qode-btn-solid qode-btn-icon qode-btn-icon-rotate\"  >\n\t    <span class=\"qode-btn-text\">CONOCEME<\/span><span class=\"qode-button-v2-icon-holder\"  ><i class=\"qode_icon_font_awesome fa fa-arrow-right qode-button-v2-icon-holder-inner\" ><\/i><\/span>\t<\/a>\n\n\t<div class=\"vc_empty_space\"  style=\"height: 10px\" ><span\n\t\t\tclass=\"vc_empty_space_inner\">\n\t\t\t<span class=\"empty_space_image\"  ><\/span>\n\t\t<\/span><\/div>\n\n<\/div><\/div><\/div><\/div><\/div>\t<div class=\"vc_empty_space\"  style=\"height: 30px\" ><span\n\t\t\tclass=\"vc_empty_space_inner\">\n\t\t\t<span class=\"empty_space_image\"  ><\/span>\n\t\t<\/span><\/div>\n\n<div      class=\"vc_row wpb_row section vc_row-fluid vc_inner\" style=' text-align:center;'><div class=\"full_section_inner clearfix\"><div class=\"wpb_column vc_column_container vc_col-sm-4\"><div class=\"vc_column-inner\"><div class=\"wpb_wrapper\"><div class='q_team info_description_below_image'><div class='q_team_inner'><div class='q_team_image'><div class='q_team_image_holder'><img itemprop='image' src='https:\/\/asociacionderechoymoda.com\/wp-content\/uploads\/2021\/05\/7-blackwhite.jpg' alt='7-blackwhite' \/><\/div><div class='q_team_text' ><div class='q_team_text_inner'><div class='q_team_title_holder'><h3 class='q_team_name' style = ''>Alejandra Medina<\/h3><\/div><div class='separator small center' style = ''><\/div><\/div><\/div><div class='q_team_social_holder'><\/div><\/div><\/div><\/div>\n\n\t<a href=\"https:\/\/asociacionderechoymoda.com\/pt\/junta-directiva\/alejandra-medina\/\" target=\"_self\"  class=\"qode-btn qode-btn-medium qode-btn-solid qode-btn-icon qode-btn-icon-rotate\"  >\n\t    <span class=\"qode-btn-text\">CONOCEME<\/span><span class=\"qode-button-v2-icon-holder\"  ><i class=\"qode_icon_font_awesome fa fa-arrow-right qode-button-v2-icon-holder-inner\" ><\/i><\/span>\t<\/a>\n\n\t<div class=\"vc_empty_space\"  style=\"height: 10px\" ><span\n\t\t\tclass=\"vc_empty_space_inner\">\n\t\t\t<span class=\"empty_space_image\"  ><\/span>\n\t\t<\/span><\/div>\n\n<\/div><\/div><\/div><div class=\"wpb_column vc_column_container vc_col-sm-4\"><div class=\"vc_column-inner\"><div class=\"wpb_wrapper\">\t<div class=\"vc_empty_space\"  style=\"height: 10px\" ><span\n\t\t\tclass=\"vc_empty_space_inner\">\n\t\t\t<span class=\"empty_space_image\"  ><\/span>\n\t\t<\/span><\/div>\n\n<\/div><\/div><\/div><div class=\"wpb_column vc_column_container vc_col-sm-4\"><div class=\"vc_column-inner\"><div class=\"wpb_wrapper\"><div class='q_team info_description_below_image'><div class='q_team_inner'><div class='q_team_image'><div class='q_team_image_holder'><img itemprop='image' src='https:\/\/asociacionderechoymoda.com\/wp-content\/uploads\/2021\/05\/8-blackwhite.jpg' alt='8-blackwhite' \/><\/div><div class='q_team_text' ><div class='q_team_text_inner'><div class='q_team_title_holder'><h3 class='q_team_name' style = ''>Eduardo Irribarra<\/h3><\/div><div class='separator small center' style = ''><\/div><\/div><\/div><div class='q_team_social_holder'><\/div><\/div><\/div><\/div>\n\n\t<a href=\"https:\/\/asociacionderechoymoda.com\/pt\/junta-directiva\/eduardo-irribarra\/\" target=\"_self\"  class=\"qode-btn qode-btn-medium qode-btn-solid qode-btn-icon qode-btn-icon-rotate\"  >\n\t    <span class=\"qode-btn-text\">CONOCEME<\/span><span class=\"qode-button-v2-icon-holder\"  ><i class=\"qode_icon_font_awesome fa fa-arrow-right qode-button-v2-icon-holder-inner\" ><\/i><\/span>\t<\/a>\n\n\t<div class=\"vc_empty_space\"  style=\"height: 10px\" ><span\n\t\t\tclass=\"vc_empty_space_inner\">\n\t\t\t<span class=\"empty_space_image\"  ><\/span>\n\t\t<\/span><\/div>\n\n<\/div><\/div><\/div><\/div><\/div>\t<div class=\"vc_empty_space\"  style=\"height: 30px\" ><span\n\t\t\tclass=\"vc_empty_space_inner\">\n\t\t\t<span class=\"empty_space_image\"  ><\/span>\n\t\t<\/span><\/div>\n\n<\/div><\/div><\/div><\/div><\/div><div      class=\"vc_row wpb_row section vc_row-fluid\" style='background-color:#f2f2f2; text-align:left;'><div class=\"full_section_inner clearfix\"><div class=\"wpb_column vc_column_container vc_col-sm-12\"><div class=\"vc_column-inner\"><div class=\"wpb_wrapper\"><div      class=\"vc_row wpb_row section vc_row-fluid vc_inner  grid_section\" style=' text-align:left;'><div class=\"section_inner clearfix\"><div class='section_inner_margin clearfix'><div class=\"element_from_right\"><div style='transition-delay:2ms; -webkit-animation-delay:2ms; animation-delay:2ms;'><div class=\"wpb_column vc_column_container vc_col-sm-12\"><div class=\"vc_column-inner\"><div class=\"wpb_wrapper\">\t<div class=\"vc_empty_space\"  style=\"height: 50px\" ><span\n\t\t\tclass=\"vc_empty_space_inner\">\n\t\t\t<span class=\"empty_space_image\"  ><\/span>\n\t\t<\/span><\/div>\n\n<div class='qode_carousels_holder clearfix'><div class='qode_carousels' data-number-of-visible-items='4'><ul class='slides'><li class='item'><div class=\"carousel_item_holder\"><a itemprop='url' href='#' target='_blank'><span class='first_image_holder'><img decoding=\"async\" itemprop=\"image\" src=\"https:\/\/asociacionderechoymoda.com\/wp-content\/uploads\/2019\/03\/fedecon.png\" alt=\"carousel image\" \/><\/span><\/a><\/div><\/li><li class='item'><div class=\"carousel_item_holder\"><a itemprop='url' href='#' target='_blank'><span class='first_image_holder'><img decoding=\"async\" itemprop=\"image\" src=\"https:\/\/asociacionderechoymoda.com\/wp-content\/uploads\/2019\/03\/aeg-1.png\" alt=\"carousel image\" \/><\/span><\/a><\/div><\/li><li class='item'><div class=\"carousel_item_holder\"><a itemprop='url' href='#' target='_blank'><span class='first_image_holder'><img decoding=\"async\" itemprop=\"image\" src=\"https:\/\/asociacionderechoymoda.com\/wp-content\/uploads\/2019\/03\/sfa.png\" alt=\"carousel image\" \/><\/span><\/a><\/div><\/li><li class='item'><div class=\"carousel_item_holder\"><a itemprop='url' href='#' target='_blank'><span class='first_image_holder'><img decoding=\"async\" itemprop=\"image\" src=\"https:\/\/asociacionderechoymoda.com\/wp-content\/uploads\/2019\/03\/asefma.png\" alt=\"carousel image\" \/><\/span><\/a><\/div><\/li><li class='item'><div class=\"carousel_item_holder\"><a itemprop='url' href='#' target='_blank'><span class='first_image_holder'><img decoding=\"async\" itemprop=\"image\" src=\"https:\/\/asociacionderechoymoda.com\/wp-content\/uploads\/2019\/03\/acme.png\" alt=\"carousel image\" \/><\/span><\/a><\/div><\/li><li class='item'><div class=\"carousel_item_holder\"><a itemprop='url' href='#' target='_blank'><span class='first_image_holder'><img decoding=\"async\" itemprop=\"image\" src=\"https:\/\/asociacionderechoymoda.com\/wp-content\/uploads\/2019\/03\/acotex.png\" alt=\"carousel image\" \/><\/span><\/a><\/div><\/li><li class='item'><div class=\"carousel_item_holder\"><a itemprop=\"url\" href=\"http:\/\/www.asirtex.org\/\" target=\"_blank\" rel=\"noopener\"><span class='first_image_holder'><img decoding=\"async\" itemprop=\"image\" src=\"https:\/\/asociacionderechoymoda.com\/wp-content\/uploads\/2019\/04\/ASIRTEX.png\" alt=\"carousel image\" \/><\/span><\/a><\/div><\/li><li class='item'><div class=\"carousel_item_holder\"><a itemprop='url' href='#' target='_blank'><span class='first_image_holder'><img decoding=\"async\" itemprop=\"image\" src=\"https:\/\/asociacionderechoymoda.com\/wp-content\/uploads\/2019\/03\/fama.png\" alt=\"carousel image\" \/><\/span><\/a><\/div><\/li><\/ul><\/div><\/div>\t<div class=\"vc_empty_space\"  style=\"height: 50px\" ><span\n\t\t\tclass=\"vc_empty_space_inner\">\n\t\t\t<span class=\"empty_space_image\"  ><\/span>\n\t\t<\/span><\/div>\n\n<\/div><\/div><\/div><\/div><\/div><\/div><\/div><\/div><\/div><\/div><\/div><\/div><\/div><div      class=\"vc_row wpb_row section vc_row-fluid\" style=' text-align:left;'><div class=\"full_section_inner clearfix\"><div class=\"wpb_column vc_column_container vc_col-sm-12\"><div class=\"vc_column-inner\"><div class=\"wpb_wrapper\"><\/div><\/div><\/div><\/div><\/div><section      data-speed=\"1\" class=\"parallax_section_holder\" style = \" height:px; background-image:url('https:\/\/asociacionderechoymoda.com\/wp-content\/uploads\/2019\/03\/LUXURY.jpg');\"><div class=\"parallax_content left\"><div class='parallax_section_inner_margin clearfix'><div class=\"wpb_column vc_column_container vc_col-sm-12\"><div class=\"vc_column-inner\"><div class=\"wpb_wrapper\"><div      class=\"vc_row wpb_row section vc_row-fluid vc_inner  grid_section\" style=' text-align:left;'><div class=\"section_inner clearfix\"><div class='section_inner_margin clearfix'><div class=\"element_from_bottom\"><div style='transition-delay:2ms; -webkit-animation-delay:2ms; animation-delay:2ms;'><div class=\"wpb_column vc_column_container vc_col-sm-12\"><div class=\"vc_column-inner\"><div class=\"wpb_wrapper\">\t<div class=\"vc_empty_space\"  style=\"height: 200px\" ><span\n\t\t\tclass=\"vc_empty_space_inner\">\n\t\t\t<span class=\"empty_space_image\"  ><\/span>\n\t\t<\/span><\/div>\n\n<div class=\"custom_font_holder\" style=\"font-family: Dosis; font-size: 70px; line-height: 26px; font-style: normal; font-weight: 800; color: #ffffff; text-decoration: none; text-shadow: 1px 1px 2px rgba(0, 0, 0, 0.4); text-align: center;\">ASOCIACI\u00d3N DERECHO Y MODA<\/div>\t<div class=\"vc_empty_space\"  style=\"height: 50px\" ><span\n\t\t\tclass=\"vc_empty_space_inner\">\n\t\t\t<span class=\"empty_space_image\"  ><\/span>\n\t\t<\/span><\/div>\n\n<div class=\"separator  normal\" style=\"background-color: #ffffff;\"><\/div>\n\t<div class=\"vc_empty_space\"  style=\"height: 50px\" ><span\n\t\t\tclass=\"vc_empty_space_inner\">\n\t\t\t<span class=\"empty_space_image\"  ><\/span>\n\t\t<\/span><\/div>\n\n<div class=\"custom_font_holder\" style=\"font-family: Dosis; font-size: 70px; line-height: 26px; font-style: normal; font-weight: 800; color: #ffffff; text-decoration: none; text-shadow: 1px 1px 2px rgba(0, 0, 0, 0.4); text-align: center;\">ASSOCIA\u00c7\u00c3O DIREITO DA MODA<\/div>\t<div class=\"vc_empty_space\"  style=\"height: 200px\" ><span\n\t\t\tclass=\"vc_empty_space_inner\">\n\t\t\t<span class=\"empty_space_image\"  ><\/span>\n\t\t<\/span><\/div>\n\n<\/div><\/div><\/div><\/div><\/div><\/div><\/div><\/div><\/div><\/div><\/div><\/div><\/div><\/section>","protected":false},"excerpt":{"rendered":"","protected":false},"author":4,"featured_media":0,"parent":0,"menu_order":0,"comment_status":"closed","ping_status":"closed","template":"full_width.php","meta":{"_mc_calendar":[],"footnotes":""},"class_list":["post-17054","page","type-page","status-publish","hentry"],"_links":{"self":[{"href":"https:\/\/asociacionderechoymoda.com\/pt\/wp-json\/wp\/v2\/pages\/17054","targetHints":{"allow":["GET"]}}],"collection":[{"href":"https:\/\/asociacionderechoymoda.com\/pt\/wp-json\/wp\/v2\/pages"}],"about":[{"href":"https:\/\/asociacionderechoymoda.com\/pt\/wp-json\/wp\/v2\/types\/page"}],"author":[{"embeddable":true,"href":"https:\/\/asociacionderechoymoda.com\/pt\/wp-json\/wp\/v2\/users\/4"}],"replies":[{"embeddable":true,"href":"https:\/\/asociacionderechoymoda.com\/pt\/wp-json\/wp\/v2\/comments?post=17054"}],"version-history":[{"count":38,"href":"https:\/\/asociacionderechoymoda.com\/pt\/wp-json\/wp\/v2\/pages\/17054\/revisions"}],"predecessor-version":[{"id":17549,"href":"https:\/\/asociacionderechoymoda.com\/pt\/wp-json\/wp\/v2\/pages\/17054\/revisions\/17549"}],"wp:attachment":[{"href":"https:\/\/asociacionderechoymoda.com\/pt\/wp-json\/wp\/v2\/media?parent=17054"}],"curies":[{"name":"wp","href":"https:\/\/api.w.org\/{rel}","templated":true}]}}