{"id":17224,"date":"2021-10-12T21:36:03","date_gmt":"2021-10-12T21:36:03","guid":{"rendered":"https:\/\/asociacionderechoymoda.com\/?page_id=17224"},"modified":"2021-10-13T21:30:54","modified_gmt":"2021-10-13T21:30:54","slug":"informacion-practica-comision-de-franquicia","status":"publish","type":"page","link":"https:\/\/asociacionderechoymoda.com\/pt\/informacion-practica-comision-de-franquicia\/","title":{"rendered":"Informaci\u00f3n practica comisi\u00f3n de franquicia"},"content":{"rendered":"<div      class=\"vc_row wpb_row section vc_row-fluid\" style=' text-align:left;'><div class=\"full_section_inner clearfix\"><div class=\"element_from_left\"><div style='transition-delay:2ms; -webkit-animation-delay:2ms; animation-delay:2ms;'><div class=\"wpb_column vc_column_container vc_col-sm-6 vc_col-has-fill\"><div class=\"vc_column-inner vc_custom_1552477304517\"><div class=\"wpb_wrapper\">\t<div class=\"vc_empty_space\"  style=\"height: 30px\" ><span\n\t\t\tclass=\"vc_empty_space_inner\">\n\t\t\t<span class=\"empty_space_image\"  ><\/span>\n\t\t<\/span><\/div>\n\n<\/div><\/div><\/div><div class=\"wpb_column vc_column_container vc_col-sm-6\"><div class=\"vc_column-inner\"><div class=\"wpb_wrapper\"><\/div><\/div><\/div><\/div><\/div><\/div><\/div><div      class=\"vc_row wpb_row section vc_row-fluid\" style=' text-align:left;'><div class=\"full_section_inner clearfix\"><div class=\"element_from_left\"><div style='transition-delay:2ms; -webkit-animation-delay:2ms; animation-delay:2ms;'><div class=\"wpb_column vc_column_container vc_col-sm-4 vc_col-has-fill\"><div class=\"vc_column-inner vc_custom_1552477403237\"><div class=\"wpb_wrapper\">\t<div class=\"vc_empty_space\"  style=\"height: 30px\" ><span\n\t\t\tclass=\"vc_empty_space_inner\">\n\t\t\t<span class=\"empty_space_image\"  ><\/span>\n\t\t<\/span><\/div>\n\n<\/div><\/div><\/div><div class=\"wpb_column vc_column_container vc_col-sm-4\"><div class=\"vc_column-inner\"><div class=\"wpb_wrapper\"><\/div><\/div><\/div><div class=\"wpb_column vc_column_container vc_col-sm-4\"><div class=\"vc_column-inner\"><div class=\"wpb_wrapper\"><\/div><\/div><\/div><\/div><\/div><\/div><\/div><div      class=\"vc_row wpb_row section vc_row-fluid\" style=' text-align:left;'><div class=\"full_section_inner clearfix\"><div class=\"wpb_column vc_column_container vc_col-sm-12\"><div class=\"vc_column-inner\"><div class=\"wpb_wrapper\">\t<div class=\"vc_empty_space\"  style=\"height: 30px\" ><span\n\t\t\tclass=\"vc_empty_space_inner\">\n\t\t\t<span class=\"empty_space_image\"  ><\/span>\n\t\t<\/span><\/div>\n\n<div      class=\"vc_row wpb_row section vc_row-fluid vc_inner  grid_section\" style=' text-align:left;'><div class=\"section_inner clearfix\"><div class='section_inner_margin clearfix'><div class=\"element_from_left\"><div style='transition-delay:2ms; -webkit-animation-delay:2ms; animation-delay:2ms;'><div class=\"wpb_column vc_column_container vc_col-sm-12\"><div class=\"vc_column-inner\"><div class=\"wpb_wrapper\">\n\t<div class=\"wpb_text_column wpb_content_element\">\n\t\t<div class=\"wpb_wrapper\">\n\t\t\t<h2>Informaci\u00f3n Practica<\/h2>\n\n\t\t<\/div> \n\t<\/div> <\/div><\/div><\/div><\/div><\/div><\/div><\/div><\/div><div      class=\"vc_row wpb_row section vc_row-fluid vc_inner  grid_section\" style=' text-align:left;'><div class=\"section_inner clearfix\"><div class='section_inner_margin clearfix'><div class=\"element_from_left\"><div style='transition-delay:2ms; -webkit-animation-delay:2ms; animation-delay:2ms;'><div class=\"wpb_column vc_column_container vc_col-sm-12\"><div class=\"vc_column-inner\"><div class=\"wpb_wrapper\">\t<div class=\"vc_empty_space\"  style=\"height: 20px\" ><span\n\t\t\tclass=\"vc_empty_space_inner\">\n\t\t\t<span class=\"empty_space_image\"  ><\/span>\n\t\t<\/span><\/div>\n\n\n\t<div class=\"wpb_text_column wpb_content_element\">\n\t\t<div class=\"wpb_wrapper\">\n\t\t\t<p style=\"text-align: justify;\">En Espa\u00f1a actualmente la franquicia se regula en el art\u00edculo 62 de la <strong>Ley de Ordenaci\u00f3n del Comercio Minorista, art\u00edculo 62 de la Ley 7\/1996, de 15 de enero, de Ordenaci\u00f3n del Comercio Minorista<\/strong> defini\u00e9ndose como aquel \u201c<em>acuerdo o contrato por el que una empresa denominada franquiciadora, cede a otra, denominada franquiciada, el derecho a la explotaci\u00f3n de un sistema propio de comercializaci\u00f3n de productos o servicios\u201d.<\/em><\/p>\n<p style=\"text-align: justify;\">A su vez, el <strong>Real Decreto 201\/2010, de 26 de febrero, por el que se regula el ejercicio de la actividad comercial en r\u00e9gimen de franquicia y la comunicaci\u00f3n de datos al registro de franquiciadores <\/strong>define a la franquicia en la forma siguiente:<\/p>\n<p style=\"text-align: justify;\"><strong><em>\u201cArt\u00edculo 2. Actividad comercial en r\u00e9gimen de franquicia.<\/em><\/strong><\/p>\n<ol style=\"text-align: justify;\">\n<li><em> A los efectos del presente real decreto, se entender\u00e1 por actividad comercial en r\u00e9gimen de franquicia, regulada en el art\u00edculo 62 de la Ley 7\/1996, de 15 de enero, de Ordenaci\u00f3n del Comercio Minorista, aquella que se realiza en virtud del contrato por el cual una empresa, el franquiciador, cede a otra, el franquiciado, en un mercado determinado, a cambio de una contraprestaci\u00f3n financiera directa, indirecta o ambas, el derecho a la explotaci\u00f3n de una franquicia, sobre un negocio o actividad mercantil que el primero venga desarrollando anteriormente con suficiente experiencia y \u00e9xito, para comercializar determinados tipos de productos o servicios y que comprende, por lo menos:<\/em><\/li>\n<li><em>a) El uso de una denominaci\u00f3n o r\u00f3tulo com\u00fan u otros derechos de propiedad intelectual o industrial y una presentaci\u00f3n uniforme de los locales o medios de transporte objeto del contrato.<\/em><\/li>\n<li><em>b) La comunicaci\u00f3n por el franquiciador al franquiciado de unos conocimientos t\u00e9cnicos o un saber hacer, que deber\u00e1 ser propio, sustancial y singular, y<\/em><\/li>\n<li><em>c) La prestaci\u00f3n contin\u00faa por el franquiciador al franquiciado de una asistencia comercial, t\u00e9cnica o ambas durante la vigencia del acuerdo; todo ello sin perjuicio de las facultades de supervisi\u00f3n que puedan establecerse contractualmente.<\/em><\/li>\n<\/ol>\n<p style=\"text-align: justify;\">Este Real Decreto incluye la regulaci\u00f3n espa\u00f1ola sobre la INFORMACION PRECONTRACTUAL AL POTENCIAL FRANQUICIADO, de extraordinaria importancia \u00a0para la adecuada implantaci\u00f3n y desarrollo del sistema de franquicia:<\/p>\n<p style=\"text-align: justify;\"><strong><em>Art\u00edculo 3. Informaci\u00f3n precontractual al potencial franquiciado.<\/em><\/strong><\/p>\n<p style=\"text-align: justify;\"><em>Con una antelaci\u00f3n m\u00ednima de veinte d\u00edas h\u00e1biles a la firma del contrato o precontrato de franquicia o a la entrega por parte del futuro franquiciado al franquiciador de cualquier pago, el franquiciador o franquiciado principal deber\u00e1 dar por escrito al potencial franquiciado la siguiente informaci\u00f3n veraz y no enga\u00f1osa:<\/em><\/p>\n<ol style=\"text-align: justify;\">\n<li><em>a) Datos de identificaci\u00f3n del franquiciador: nombre o raz\u00f3n social, domicilio y datos de inscripci\u00f3n en el registro de franquiciadores, as\u00ed como, cuando se trate de una compa\u00f1\u00eda mercantil, capital social recogido en el \u00faltimo balance, con expresi\u00f3n de si se halla totalmente desembolsado o en qu\u00e9 proporci\u00f3n y datos de inscripci\u00f3n en el Registro Mercantil, cuando proceda.<\/em><\/li>\n<\/ol>\n<p style=\"text-align: justify;\"><em>Cuando se trate de franquiciadores extranjeros, adem\u00e1s, los datos de inscripci\u00f3n en los registros de franquiciadores a que vengan obligados, de acuerdo con las leyes de su pa\u00eds o Estado de origen. De tratarse de franquiciado principal se incluir\u00e1n, adem\u00e1s, las circunstancias anteriores respecto de su propio franquiciador.<\/em><\/p>\n<ol style=\"text-align: justify;\">\n<li><em>b) Acreditaci\u00f3n de tener concedido para Espa\u00f1a, y en vigor, el t\u00edtulo de propiedad o licencia de uso de la marca y signos distintivos de la entidad franquiciadora, y de los eventuales recursos judiciales interpuestos que puedan afectar a la titularidad o al uso de la marca, si los hubiere, con expresi\u00f3n, en todo caso, de la duraci\u00f3n de la licencia.<\/em><\/li>\n<li><em>c) Descripci\u00f3n general del sector de actividad objeto del negocio de franquicia, que abarcar\u00e1 los datos m\u00e1s importantes de aqu\u00e9l.<\/em><\/li>\n<li><em>d) Experiencia de la empresa franquiciadora, que incluir\u00e1, entre otros datos, la fecha de creaci\u00f3n de la empresa, las principales etapas de su evoluci\u00f3n y el desarrollo de la red franquiciada.<\/em><\/li>\n<li><em>e) Contenido y caracter\u00edsticas de la franquicia y de su explotaci\u00f3n, que comprender\u00e1 una explicaci\u00f3n general del sistema del negocio objeto de la franquicia, las caracter\u00edsticas del saber hacer y de la asistencia comercial o t\u00e9cnica permanente que el franquiciador suministrar\u00e1 a sus franquiciados, as\u00ed como una estimaci\u00f3n de las inversiones y gastos necesarios para la puesta en marcha de un negocio tipo. En el caso de que el franquiciador haga entrega al potencial franquiciado individual de previsiones de cifras de ventas o resultados de explotaci\u00f3n del negocio, \u00e9stas deber\u00e1n estar basadas en experiencias o estudios, que est\u00e9n suficientemente fundamentados.<\/em><\/li>\n<li><em>f) Estructura y extensi\u00f3n de la red en Espa\u00f1a, que incluir\u00e1 la forma de organizaci\u00f3n de la red de franquicia y el n\u00famero de establecimientos implantados en Espa\u00f1a, distinguiendo los explotados directamente por el franquiciador de los que operen bajo el r\u00e9gimen de cesi\u00f3n de franquicia, con indicaci\u00f3n de la poblaci\u00f3n en que se encuentren ubicados y el n\u00famero de franquiciados que hayan dejado de pertenecer a la red en Espa\u00f1a en los dos \u00faltimos a\u00f1os, con expresi\u00f3n de si el cese se produjo por expiraci\u00f3n del t\u00e9rmino contractual o por otras causas de extinci\u00f3n.<\/em><\/li>\n<li><em>g) Elementos esenciales del acuerdo de franquicia, que recoger\u00e1 los derechos y obligaciones de las respectivas partes, duraci\u00f3n del contrato, condiciones de resoluci\u00f3n y, en su caso, de renovaci\u00f3n del mismo, contraprestaciones econ\u00f3micas, pactos de exclusivas, y limitaciones a la libre disponibilidad del franquiciado del negocio objeto de franquicia.<\/em><\/li>\n<\/ol>\n<p style=\"text-align: justify;\">Por \u00faltimo, el <strong>C\u00f3digo Deontol\u00f3gico Europeo de la Franquicia<\/strong>, cuya \u00faltima revisi\u00f3n es del 6 de diciembre de 2016, carece de rango normativo y por tanto de car\u00e1cter vinculante pero es la norma deontol\u00f3gica de auto regulaci\u00f3n m\u00e1s importante en el \u00e1mbito europeo de la franquicia, homologadas por las Asociaciones Miembros de la Federaci\u00f3n Europea de la Franquicia, define a esta \u00faltima como :<\/p>\n<ol style=\"text-align: justify;\">\n<li><strong><em> DEFINICI\u00d3N DE LA FRANQUICIA<\/em><\/strong><\/li>\n<\/ol>\n<p style=\"text-align: justify;\"><em>La franquicia es un sistema de comercializaci\u00f3n de bienes y\/o servicios y\/o tecnolog\u00eda, que se basa en una colaboraci\u00f3n estrecha y continua entre empresas financieramente separadas e independientes -el franquiciador y sus franquiciados-, mediante el cual el franquiciador concede al franquiciado el derecho, pero tambi\u00e9n le impone la obligaci\u00f3n, de llevar a cabo un negocio conforme al concepto del franquiciador.<\/em><\/p>\n<p style=\"text-align: justify;\"><em>Este derecho faculta y obliga al franquiciado -a cambio de una contraprestaci\u00f3n financiera directa o indirecta-, a utilizar el nombre comercial del franquiciador, y\/o la marca registrada y\/o marca de servicio, el know-how, los m\u00e9todos t\u00e9cnicos y de negocio, el procedimiento y otros derechos de propiedad industrial y\/o intelectual; sobre la base de una prestaci\u00f3n continua de asistencia comercial y t\u00e9cnica, dentro del marco del contrato de franquicia (escrito) celebrado entre las partes para este fin.<\/em><\/p>\n<p style=\"text-align: justify;\">En este C\u00f3digo Deontol\u00f3gico se establecen los PRINCIPIOS RECTORES de la Franquicia, que se rese\u00f1an por su importancia y dado que desde la Comisi\u00f3n de Franquicias de AEDM se suscriben \u00edntegramente los mismos, como compendio de las claves del sistema:<\/p>\n<p style=\"text-align: justify;\">2.1 El Franquiciador es el iniciador de una red de franquicias, integrado por s\u00ed mismo y sus franquiciados; y vela por sus intereses a largo plazo.<\/p>\n<p style=\"text-align: justify;\">2.2 Los compromisos del Franquiciador: El Franquiciador<\/p>\n<ol style=\"text-align: justify;\">\n<li>deber\u00e1 haber creado y explotado un concepto de negocio con \u00e9xito en el mercado de referencia, durante al menos un a\u00f1o y en al menos una unidad piloto antes de iniciar su red de franquicias en ese mercado;<\/li>\n<li>deber\u00e1 ser el propietario del nombre comercial de su red, de su marca u otra identificaci\u00f3n distintiva, u ostentador de derechos legales vigentes respecto del uso;<\/li>\n<\/ol>\n<ul style=\"text-align: justify;\">\n<li>deber\u00e1 considerar a sus franquiciados como empresarios independientes y no subordinarlos, directa o indirectamente, como empleados;<\/li>\n<\/ul>\n<ol style=\"text-align: justify;\">\n<li>deber\u00e1 proporcionar al franquiciado la formaci\u00f3n inicial y asistencia comercial y\/o t\u00e9cnica continua durante toda la vigencia del contrato;<\/li>\n<li>deber\u00e1 garantizar el derecho a utilizar el know-how transferido y\/o puesto a disposici\u00f3n del franquiciado, cuya responsabilidad de mantenimiento y desarrollo incumbe al Franquiciador;<\/li>\n<li>deber\u00e1 transferir al franquiciado y\/o poner a su disposici\u00f3n el know-how a trav\u00e9s de medios de informaci\u00f3n y formaci\u00f3n adecuados. El franquiciador es responsable de controlar el buen uso de ese conocimiento;<\/li>\n<\/ol>\n<ul style=\"text-align: justify;\">\n<li>deber\u00e1 fomentar el feedback de sus franquiciados con el fin de mantener y desarrollar el know-how transferido y\/o puesto a su disposici\u00f3n;<\/li>\n<li>deber\u00e1, en las fases pre-contractual, contractual y post-contractual de su relaci\u00f3n con los franquiciados, utilizar todos los medios razonables para evitar el uso indebido o, en particular, la transmisi\u00f3n de conocimientos a redes de la competencia a fin de evitar perjuicios a los intereses de la red;<\/li>\n<\/ul>\n<ol style=\"text-align: justify;\">\n<li>deber\u00e1 invertir, en su caso, los medios financieros y humanos necesarios para promover su marca y para participar en la investigaci\u00f3n y la innovaci\u00f3n que aseguren el desarrollo a largo plazo y la continuidad de su concepto;<\/li>\n<li>deber\u00e1 informar a los potenciales (y actuales) franquiciados sobre su pol\u00edtica de comunicaci\u00f3n por Internet y\/o de ventas.<\/li>\n<li>intentar\u00e1 salvaguardar los intereses de la red en el desarrollo de sus pol\u00edticas comerciales y\/o de ventas por internet.<\/li>\n<\/ol>\n<p style=\"text-align: justify;\">2.3 Los compromisos del Franquiciado:<\/p>\n<p style=\"text-align: justify;\">El Franquiciado:<\/p>\n<ol style=\"text-align: justify;\">\n<li>tendr\u00e1 la obligaci\u00f3n de colaborar lealmente con el Franquiciador con el objetivo de garantizar el \u00e9xito de la red de la cual forma parte como empresario informado y totalmente independiente;<\/li>\n<li>deber\u00e1 dedicar sus mejores esfuerzos con el fin de garantizar el crecimiento del negocio objeto de franquicia y para asegurar el mantenimiento de la identidad com\u00fan y la reputaci\u00f3n de la red de franquicias;<\/li>\n<\/ol>\n<ul style=\"text-align: justify;\">\n<li>ser\u00e1 responsable de los medios humanos y financieros que se dedican a su negocio objeto de franquicia y, como empresario independiente, es responsable frente a terceros por sus actos en el marco de la franquicia;<\/li>\n<\/ul>\n<ol style=\"text-align: justify;\">\n<li>deber\u00e1 actuar con lealtad con respecto a cada uno de los otros franquiciados de la red, as\u00ed como con respecto a la propia red;<\/li>\n<li>deber\u00e1 proporcionar al franquiciador los datos operativos verificables para la determinaci\u00f3n del rendimiento, as\u00ed como los estados financieros; necesarios a efectos de una gesti\u00f3n eficaz de la red;<\/li>\n<li>deber\u00e1 permitir al franquiciador asegurarse de que la calidad y la imagen del concepto se mantienen correctamente en los productos y servicios prestados al consumidor por parte del concesionario;<\/li>\n<\/ol>\n<ul style=\"text-align: justify;\">\n<li>deber\u00e1 reconocer sus responsabilidades como empresario totalmente independiente con respecto al consumidor;<\/li>\n<li>deber\u00e1 no revelar a terceros los conocimientos t\u00e9cnicos y otra informaci\u00f3n de la operaci\u00f3n de franquicia proporcionada por el franquiciador, ni durante ni despu\u00e9s del fin del contrato.<\/li>\n<\/ul>\n<p style=\"text-align: justify;\">2.4 Los compromisos asumidos por ambas partes:<\/p>\n<ol style=\"text-align: justify;\">\n<li>procurar\u00e1n salvaguardar la imagen y reputaci\u00f3n de la red en el marco del funcionamiento de sus respectivos negocios;<\/li>\n<li>la equidad debe ser un elemento clave en sus relaciones. El franquiciador deber\u00e1 dar aviso por escrito a sus franquiciados individuales de cualquier incumplimiento contractual y, en su caso, conceder tiempo razonable para remediarlo (salvo cuando no sea necesario);<\/li>\n<\/ol>\n<ul style=\"text-align: justify;\">\n<li>deber\u00e1n respetar la confidencialidad de la informaci\u00f3n respecto del concepto de franquicia proporcionada por una parte a la otra;<\/li>\n<\/ul>\n<ol>\n<li style=\"text-align: justify;\">deber\u00e1n resolver las quejas, reclamaciones y controversias de buena fe mediante la comunicaci\u00f3n y la negociaci\u00f3n, llevadas a cabo de forma directa justa y razonable;<\/li>\n<li style=\"text-align: justify;\">deber\u00e1n, en su caso y cuando las partes no hayan logrado resolver una controversia a trav\u00e9s de las mentadas negociaciones directas, buscar solventar el litigio, de buena fe, v\u00eda mediaci\u00f3n y\/o arbitraje; organizados o aprobados ambos por una Asociaci\u00f3n Miembro de la FEDERACI\u00d3N EUROPEA DE LA FRANQUICIA (FEF);<\/li>\n<\/ol>\n\n\t\t<\/div> \n\t<\/div> \t<div class=\"vc_empty_space\"  style=\"height: 50px\" ><span\n\t\t\tclass=\"vc_empty_space_inner\">\n\t\t\t<span class=\"empty_space_image\"  ><\/span>\n\t\t<\/span><\/div>\n\n<\/div><\/div><\/div><\/div><\/div><\/div><\/div><\/div><\/div><\/div><\/div><\/div><\/div><div      class=\"vc_row wpb_row section vc_row-fluid\" style='background-color:#f2f2f2; text-align:left;'><div class=\"full_section_inner clearfix\"><div class=\"wpb_column vc_column_container vc_col-sm-12\"><div class=\"vc_column-inner\"><div class=\"wpb_wrapper\"><div      class=\"vc_row wpb_row section vc_row-fluid vc_inner  grid_section\" style=' text-align:left;'><div class=\"section_inner clearfix\"><div class='section_inner_margin clearfix'><div class=\"element_from_right\"><div style='transition-delay:2ms; -webkit-animation-delay:2ms; animation-delay:2ms;'><div class=\"wpb_column vc_column_container vc_col-sm-12\"><div class=\"vc_column-inner\"><div class=\"wpb_wrapper\">\t<div class=\"vc_empty_space\"  style=\"height: 50px\" ><span\n\t\t\tclass=\"vc_empty_space_inner\">\n\t\t\t<span class=\"empty_space_image\"  ><\/span>\n\t\t<\/span><\/div>\n\n<div class='qode_carousels_holder clearfix'><div class='qode_carousels' data-number-of-visible-items='4'><ul class='slides'><li class='item'><div class=\"carousel_item_holder\"><a itemprop='url' href='#' target='_blank'><span class='first_image_holder'><img decoding=\"async\" itemprop=\"image\" src=\"https:\/\/asociacionderechoymoda.com\/wp-content\/uploads\/2019\/03\/fedecon.png\" alt=\"carousel image\" \/><\/span><\/a><\/div><\/li><li class='item'><div class=\"carousel_item_holder\"><a itemprop='url' href='#' target='_blank'><span class='first_image_holder'><img decoding=\"async\" itemprop=\"image\" src=\"https:\/\/asociacionderechoymoda.com\/wp-content\/uploads\/2019\/03\/aeg-1.png\" alt=\"carousel image\" \/><\/span><\/a><\/div><\/li><li class='item'><div class=\"carousel_item_holder\"><a itemprop='url' href='#' target='_blank'><span class='first_image_holder'><img decoding=\"async\" itemprop=\"image\" src=\"https:\/\/asociacionderechoymoda.com\/wp-content\/uploads\/2019\/03\/sfa.png\" alt=\"carousel image\" \/><\/span><\/a><\/div><\/li><li class='item'><div class=\"carousel_item_holder\"><a itemprop='url' href='#' target='_blank'><span class='first_image_holder'><img decoding=\"async\" itemprop=\"image\" src=\"https:\/\/asociacionderechoymoda.com\/wp-content\/uploads\/2019\/03\/asefma.png\" alt=\"carousel image\" \/><\/span><\/a><\/div><\/li><li class='item'><div class=\"carousel_item_holder\"><a itemprop='url' href='#' target='_blank'><span class='first_image_holder'><img decoding=\"async\" itemprop=\"image\" src=\"https:\/\/asociacionderechoymoda.com\/wp-content\/uploads\/2019\/03\/acme.png\" alt=\"carousel image\" \/><\/span><\/a><\/div><\/li><li class='item'><div class=\"carousel_item_holder\"><a itemprop='url' href='#' target='_blank'><span class='first_image_holder'><img decoding=\"async\" itemprop=\"image\" src=\"https:\/\/asociacionderechoymoda.com\/wp-content\/uploads\/2019\/03\/acotex.png\" alt=\"carousel image\" \/><\/span><\/a><\/div><\/li><li class='item'><div class=\"carousel_item_holder\"><a itemprop=\"url\" href=\"http:\/\/www.asirtex.org\/\" target=\"_blank\" rel=\"noopener\"><span class='first_image_holder'><img decoding=\"async\" itemprop=\"image\" src=\"https:\/\/asociacionderechoymoda.com\/wp-content\/uploads\/2019\/04\/ASIRTEX.png\" alt=\"carousel image\" \/><\/span><\/a><\/div><\/li><li class='item'><div class=\"carousel_item_holder\"><a itemprop='url' href='#' target='_blank'><span class='first_image_holder'><img decoding=\"async\" itemprop=\"image\" src=\"https:\/\/asociacionderechoymoda.com\/wp-content\/uploads\/2019\/03\/fama.png\" alt=\"carousel image\" \/><\/span><\/a><\/div><\/li><\/ul><\/div><\/div>\t<div class=\"vc_empty_space\"  style=\"height: 50px\" ><span\n\t\t\tclass=\"vc_empty_space_inner\">\n\t\t\t<span class=\"empty_space_image\"  ><\/span>\n\t\t<\/span><\/div>\n\n<\/div><\/div><\/div><\/div><\/div><\/div><\/div><\/div><\/div><\/div><\/div><\/div><\/div><div      class=\"vc_row wpb_row section vc_row-fluid\" style=' text-align:left;'><div class=\"full_section_inner clearfix\"><div class=\"wpb_column vc_column_container vc_col-sm-12\"><div class=\"vc_column-inner\"><div class=\"wpb_wrapper\"><\/div><\/div><\/div><\/div><\/div><section      data-speed=\"1\" class=\"parallax_section_holder\" style = \" height:px; background-image:url('https:\/\/asociacionderechoymoda.com\/wp-content\/uploads\/2019\/03\/LUXURY.jpg');\"><div class=\"parallax_content left\"><div class='parallax_section_inner_margin clearfix'><div class=\"wpb_column vc_column_container vc_col-sm-12\"><div class=\"vc_column-inner\"><div class=\"wpb_wrapper\"><div      class=\"vc_row wpb_row section vc_row-fluid vc_inner  grid_section\" style=' text-align:left;'><div class=\"section_inner clearfix\"><div class='section_inner_margin clearfix'><div class=\"element_from_bottom\"><div style='transition-delay:2ms; -webkit-animation-delay:2ms; animation-delay:2ms;'><div class=\"wpb_column vc_column_container vc_col-sm-12\"><div class=\"vc_column-inner\"><div class=\"wpb_wrapper\">\t<div class=\"vc_empty_space\"  style=\"height: 200px\" ><span\n\t\t\tclass=\"vc_empty_space_inner\">\n\t\t\t<span class=\"empty_space_image\"  ><\/span>\n\t\t<\/span><\/div>\n\n<div class=\"custom_font_holder\" style=\"font-family: Dosis; font-size: 70px; line-height: 26px; font-style: normal; font-weight: 800; color: #ffffff; text-decoration: none; text-shadow: 1px 1px 2px rgba(0, 0, 0, 0.4); text-align: center;\">ASOCIACI\u00d3N DERECHO Y MODA<\/div>\t<div class=\"vc_empty_space\"  style=\"height: 50px\" ><span\n\t\t\tclass=\"vc_empty_space_inner\">\n\t\t\t<span class=\"empty_space_image\"  ><\/span>\n\t\t<\/span><\/div>\n\n<div class=\"separator  normal\" style=\"background-color: #ffffff;\"><\/div>\n\t<div class=\"vc_empty_space\"  style=\"height: 50px\" ><span\n\t\t\tclass=\"vc_empty_space_inner\">\n\t\t\t<span class=\"empty_space_image\"  ><\/span>\n\t\t<\/span><\/div>\n\n<div class=\"custom_font_holder\" style=\"font-family: Dosis; font-size: 70px; line-height: 26px; font-style: normal; font-weight: 800; color: #ffffff; text-decoration: none; text-shadow: 1px 1px 2px rgba(0, 0, 0, 0.4); text-align: center;\">ASSOCIA\u00c7\u00c3O DIREITO DA MODA<\/div>\t<div class=\"vc_empty_space\"  style=\"height: 200px\" ><span\n\t\t\tclass=\"vc_empty_space_inner\">\n\t\t\t<span class=\"empty_space_image\"  ><\/span>\n\t\t<\/span><\/div>\n\n<\/div><\/div><\/div><\/div><\/div><\/div><\/div><\/div><\/div><\/div><\/div><\/div><\/div><\/section>","protected":false},"excerpt":{"rendered":"","protected":false},"author":4,"featured_media":0,"parent":0,"menu_order":0,"comment_status":"closed","ping_status":"closed","template":"full_width.php","meta":{"_mc_calendar":[],"footnotes":""},"class_list":["post-17224","page","type-page","status-publish","hentry"],"_links":{"self":[{"href":"https:\/\/asociacionderechoymoda.com\/pt\/wp-json\/wp\/v2\/pages\/17224","targetHints":{"allow":["GET"]}}],"collection":[{"href":"https:\/\/asociacionderechoymoda.com\/pt\/wp-json\/wp\/v2\/pages"}],"about":[{"href":"https:\/\/asociacionderechoymoda.com\/pt\/wp-json\/wp\/v2\/types\/page"}],"author":[{"embeddable":true,"href":"https:\/\/asociacionderechoymoda.com\/pt\/wp-json\/wp\/v2\/users\/4"}],"replies":[{"embeddable":true,"href":"https:\/\/asociacionderechoymoda.com\/pt\/wp-json\/wp\/v2\/comments?post=17224"}],"version-history":[{"count":2,"href":"https:\/\/asociacionderechoymoda.com\/pt\/wp-json\/wp\/v2\/pages\/17224\/revisions"}],"predecessor-version":[{"id":17266,"href":"https:\/\/asociacionderechoymoda.com\/pt\/wp-json\/wp\/v2\/pages\/17224\/revisions\/17266"}],"wp:attachment":[{"href":"https:\/\/asociacionderechoymoda.com\/pt\/wp-json\/wp\/v2\/media?parent=17224"}],"curies":[{"name":"wp","href":"https:\/\/api.w.org\/{rel}","templated":true}]}}